{"id":337,"date":"2011-06-16T06:11:28","date_gmt":"2011-06-16T04:11:28","guid":{"rendered":"http:\/\/amandine.quiriconi.fr\/?page_id=337"},"modified":"2011-06-16T06:11:28","modified_gmt":"2011-06-16T04:11:28","slug":"3%c2%b0-le-panama","status":"publish","type":"page","link":"http:\/\/amandine.quiriconi.fr\/?page_id=337","title":{"rendered":"3\u00b0 Le Panama"},"content":{"rendered":"<p><a href=\"http:\/\/amandine.quiriconi.fr\/wp-content\/uploads\/2011\/06\/18.jpg\"><img loading=\"lazy\" decoding=\"async\" class=\"aligncenter size-full wp-image-338\" title=\"18\" src=\"http:\/\/amandine.quiriconi.fr\/wp-content\/uploads\/2011\/06\/18.jpg\" alt=\"\" width=\"365\" height=\"243\" srcset=\"http:\/\/amandine.quiriconi.fr\/wp-content\/uploads\/2011\/06\/18.jpg 365w, http:\/\/amandine.quiriconi.fr\/wp-content\/uploads\/2011\/06\/18-300x199.jpg 300w\" sizes=\"(max-width: 365px) 100vw, 365px\" \/><\/a><\/p>\n<p>Rappelons-nous de ce dernier pays, le treizi\u00e8me sur lequel nous aurons eu le plaisir de nous pr\u00e9lasser\u2026 de d\u00e9couvrir les merveilles qu\u2019il s\u2019y cache. Mais avant tout le dernier pays de sacrifice routier\u00a0!<\/p>\n<p>Pour pouvoir nous rendre de David \u00e0 Almirante la liaison est un peu compliqu\u00e9e \u2026 Pas de bus de tourisme confortable et climatis\u00e9\u00a0! Seulement minibus locaux, surcharg\u00e9s et pour nous, en prime, pluie diluvienne emp\u00eachant d\u2019ouvrir les fen\u00eatres ainsi ces musiques aux airs \u00ab\u00a0caliente\u00a0\u00bb qui se r\u00e9p\u00e8tent un peu trop souvent.<\/p>\n<p>Enfin difficile de d\u00e9crire ces 4heures pass\u00e9es, on r\u00e2lait \u00e0 l\u2019all\u00e9e mais le retour s\u2019av\u00e8rera plus \u00ab\u00a0Hard\u00a0\u00bb (genre 28 dans un minibus de 16 places avec le dos au pare brise pour Mandoux, \u00e9paule coll\u00e9e \u00e0 celle du chauffeur&#8230; Face \u00e0 Bastien qui luttait psychologiquement contre les 3 enfants excit\u00e9s d&rsquo;\u00e0 c\u00f4t\u00e9 dont 2 b\u00e9b\u00e9s.<\/p>\n<p>Que du bonheur !\u00a0\u00a0 \ud83d\ude42<\/p>\n<p>L\u2019un des meilleurs souvenirs du voyage\u00a0panam\u00e9en !<\/p>\n<p style=\"text-align: center;\"><a href=\"http:\/\/amandine.quiriconi.fr\/wp-content\/uploads\/2011\/06\/mini-bus-de-merde-aller.jpg\"><img loading=\"lazy\" decoding=\"async\" class=\"aligncenter size-full wp-image-339\" title=\"mini bus de merde-aller\" src=\"http:\/\/amandine.quiriconi.fr\/wp-content\/uploads\/2011\/06\/mini-bus-de-merde-aller.jpg\" alt=\"\" width=\"421\" height=\"562\" srcset=\"http:\/\/amandine.quiriconi.fr\/wp-content\/uploads\/2011\/06\/mini-bus-de-merde-aller.jpg 602w, http:\/\/amandine.quiriconi.fr\/wp-content\/uploads\/2011\/06\/mini-bus-de-merde-aller-224x300.jpg 224w\" sizes=\"(max-width: 421px) 100vw, 421px\" \/><\/a><\/p>\n<p style=\"text-align: center;\"><a href=\"http:\/\/amandine.quiriconi.fr\/wp-content\/uploads\/2011\/06\/mini-bus-de-merde-retour.jpg\"><img loading=\"lazy\" decoding=\"async\" class=\"aligncenter size-full wp-image-340\" title=\"mini bus de merde-retour\" src=\"http:\/\/amandine.quiriconi.fr\/wp-content\/uploads\/2011\/06\/mini-bus-de-merde-retour.jpg\" alt=\"\" width=\"562\" height=\"421\" srcset=\"http:\/\/amandine.quiriconi.fr\/wp-content\/uploads\/2011\/06\/mini-bus-de-merde-retour.jpg 803w, http:\/\/amandine.quiriconi.fr\/wp-content\/uploads\/2011\/06\/mini-bus-de-merde-retour-300x224.jpg 300w\" sizes=\"(max-width: 562px) 100vw, 562px\" \/><\/a><\/p>\n<p>Heureusement \u00e0 l\u2019inverse du Costa Rica on retrouve un cout de la vie un peu moins \u00e9lev\u00e9 et sa population\u00a0 plus cool, plus surf et rasta\u00a0! Normal o\u00f9 nous d\u00e9barquons, c\u2019est les Cara\u00efbes\u00a0!<\/p>\n<p>&nbsp;<\/p>\n<p>Les raies Manta et les StarFish orange nous ont salu\u00e9es d\u00e8s notre arriv\u00e9e au port de l\u2019\u00eele Colon. (Archipel Bocas del Toro).<\/p>\n<p>Assez touristique en soi, mais un endroit qui valait la peine d\u2019\u00eatre vu. Ne serait ce que pour sa tranquillit\u00e9, mais aussi pour ce carnaval de couleurs que nous offre la mer des Cara\u00efbes. Toutes sortes de poissons que nous aurons eu une fois encore, le plaisir d\u2019admirer gr\u00e2ce \u00e0 nos masques et tubas \u2026 tout simplement.<\/p>\n<p>Pas besoin d\u2019aller bien loin. Ils viennent \u00e0 nous\u00a0! Et \u00e7a depuis notre terrasse du Backpacker ! Las Brisas &#8230;<\/p>\n<p style=\"text-align: center;\"><a href=\"http:\/\/amandine.quiriconi.fr\/wp-content\/uploads\/2011\/06\/Devant-notre-chambre.jpg\"><img loading=\"lazy\" decoding=\"async\" class=\"aligncenter size-full wp-image-342\" title=\"Devant  notre chambre\" src=\"http:\/\/amandine.quiriconi.fr\/wp-content\/uploads\/2011\/06\/Devant-notre-chambre.jpg\" alt=\"\" width=\"562\" height=\"421\" srcset=\"http:\/\/amandine.quiriconi.fr\/wp-content\/uploads\/2011\/06\/Devant-notre-chambre.jpg 803w, http:\/\/amandine.quiriconi.fr\/wp-content\/uploads\/2011\/06\/Devant-notre-chambre-300x224.jpg 300w\" sizes=\"(max-width: 562px) 100vw, 562px\" \/><\/a><\/p>\n<p style=\"text-align: center;\"><a href=\"http:\/\/amandine.quiriconi.fr\/wp-content\/uploads\/2011\/06\/Les-poissons.jpg\"><img loading=\"lazy\" decoding=\"async\" class=\"aligncenter size-full wp-image-341\" title=\"Les poissons\" src=\"http:\/\/amandine.quiriconi.fr\/wp-content\/uploads\/2011\/06\/Les-poissons.jpg\" alt=\"\" width=\"562\" height=\"421\" srcset=\"http:\/\/amandine.quiriconi.fr\/wp-content\/uploads\/2011\/06\/Les-poissons.jpg 803w, http:\/\/amandine.quiriconi.fr\/wp-content\/uploads\/2011\/06\/Les-poissons-300x224.jpg 300w\" sizes=\"(max-width: 562px) 100vw, 562px\" \/><\/a><\/p>\n<p>Une excursion d\u2019une journ\u00e9e \u00e9galement pour visiter les quelques \u00eeles de Bocas\u2026<\/p>\n<p>Dont Bastimentos (connue pour ses magnifiques minis grenouilles rouges).<\/p>\n<p style=\"text-align: center;\"><a href=\"http:\/\/amandine.quiriconi.fr\/wp-content\/uploads\/2011\/06\/Red-FroG.jpg\"><img loading=\"lazy\" decoding=\"async\" class=\"aligncenter size-full wp-image-343\" title=\"Red FroG\" src=\"http:\/\/amandine.quiriconi.fr\/wp-content\/uploads\/2011\/06\/Red-FroG.jpg\" alt=\"\" width=\"642\" height=\"482\" srcset=\"http:\/\/amandine.quiriconi.fr\/wp-content\/uploads\/2011\/06\/Red-FroG.jpg 803w, http:\/\/amandine.quiriconi.fr\/wp-content\/uploads\/2011\/06\/Red-FroG-300x224.jpg 300w\" sizes=\"(max-width: 642px) 100vw, 642px\" \/><\/a><\/p>\n<p>Mais aussi un passage obligatoire entre ces \u00eeles.\u00a0 Le coucou aux dauphins.\u00a0\u00a0 \ud83d\ude42<\/p>\n<p>Ils restent presque toujours en un endroit, et donc il est facile de les observer depuis notre bateau.<\/p>\n<p>On n\u2019y croyait pas trop les 10 premi\u00e8res minutes, et bien heureusement pour nous, avec toutes leurs gr\u00e2ces, deux dauphins ont point\u00e9s le bout de leurs ailerons \u00e0 la pointe arrondie.<\/p>\n<p>Cette nature, quel beau spectacle\u00a0!<\/p>\n<p style=\"text-align: center;\"><a href=\"http:\/\/amandine.quiriconi.fr\/wp-content\/uploads\/2011\/06\/Depuis-notre-bateau.jpg\"><img loading=\"lazy\" decoding=\"async\" class=\"aligncenter size-full wp-image-345\" title=\"Depuis notre bateau\" src=\"http:\/\/amandine.quiriconi.fr\/wp-content\/uploads\/2011\/06\/Depuis-notre-bateau.jpg\" alt=\"\" width=\"482\" height=\"361\" srcset=\"http:\/\/amandine.quiriconi.fr\/wp-content\/uploads\/2011\/06\/Depuis-notre-bateau.jpg 803w, http:\/\/amandine.quiriconi.fr\/wp-content\/uploads\/2011\/06\/Depuis-notre-bateau-300x224.jpg 300w\" sizes=\"(max-width: 482px) 100vw, 482px\" \/><\/a><\/p>\n<p><a href=\"http:\/\/amandine.quiriconi.fr\/wp-content\/uploads\/2011\/06\/les-Dauphins.jpg\"><img loading=\"lazy\" decoding=\"async\" class=\"aligncenter size-full wp-image-344\" title=\"les Dauphins\" src=\"http:\/\/amandine.quiriconi.fr\/wp-content\/uploads\/2011\/06\/les-Dauphins.jpg\" alt=\"\" width=\"494\" height=\"547\" srcset=\"http:\/\/amandine.quiriconi.fr\/wp-content\/uploads\/2011\/06\/les-Dauphins.jpg 494w, http:\/\/amandine.quiriconi.fr\/wp-content\/uploads\/2011\/06\/les-Dauphins-270x300.jpg 270w\" sizes=\"(max-width: 494px) 100vw, 494px\" \/><\/a><\/p>\n<p>Une apr\u00e8s midi, nous sommes all\u00e9s sur l\u2019Isla Carenero situ\u00e9e \u00e0 300 m de l\u2019isla Colon ou nous logions&#8230;<\/p>\n<p>Pas de routes ni de voitures. On y a trouv\u00e9 des plages vierges recouvrant ce petit bout de terre.<\/p>\n<p style=\"text-align: center;\"><a href=\"http:\/\/amandine.quiriconi.fr\/wp-content\/uploads\/2011\/06\/Superbe.jpg\"><img loading=\"lazy\" decoding=\"async\" class=\"aligncenter size-full wp-image-350\" title=\"Superbe\" src=\"http:\/\/amandine.quiriconi.fr\/wp-content\/uploads\/2011\/06\/Superbe.jpg\" alt=\"\" width=\"562\" height=\"421\" srcset=\"http:\/\/amandine.quiriconi.fr\/wp-content\/uploads\/2011\/06\/Superbe.jpg 803w, http:\/\/amandine.quiriconi.fr\/wp-content\/uploads\/2011\/06\/Superbe-300x224.jpg 300w\" sizes=\"(max-width: 562px) 100vw, 562px\" \/><\/a><\/p>\n<p>Certes sans aucun attrait particulier mais qui m\u00e9rite une attention particuli\u00e8re \u2026 Surtout sur ces cocotiers o\u00f9 il est facile de d\u00e9crocher une belle noix de coco\u00a0!<\/p>\n<p>Ce fut la mission de Bastien en cette apr\u00e8s midi\u2026R\u00e9sultat une noix d\u00e9licieuse, remplie de son eau qui nous aura call\u00e9 un moment avant le repas.<\/p>\n<p style=\"text-align: center;\"><a href=\"http:\/\/amandine.quiriconi.fr\/wp-content\/uploads\/2011\/06\/Sous-les-cocos-.jpg\"><img loading=\"lazy\" decoding=\"async\" class=\"aligncenter size-full wp-image-346\" title=\"Sous les cocos !!\" src=\"http:\/\/amandine.quiriconi.fr\/wp-content\/uploads\/2011\/06\/Sous-les-cocos-.jpg\" alt=\"\" width=\"562\" height=\"421\" srcset=\"http:\/\/amandine.quiriconi.fr\/wp-content\/uploads\/2011\/06\/Sous-les-cocos-.jpg 803w, http:\/\/amandine.quiriconi.fr\/wp-content\/uploads\/2011\/06\/Sous-les-cocos--300x224.jpg 300w\" sizes=\"(max-width: 562px) 100vw, 562px\" \/><\/a><\/p>\n<p style=\"text-align: center;\"><a href=\"http:\/\/amandine.quiriconi.fr\/wp-content\/uploads\/2011\/06\/coco-en-Robinson.jpg\"><img loading=\"lazy\" decoding=\"async\" class=\"aligncenter size-full wp-image-347\" title=\"coco en Robinson\" src=\"http:\/\/amandine.quiriconi.fr\/wp-content\/uploads\/2011\/06\/coco-en-Robinson.jpg\" alt=\"\" width=\"421\" height=\"562\" srcset=\"http:\/\/amandine.quiriconi.fr\/wp-content\/uploads\/2011\/06\/coco-en-Robinson.jpg 602w, http:\/\/amandine.quiriconi.fr\/wp-content\/uploads\/2011\/06\/coco-en-Robinson-224x300.jpg 224w\" sizes=\"(max-width: 421px) 100vw, 421px\" \/><\/a><\/p>\n<p style=\"text-align: center;\">Apr\u00e8s \u00e7a, relaxation et snorkeling !<\/p>\n<p style=\"text-align: center;\"><a href=\"http:\/\/amandine.quiriconi.fr\/wp-content\/uploads\/2011\/06\/Mode-ZEN.jpg\"><img loading=\"lazy\" decoding=\"async\" class=\"aligncenter size-full wp-image-348\" title=\"Mode ZEN\" src=\"http:\/\/amandine.quiriconi.fr\/wp-content\/uploads\/2011\/06\/Mode-ZEN.jpg\" alt=\"\" width=\"562\" height=\"421\" srcset=\"http:\/\/amandine.quiriconi.fr\/wp-content\/uploads\/2011\/06\/Mode-ZEN.jpg 803w, http:\/\/amandine.quiriconi.fr\/wp-content\/uploads\/2011\/06\/Mode-ZEN-300x224.jpg 300w\" sizes=\"(max-width: 562px) 100vw, 562px\" \/><\/a><\/p>\n<p style=\"text-align: center;\"><a href=\"http:\/\/amandine.quiriconi.fr\/wp-content\/uploads\/2011\/06\/Snorkling1.jpg\"><img loading=\"lazy\" decoding=\"async\" class=\"aligncenter size-full wp-image-349\" title=\"Snorkling\" src=\"http:\/\/amandine.quiriconi.fr\/wp-content\/uploads\/2011\/06\/Snorkling1.jpg\" alt=\"\" width=\"562\" height=\"421\" srcset=\"http:\/\/amandine.quiriconi.fr\/wp-content\/uploads\/2011\/06\/Snorkling1.jpg 803w, http:\/\/amandine.quiriconi.fr\/wp-content\/uploads\/2011\/06\/Snorkling1-300x224.jpg 300w\" sizes=\"(max-width: 562px) 100vw, 562px\" \/><\/a><\/p>\n<p>Sur l\u2019isla Colon, il n\u2019est pas tr\u00e8s difficile de s\u2019y promener.\u00a0\u00a0 Seulement une rue principale qui est partag\u00e9e entre vendeurs d\u2019artisanats, restaurants, bars et \u00e9piceries. La seule difficult\u00e9 pendant ces quelques jours auront \u00e9t\u00e9 la chaleur, insupportable et tr\u00e8s humide. Suffisamment humide pour sortir r\u00e9guli\u00e8rement le parapluie\u00a0!\u00a0 \ud83d\ude42<\/p>\n<p>Alors prot\u00e9geons nous l\u2019apr\u00e8s midi, restons cloitr\u00e9s au frais de la climatisation dans notre chambre\u2026 Puis ressortons en fin de journ\u00e9e. Il y avait pas mal de choses \u00e0 faire, se baigner o\u00f9 ne serait ce que de prendre le temps d\u2019admirer ces maisons carib\u00e9ennes, plus ou moins color\u00e9es et parler \u00e0 cette population accueillante\u00a0!<\/p>\n<p style=\"text-align: center;\"><a href=\"http:\/\/amandine.quiriconi.fr\/wp-content\/uploads\/2011\/06\/1er-plouf.jpg\"><img loading=\"lazy\" decoding=\"async\" class=\"aligncenter size-full wp-image-352\" title=\"1er plouf\" src=\"http:\/\/amandine.quiriconi.fr\/wp-content\/uploads\/2011\/06\/1er-plouf.jpg\" alt=\"\" width=\"421\" height=\"562\" srcset=\"http:\/\/amandine.quiriconi.fr\/wp-content\/uploads\/2011\/06\/1er-plouf.jpg 602w, http:\/\/amandine.quiriconi.fr\/wp-content\/uploads\/2011\/06\/1er-plouf-224x300.jpg 224w\" sizes=\"(max-width: 421px) 100vw, 421px\" \/><\/a><\/p>\n<p style=\"text-align: center;\"><a href=\"http:\/\/amandine.quiriconi.fr\/wp-content\/uploads\/2011\/06\/AH-les-Cara\u00efbes.jpg\"><img loading=\"lazy\" decoding=\"async\" class=\"aligncenter size-full wp-image-354\" title=\"AH les Cara\u00efbes\" src=\"http:\/\/amandine.quiriconi.fr\/wp-content\/uploads\/2011\/06\/AH-les-Cara\u00efbes.jpg\" alt=\"\" width=\"562\" height=\"421\" srcset=\"http:\/\/amandine.quiriconi.fr\/wp-content\/uploads\/2011\/06\/AH-les-Cara\u00efbes.jpg 803w, http:\/\/amandine.quiriconi.fr\/wp-content\/uploads\/2011\/06\/AH-les-Cara\u00efbes-300x224.jpg 300w\" sizes=\"(max-width: 562px) 100vw, 562px\" \/><\/a><\/p>\n<p style=\"text-align: center;\">O\u00f9 sauter !!!!<\/p>\n<p style=\"text-align: center;\"><a href=\"http:\/\/amandine.quiriconi.fr\/wp-content\/uploads\/2011\/06\/Jump-\u00e0-la-bast.jpg\"><img loading=\"lazy\" decoding=\"async\" class=\"aligncenter size-full wp-image-353\" title=\"Jump \u00e0 la bast\" src=\"http:\/\/amandine.quiriconi.fr\/wp-content\/uploads\/2011\/06\/Jump-\u00e0-la-bast.jpg\" alt=\"\" width=\"421\" height=\"562\" srcset=\"http:\/\/amandine.quiriconi.fr\/wp-content\/uploads\/2011\/06\/Jump-\u00e0-la-bast.jpg 602w, http:\/\/amandine.quiriconi.fr\/wp-content\/uploads\/2011\/06\/Jump-\u00e0-la-bast-224x300.jpg 224w\" sizes=\"(max-width: 421px) 100vw, 421px\" \/><\/a><\/p>\n<p style=\"text-align: center;\"><a href=\"http:\/\/amandine.quiriconi.fr\/wp-content\/uploads\/2011\/06\/Maison-type-Cara\u00efbes.jpg\"><img loading=\"lazy\" decoding=\"async\" class=\"aligncenter size-full wp-image-351\" title=\"Maison type Cara\u00efbes\" src=\"http:\/\/amandine.quiriconi.fr\/wp-content\/uploads\/2011\/06\/Maison-type-Cara\u00efbes.jpg\" alt=\"\" width=\"642\" height=\"482\" srcset=\"http:\/\/amandine.quiriconi.fr\/wp-content\/uploads\/2011\/06\/Maison-type-Cara\u00efbes.jpg 803w, http:\/\/amandine.quiriconi.fr\/wp-content\/uploads\/2011\/06\/Maison-type-Cara\u00efbes-300x224.jpg 300w\" sizes=\"(max-width: 642px) 100vw, 642px\" \/><\/a><\/p>\n<p>Allons n\u00e9gocier une derni\u00e8re fois quelques derniers achats, prenons le temps de regarder les vagues et l\u2019horizon calme des Caraibes car le lendemain on r\u00e9embarque sur la plancha (petit bateau) quelques minutes, avant de filer sur ces routes endiabl\u00e9es, direction Pedasi = C\u00f4te Pacifique.<\/p>\n<p>&nbsp;<\/p>\n<p>Autre ambiance et autre d\u00e9cor cette fois ci.<\/p>\n<p>Village de p\u00eacheur, qui poss\u00e8de quelques attraits diff\u00e9rents&#8230;<\/p>\n<p style=\"text-align: center;\"><a href=\"http:\/\/amandine.quiriconi.fr\/wp-content\/uploads\/2011\/06\/Vache-p\u00e9dasienne.jpg\"><img loading=\"lazy\" decoding=\"async\" class=\"aligncenter size-full wp-image-355\" title=\"Vache p\u00e9dasienne\" src=\"http:\/\/amandine.quiriconi.fr\/wp-content\/uploads\/2011\/06\/Vache-p\u00e9dasienne.jpg\" alt=\"\" width=\"482\" height=\"642\" \/><\/a><\/p>\n<p>A commencer par ses maisons beaucoup plus traditionnelles et sa place centrale, avec son \u00e9glise&#8230;<\/p>\n<p style=\"text-align: center;\"><a href=\"http:\/\/amandine.quiriconi.fr\/wp-content\/uploads\/2011\/06\/L\u00e9glise-de-la-place.jpg\"><img loading=\"lazy\" decoding=\"async\" class=\"aligncenter size-full wp-image-357\" title=\"L'\u00e9glise de la place\" src=\"http:\/\/amandine.quiriconi.fr\/wp-content\/uploads\/2011\/06\/L\u00e9glise-de-la-place.jpg\" alt=\"\" width=\"562\" height=\"421\" srcset=\"http:\/\/amandine.quiriconi.fr\/wp-content\/uploads\/2011\/06\/L\u00e9glise-de-la-place.jpg 803w, http:\/\/amandine.quiriconi.fr\/wp-content\/uploads\/2011\/06\/L\u00e9glise-de-la-place-300x224.jpg 300w\" sizes=\"(max-width: 562px) 100vw, 562px\" \/><\/a><\/p>\n<p style=\"text-align: center;\"><a href=\"http:\/\/amandine.quiriconi.fr\/wp-content\/uploads\/2011\/06\/les-hollandais.jpg\"><img loading=\"lazy\" decoding=\"async\" class=\"aligncenter size-full wp-image-358\" title=\"les hollandais\" src=\"http:\/\/amandine.quiriconi.fr\/wp-content\/uploads\/2011\/06\/les-hollandais.jpg\" alt=\"\" width=\"482\" height=\"361\" srcset=\"http:\/\/amandine.quiriconi.fr\/wp-content\/uploads\/2011\/06\/les-hollandais.jpg 803w, http:\/\/amandine.quiriconi.fr\/wp-content\/uploads\/2011\/06\/les-hollandais-300x224.jpg 300w\" sizes=\"(max-width: 482px) 100vw, 482px\" \/><\/a><\/p>\n<p style=\"text-align: center;\"><a href=\"http:\/\/amandine.quiriconi.fr\/wp-content\/uploads\/2011\/06\/enormes-Manguiers-et-cocotiers.jpg\"><img loading=\"lazy\" decoding=\"async\" class=\"aligncenter size-full wp-image-356\" title=\"enormes Manguiers et cocotiers\" src=\"http:\/\/amandine.quiriconi.fr\/wp-content\/uploads\/2011\/06\/enormes-Manguiers-et-cocotiers.jpg\" alt=\"\" width=\"562\" height=\"421\" srcset=\"http:\/\/amandine.quiriconi.fr\/wp-content\/uploads\/2011\/06\/enormes-Manguiers-et-cocotiers.jpg 803w, http:\/\/amandine.quiriconi.fr\/wp-content\/uploads\/2011\/06\/enormes-Manguiers-et-cocotiers-300x224.jpg 300w\" sizes=\"(max-width: 562px) 100vw, 562px\" \/><\/a><\/p>\n<p style=\"text-align: center;\"><a href=\"http:\/\/amandine.quiriconi.fr\/wp-content\/uploads\/2011\/06\/Ouuuaipaaaaa.jpg\"><img loading=\"lazy\" decoding=\"async\" class=\"aligncenter size-full wp-image-372\" title=\"Ouuuaipaaaaa\" src=\"http:\/\/amandine.quiriconi.fr\/wp-content\/uploads\/2011\/06\/Ouuuaipaaaaa.jpg\" alt=\"\" width=\"361\" height=\"482\" srcset=\"http:\/\/amandine.quiriconi.fr\/wp-content\/uploads\/2011\/06\/Ouuuaipaaaaa.jpg 602w, http:\/\/amandine.quiriconi.fr\/wp-content\/uploads\/2011\/06\/Ouuuaipaaaaa-224x300.jpg 224w\" sizes=\"(max-width: 361px) 100vw, 361px\" \/><\/a><\/p>\n<p>Des plages de sable gris mais parfait pour surfer.<\/p>\n<p>A quelques kilom\u00e8tres de l\u00e0, se trouve une plage, nomm\u00e9e Venao plut\u00f4t renomm\u00e9e pour son spot par les surfeurs\u00a0\u2026 (O\u00f9 d&rsquo;ailleurs il y a lieu dans 8 jours le Mondial de Surf\u00a0 ISA).<\/p>\n<p>Mais vu que nous sommes un peu \u00e9loign\u00e9s des plages, on a mis en place un tout autre programme loin des ch\u00e2teaux de sable et autres\u00a0;<\/p>\n<p style=\"text-align: center;\"><strong><span style=\"color: #333399;\"><em>LES GRASSES MATINEES\u00a0!<\/em><\/span><\/strong><\/p>\n<p style=\"text-align: right;\">Afin de soulager nos corps fatigu\u00e9s et angoiss\u00e9s du d\u00e9part\u2026<\/p>\n<p style=\"text-align: center;\"><a href=\"http:\/\/amandine.quiriconi.fr\/wp-content\/uploads\/2011\/06\/grasse-mat.jpg\"><img loading=\"lazy\" decoding=\"async\" class=\"aligncenter size-full wp-image-359\" title=\"grasse mat\" src=\"http:\/\/amandine.quiriconi.fr\/wp-content\/uploads\/2011\/06\/grasse-mat.jpg\" alt=\"\" width=\"482\" height=\"361\" srcset=\"http:\/\/amandine.quiriconi.fr\/wp-content\/uploads\/2011\/06\/grasse-mat.jpg 803w, http:\/\/amandine.quiriconi.fr\/wp-content\/uploads\/2011\/06\/grasse-mat-300x224.jpg 300w\" sizes=\"(max-width: 482px) 100vw, 482px\" \/><\/a>\ud83d\ude42<\/p>\n<p>Nous avons tout de m\u00eame pris une journ\u00e9e pour aller sur l\u2019isla Iguana \u00e0 30 minutes de Pedasi en petit bateau. Nous avons partag\u00e9s \u00e9galement les frais avec trois fran\u00e7ais (Ronan, Jordan et Nicolas), parce que mine de rien, visiter l\u2019\u00eele aux Iguanes, reste un peu \u00e9lev\u00e9 pour la travers\u00e9e (50$ apr\u00e8s avoir un peu n\u00e9gocier A\/R).<\/p>\n<p>Tranquillit\u00e9 assur\u00e9e mis \u00e0 part le bruit de quelques crabes dans les branchages\u2026 Les ma\u00eetres de l\u2019\u00eele, en m\u00eame temps que les Iguanes, les oiseaux migrateurs et une pagaille de Bernard Lhermitte\u00a0!<\/p>\n<p style=\"text-align: center;\"><a href=\"http:\/\/amandine.quiriconi.fr\/wp-content\/uploads\/2011\/06\/Crabe-de-lisla-iguana.jpg\"><img loading=\"lazy\" decoding=\"async\" class=\"aligncenter size-full wp-image-360\" title=\"Crabe de l'isla iguana\" src=\"http:\/\/amandine.quiriconi.fr\/wp-content\/uploads\/2011\/06\/Crabe-de-lisla-iguana.jpg\" alt=\"\" width=\"562\" height=\"421\" srcset=\"http:\/\/amandine.quiriconi.fr\/wp-content\/uploads\/2011\/06\/Crabe-de-lisla-iguana.jpg 803w, http:\/\/amandine.quiriconi.fr\/wp-content\/uploads\/2011\/06\/Crabe-de-lisla-iguana-300x224.jpg 300w\" sizes=\"(max-width: 562px) 100vw, 562px\" \/><\/a><\/p>\n<p style=\"text-align: center;\"><a href=\"http:\/\/amandine.quiriconi.fr\/wp-content\/uploads\/2011\/06\/Les-oiseaux-de-lile.jpg\"><img loading=\"lazy\" decoding=\"async\" class=\"aligncenter size-full wp-image-362\" title=\"Les oiseaux de l'ile\" src=\"http:\/\/amandine.quiriconi.fr\/wp-content\/uploads\/2011\/06\/Les-oiseaux-de-lile.jpg\" alt=\"\" width=\"562\" height=\"421\" srcset=\"http:\/\/amandine.quiriconi.fr\/wp-content\/uploads\/2011\/06\/Les-oiseaux-de-lile.jpg 803w, http:\/\/amandine.quiriconi.fr\/wp-content\/uploads\/2011\/06\/Les-oiseaux-de-lile-300x224.jpg 300w\" sizes=\"(max-width: 562px) 100vw, 562px\" \/><\/a><\/p>\n<p style=\"text-align: center;\"><a href=\"http:\/\/amandine.quiriconi.fr\/wp-content\/uploads\/2011\/06\/Pourquoi-ils-lappellent-Isla-Iguana.jpg\"><img loading=\"lazy\" decoding=\"async\" class=\"aligncenter size-full wp-image-361\" title=\"Pourquoi ils l'appellent Isla Iguana\" src=\"http:\/\/amandine.quiriconi.fr\/wp-content\/uploads\/2011\/06\/Pourquoi-ils-lappellent-Isla-Iguana.jpg\" alt=\"\" width=\"562\" height=\"421\" srcset=\"http:\/\/amandine.quiriconi.fr\/wp-content\/uploads\/2011\/06\/Pourquoi-ils-lappellent-Isla-Iguana.jpg 803w, http:\/\/amandine.quiriconi.fr\/wp-content\/uploads\/2011\/06\/Pourquoi-ils-lappellent-Isla-Iguana-300x224.jpg 300w\" sizes=\"(max-width: 562px) 100vw, 562px\" \/><\/a><\/p>\n<p>&nbsp;<\/p>\n<p>La petite anecdote\u00a0du coin\u00a0:<\/p>\n<p>Apr\u00e8s 3 jours dans Pedasi, nous nous sommes rendus un soir, dans le seul magasin artisanal du village.<\/p>\n<p>Et l\u00e0 rapidement en faisant le tour, nous parlons bri\u00e8vement \u00e0 la propri\u00e9taire qui nous lance un \u00ab\u00a0Vous \u00eates Fran\u00e7ais\u00a0?\u00a0\u00bb que nous r\u00e9pondons bien entendu par un \u00ab\u00a0Oui\u00a0\u00bb\u00a0!<\/p>\n<p>Et juste apr\u00e8s que Bastien ai fini de bloquer cette dame, il lui lance \u00e0 son tour<\/p>\n<p>\u00ab\u00a0Et vous, vous \u00e9tiez d\u2019o\u00f9 en France\u00a0\u00bb\u00a0?<\/p>\n<p>\u00ab\u00a0De Montpellier\u00a0\u00bb dit elle\u2026<\/p>\n<p>Et l\u00e0 \u00e7a a fait TILT chez Bastien\u00a0;<\/p>\n<p>\u00ab\u00a0Vous connaissez la famille Roudil\u00a0\u00bb\u00a0?<\/p>\n<p>Un peu surprise elle r\u00e9pondit \u00ab\u00a0Oui je suis Caroline\u00a0\u00bb\u00a0!<\/p>\n<p>Une amie des parents Roudil, qui habite maintenant au Panama depuis 15 ans, chez qui ils avaient pass\u00e9s les vacances il y a 12 ans, \u00e0 Santa Catalina.<\/p>\n<p style=\"text-align: center;\"><a href=\"http:\/\/amandine.quiriconi.fr\/wp-content\/uploads\/2011\/06\/Caro-et-Bastien.jpg\"><img loading=\"lazy\" decoding=\"async\" class=\"aligncenter size-full wp-image-363\" title=\"Caro et Bastien\" src=\"http:\/\/amandine.quiriconi.fr\/wp-content\/uploads\/2011\/06\/Caro-et-Bastien.jpg\" alt=\"\" width=\"562\" height=\"421\" srcset=\"http:\/\/amandine.quiriconi.fr\/wp-content\/uploads\/2011\/06\/Caro-et-Bastien.jpg 803w, http:\/\/amandine.quiriconi.fr\/wp-content\/uploads\/2011\/06\/Caro-et-Bastien-300x224.jpg 300w\" sizes=\"(max-width: 562px) 100vw, 562px\" \/><\/a><\/p>\n<p>Sur ce, on commence \u00e0 papoter pendant quelques heures, en oubliant m\u00eame le souper\u00a0!<\/p>\n<p>De fil en aiguille, nous avons \u00e9t\u00e9 invit\u00e9s \u00e0 passer nos derniers jours chez elle. Si gentiment propos\u00e9, on a eu du mal \u00e0 refuser\u2026<\/p>\n<p>Une maison chaleureuse, d\u00e9bordante de bonne \u00e9nergie entre enfants et nanimaux\u00a0!<\/p>\n<p style=\"text-align: center;\"><a href=\"http:\/\/amandine.quiriconi.fr\/wp-content\/uploads\/2011\/06\/Les-jolies-perruches-de-Caro.jpg\"><img loading=\"lazy\" decoding=\"async\" class=\"aligncenter size-full wp-image-364\" title=\"Les jolies perruches de Caro\" src=\"http:\/\/amandine.quiriconi.fr\/wp-content\/uploads\/2011\/06\/Les-jolies-perruches-de-Caro.jpg\" alt=\"\" width=\"562\" height=\"421\" srcset=\"http:\/\/amandine.quiriconi.fr\/wp-content\/uploads\/2011\/06\/Les-jolies-perruches-de-Caro.jpg 803w, http:\/\/amandine.quiriconi.fr\/wp-content\/uploads\/2011\/06\/Les-jolies-perruches-de-Caro-300x224.jpg 300w\" sizes=\"(max-width: 562px) 100vw, 562px\" \/><\/a><\/p>\n<p style=\"text-align: center;\"><a href=\"http:\/\/amandine.quiriconi.fr\/wp-content\/uploads\/2011\/06\/Lezs-b\u00e9b\u00e9s-et-Bastien.jpg\"><img loading=\"lazy\" decoding=\"async\" class=\"aligncenter size-full wp-image-365\" title=\"Lezs b\u00e9b\u00e9s et Bastien\" src=\"http:\/\/amandine.quiriconi.fr\/wp-content\/uploads\/2011\/06\/Lezs-b\u00e9b\u00e9s-et-Bastien.jpg\" alt=\"\" width=\"562\" height=\"421\" srcset=\"http:\/\/amandine.quiriconi.fr\/wp-content\/uploads\/2011\/06\/Lezs-b\u00e9b\u00e9s-et-Bastien.jpg 803w, http:\/\/amandine.quiriconi.fr\/wp-content\/uploads\/2011\/06\/Lezs-b\u00e9b\u00e9s-et-Bastien-300x224.jpg 300w\" sizes=\"(max-width: 562px) 100vw, 562px\" \/><\/a><\/p>\n<p>Avec Coco &#8230; L&rsquo;approche est un peu plus compliqu\u00e9 !<\/p>\n<p style=\"text-align: center;\"><a href=\"http:\/\/amandine.quiriconi.fr\/wp-content\/uploads\/2011\/06\/Lapproche-de-Mandoux-sur-Coco.jpg\"><img loading=\"lazy\" decoding=\"async\" class=\"aligncenter size-full wp-image-366\" title=\"L'approche de Mandoux sur Coco\" src=\"http:\/\/amandine.quiriconi.fr\/wp-content\/uploads\/2011\/06\/Lapproche-de-Mandoux-sur-Coco.jpg\" alt=\"\" width=\"421\" height=\"562\" srcset=\"http:\/\/amandine.quiriconi.fr\/wp-content\/uploads\/2011\/06\/Lapproche-de-Mandoux-sur-Coco.jpg 602w, http:\/\/amandine.quiriconi.fr\/wp-content\/uploads\/2011\/06\/Lapproche-de-Mandoux-sur-Coco-224x300.jpg 224w\" sizes=\"(max-width: 421px) 100vw, 421px\" \/><\/a><\/p>\n<p style=\"text-align: center;\"><a href=\"http:\/\/amandine.quiriconi.fr\/wp-content\/uploads\/2011\/06\/Voici-Coco.jpg\"><img loading=\"lazy\" decoding=\"async\" class=\"aligncenter size-full wp-image-367\" title=\"Voici Coco\" src=\"http:\/\/amandine.quiriconi.fr\/wp-content\/uploads\/2011\/06\/Voici-Coco.jpg\" alt=\"\" width=\"361\" height=\"482\" srcset=\"http:\/\/amandine.quiriconi.fr\/wp-content\/uploads\/2011\/06\/Voici-Coco.jpg 602w, http:\/\/amandine.quiriconi.fr\/wp-content\/uploads\/2011\/06\/Voici-Coco-224x300.jpg 224w\" sizes=\"(max-width: 361px) 100vw, 361px\" \/><\/a><\/p>\n<p style=\"text-align: center;\"><a href=\"http:\/\/amandine.quiriconi.fr\/wp-content\/uploads\/2011\/06\/Caro-et-son-Chiuaua.jpg\"><img loading=\"lazy\" decoding=\"async\" class=\"aligncenter size-full wp-image-370\" title=\"Caro et son Chiuaua\" src=\"http:\/\/amandine.quiriconi.fr\/wp-content\/uploads\/2011\/06\/Caro-et-son-Chiuaua.jpg\" alt=\"\" width=\"482\" height=\"361\" srcset=\"http:\/\/amandine.quiriconi.fr\/wp-content\/uploads\/2011\/06\/Caro-et-son-Chiuaua.jpg 803w, http:\/\/amandine.quiriconi.fr\/wp-content\/uploads\/2011\/06\/Caro-et-son-Chiuaua-300x224.jpg 300w\" sizes=\"(max-width: 482px) 100vw, 482px\" \/><\/a><\/p>\n<p>Puis pas assez de nous \u00e9conomiser des nuits d\u2019h\u00f4tels et de nous offrir le couvert, elle nous a emmen\u00e9 surfer \u00e0 la plage Venao o\u00f9 nous aurons fait du body board deux jours de suite.<\/p>\n<p style=\"text-align: center;\"><a href=\"http:\/\/amandine.quiriconi.fr\/wp-content\/uploads\/2011\/06\/Belles-vagues-de-Venao.jpg\"><img loading=\"lazy\" decoding=\"async\" class=\"aligncenter size-full wp-image-369\" title=\"Belles vagues de Venao\" src=\"http:\/\/amandine.quiriconi.fr\/wp-content\/uploads\/2011\/06\/Belles-vagues-de-Venao.jpg\" alt=\"\" width=\"482\" height=\"361\" srcset=\"http:\/\/amandine.quiriconi.fr\/wp-content\/uploads\/2011\/06\/Belles-vagues-de-Venao.jpg 803w, http:\/\/amandine.quiriconi.fr\/wp-content\/uploads\/2011\/06\/Belles-vagues-de-Venao-300x224.jpg 300w\" sizes=\"(max-width: 482px) 100vw, 482px\" \/><\/a><\/p>\n<p style=\"text-align: center;\"><a href=\"http:\/\/amandine.quiriconi.fr\/wp-content\/uploads\/2011\/06\/Body-board.jpg\"><img loading=\"lazy\" decoding=\"async\" class=\"aligncenter size-full wp-image-368\" title=\"Body board\" src=\"http:\/\/amandine.quiriconi.fr\/wp-content\/uploads\/2011\/06\/Body-board.jpg\" alt=\"\" width=\"562\" height=\"421\" srcset=\"http:\/\/amandine.quiriconi.fr\/wp-content\/uploads\/2011\/06\/Body-board.jpg 803w, http:\/\/amandine.quiriconi.fr\/wp-content\/uploads\/2011\/06\/Body-board-300x224.jpg 300w\" sizes=\"(max-width: 562px) 100vw, 562px\" \/><\/a><\/p>\n<p>On aura quand m\u00eame bien blagu\u00e9, surtout comm\u00e9r\u00e9\u00a0! Parce que Caro a des tas d\u2019histoires croustillantes\u2026<\/p>\n<p>Pour terminer, on s\u2019en ira tous les trois pour Panama city, ce jeudi 15 Juin, pour de derni\u00e8res emplettes. Encore une fois que de bons moments, quelques achats interessants gr\u00e2ce \u00e0 ses bons conseils et des adieux assez brefs de peur de verser une larmette\u00a0!<\/p>\n<p>Ciao Caroline, on te remercie une fois encore, ainsi que ta chouette boutique Art&amp;Mania et Pedasi\u00a0!<\/p>\n<p style=\"text-align: center;\"><a href=\"http:\/\/amandine.quiriconi.fr\/wp-content\/uploads\/2011\/06\/Un-apper\u00e7u-dArt-et-Mania.jpg\"><img loading=\"lazy\" decoding=\"async\" class=\"aligncenter size-full wp-image-371\" title=\"Un apper\u00e7u d'Art et Mania\" src=\"http:\/\/amandine.quiriconi.fr\/wp-content\/uploads\/2011\/06\/Un-apper\u00e7u-dArt-et-Mania.jpg\" alt=\"\" width=\"562\" height=\"421\" srcset=\"http:\/\/amandine.quiriconi.fr\/wp-content\/uploads\/2011\/06\/Un-apper\u00e7u-dArt-et-Mania.jpg 803w, http:\/\/amandine.quiriconi.fr\/wp-content\/uploads\/2011\/06\/Un-apper\u00e7u-dArt-et-Mania-300x224.jpg 300w\" sizes=\"(max-width: 562px) 100vw, 562px\" \/><\/a><\/p>\n<p>Nous aurons cl\u00f4tur\u00e9 ce voyage en douceur et rempli de gaiet\u00e9\u2026Parfait\u00a0!<\/p>\n<p>C\u2019est depuis l\u2019h\u00f4tel \u00ab\u00a0Casa de Carmen\u00a0\u00bb que nous \u00e9crivons ces derniers mots, qui marqueront une fin \u00e0 ce blog et \u00e0 notre aventure.<\/p>\n<p><a href=\"http:\/\/amandine.quiriconi.fr\/wp-content\/uploads\/2011\/06\/clap.gif\"><img loading=\"lazy\" decoding=\"async\" class=\"aligncenter size-full wp-image-373\" title=\"clap\" src=\"http:\/\/amandine.quiriconi.fr\/wp-content\/uploads\/2011\/06\/clap.gif\" alt=\"\" width=\"125\" height=\"145\" \/><\/a><\/p>\n<p>Voil\u00e0 clap de fin de ce grand voyage.<\/p>\n<p>(Qu\u2019on aura finalement bien fait d\u2019\u00e9courter \u2026vu les finances\u00a0!)<\/p>\n<p>&nbsp;<\/p>\n<p>&nbsp;<\/p>\n<p style=\"text-align: center;\"><strong><span style=\"color: #ff0000;\">Encore Merci de nous avoir lus, de ne pas trop avoir critiqu\u00e9 notre mani\u00e8re d\u2019\u00e9crire et surtout de ne pas avoir relev\u00e9 nos belles fautes\u00a0!<\/span><\/strong><\/p>\n<p style=\"text-align: center;\"><strong><span style=\"color: #ff0000;\">\ud83d\ude42<br \/>\n<\/span><\/strong><\/p>\n<p style=\"text-align: right;\"><span style=\"color: #333399;\"><strong><em>CIAO<\/em><\/strong><\/span><\/p>\n<p style=\"text-align: right;\">&nbsp;<\/p>\n<p style=\"text-align: right;\"><span style=\"color: #333399;\"><strong><em>Amandine et Bastien \u2026En voyage depuis 254 jours<\/em><\/strong><\/span><\/p>\n<p style=\"text-align: right;\"><span style=\"color: #333399;\"><strong><em><br \/>\n<\/em><\/strong><\/span><\/p>\n<p style=\"text-align: right;\"><span style=\"color: #333399;\"><strong><em><a href=\"http:\/\/amandine.quiriconi.fr\/wp-content\/uploads\/2011\/06\/Bandeau-tour-du-monde-BM.jpg\"><img loading=\"lazy\" decoding=\"async\" class=\"aligncenter size-full wp-image-374\" title=\"Bandeau-tour-du-monde-BM\" src=\"http:\/\/amandine.quiriconi.fr\/wp-content\/uploads\/2011\/06\/Bandeau-tour-du-monde-BM.jpg\" alt=\"\" width=\"600\" height=\"200\" srcset=\"http:\/\/amandine.quiriconi.fr\/wp-content\/uploads\/2011\/06\/Bandeau-tour-du-monde-BM.jpg 600w, http:\/\/amandine.quiriconi.fr\/wp-content\/uploads\/2011\/06\/Bandeau-tour-du-monde-BM-300x100.jpg 300w\" sizes=\"(max-width: 600px) 100vw, 600px\" \/><\/a><br \/>\n<\/em><\/strong><\/span><\/p>\n","protected":false},"excerpt":{"rendered":"<p>Rappelons-nous de ce dernier pays, le treizi\u00e8me sur lequel nous aurons eu le plaisir de nous pr\u00e9lasser\u2026 de d\u00e9couvrir les merveilles qu\u2019il s\u2019y cache. Mais avant tout le dernier pays de sacrifice routier\u00a0! Pour pouvoir nous rendre de David \u00e0 Almirante la liaison est un peu compliqu\u00e9e \u2026 Pas de bus de tourisme confortable et &hellip; <a class=\"read-excerpt\" href=\"http:\/\/amandine.quiriconi.fr\/?page_id=337\">Continuer la lecture <span class=\"meta-nav\">&raquo;<\/span><\/a><\/p>\n","protected":false},"author":1,"featured_media":0,"parent":122,"menu_order":0,"comment_status":"open","ping_status":"open","template":"","meta":{"footnotes":""},"class_list":["post-337","page","type-page","status-publish","hentry"],"_links":{"self":[{"href":"http:\/\/amandine.quiriconi.fr\/index.php?rest_route=\/wp\/v2\/pages\/337"}],"collection":[{"href":"http:\/\/amandine.quiriconi.fr\/index.php?rest_route=\/wp\/v2\/pages"}],"about":[{"href":"http:\/\/amandine.quiriconi.fr\/index.php?rest_route=\/wp\/v2\/types\/page"}],"author":[{"embeddable":true,"href":"http:\/\/amandine.quiriconi.fr\/index.php?rest_route=\/wp\/v2\/users\/1"}],"replies":[{"embeddable":true,"href":"http:\/\/amandine.quiriconi.fr\/index.php?rest_route=%2Fwp%2Fv2%2Fcomments&post=337"}],"version-history":[{"count":2,"href":"http:\/\/amandine.quiriconi.fr\/index.php?rest_route=\/wp\/v2\/pages\/337\/revisions"}],"predecessor-version":[{"id":376,"href":"http:\/\/amandine.quiriconi.fr\/index.php?rest_route=\/wp\/v2\/pages\/337\/revisions\/376"}],"up":[{"embeddable":true,"href":"http:\/\/amandine.quiriconi.fr\/index.php?rest_route=\/wp\/v2\/pages\/122"}],"wp:attachment":[{"href":"http:\/\/amandine.quiriconi.fr\/index.php?rest_route=%2Fwp%2Fv2%2Fmedia&parent=337"}],"curies":[{"name":"wp","href":"https:\/\/api.w.org\/{rel}","templated":true}]}}