{"id":294,"date":"2011-06-11T01:45:33","date_gmt":"2011-06-10T23:45:33","guid":{"rendered":"http:\/\/amandine.quiriconi.fr\/?page_id=294"},"modified":"2011-06-11T04:18:15","modified_gmt":"2011-06-11T02:18:15","slug":"2%c2%b0-le-costa-rica","status":"publish","type":"page","link":"http:\/\/amandine.quiriconi.fr\/?page_id=294","title":{"rendered":"2\u00b0 Le Costa Rica"},"content":{"rendered":"<p style=\"text-align: center;\"><a href=\"http:\/\/amandine.quiriconi.fr\/wp-content\/uploads\/2011\/06\/17.gif\"><img loading=\"lazy\" decoding=\"async\" class=\"aligncenter size-full wp-image-295\" title=\"17\" src=\"http:\/\/amandine.quiriconi.fr\/wp-content\/uploads\/2011\/06\/17.gif\" alt=\"\" width=\"350\" height=\"233\" srcset=\"http:\/\/amandine.quiriconi.fr\/wp-content\/uploads\/2011\/06\/17.gif 500w, http:\/\/amandine.quiriconi.fr\/wp-content\/uploads\/2011\/06\/17-300x199.gif 300w\" sizes=\"(max-width: 350px) 100vw, 350px\" \/><\/a><\/p>\n<p><span style=\"color: #ff6600;\"><strong><em><span style=\"text-decoration: underline;\">D\u00e9tails du P\u00e9riple Guatemala \u2013 Costa Rica\u00a0:<\/span><\/em><\/strong><\/span><\/p>\n<p>D\u00e9part de Flores pour Guatemala City\u00a0: 21h \u2013 5h30 (dur\u00e9e 8h30)<\/p>\n<p>8h d\u2019attente avant de repartir pour El Salvador\u00a0: 13h30 \u2013 18h30 (dur\u00e9e 5h)<\/p>\n<p style=\"text-align: left;\">8h30 d\u2019attente avant de se taper le plus long jusqu\u2019au Costa Rica\u00a0: 3h \u2013 22h (dur\u00e9e 19h)<\/p>\n<p style=\"text-align: left;\">Sans oublier tous les passages de fronti\u00e8re, souvent lourds et chauds\u00a0et payants pour certains !<em><span style=\"text-decoration: underline;\"> <\/span><\/em><\/p>\n<p style=\"text-align: left;\"><em><span style=\"text-decoration: underline;\">TOTAL<\/span><\/em> : <strong>49 heures\u00a0\u00a0\u00a0\u00a0 \ud83d\ude42<br \/>\n<\/strong><\/p>\n<p>Nous passerons la premi\u00e8re nuit costaricaine \u00e0 Puntarenas o\u00f9 l\u2019on aura vraiment appr\u00e9ci\u00e9 la Douche\u00a0! Cette ville de p\u00eacheur, qui serait l\u00e9g\u00e8rement morte et vraiment sans int\u00e9r\u00eats s\u2019il n\u2019y avait pas ce port, desservant la P\u00e9ninsule de Nicoya et ses \u00eeles. Alors on s\u2019\u00e9chappera \u00e0 vitesse grand V apr\u00e8s une bonne nuit dans un lit.<\/p>\n<p>C\u2019est reparti pour la for\u00eat tropicale humide d\u2019El Monte Verde,\u00a0 o\u00f9 faune et flore sont reines. Plus exactement Santa Elena et devinez comment . . . en bus\u00a0\u2026 3h30 de piste en plus\u00a0!<\/p>\n<p style=\"text-align: center;\"><a href=\"http:\/\/amandine.quiriconi.fr\/wp-content\/uploads\/2011\/06\/Rejoindre-Monte-Verde.jpg\"><img loading=\"lazy\" decoding=\"async\" class=\"aligncenter size-full wp-image-299\" title=\"Rejoindre Monte Verde\" src=\"http:\/\/amandine.quiriconi.fr\/wp-content\/uploads\/2011\/06\/Rejoindre-Monte-Verde.jpg\" alt=\"\" width=\"482\" height=\"361\" srcset=\"http:\/\/amandine.quiriconi.fr\/wp-content\/uploads\/2011\/06\/Rejoindre-Monte-Verde.jpg 803w, http:\/\/amandine.quiriconi.fr\/wp-content\/uploads\/2011\/06\/Rejoindre-Monte-Verde-300x224.jpg 300w\" sizes=\"(max-width: 482px) 100vw, 482px\" \/><\/a><\/p>\n<p><a href=\"http:\/\/amandine.quiriconi.fr\/wp-content\/uploads\/2011\/06\/D\u00e9or-\u00e0-lapproche-del-Monte-Verde.jpg\"><img loading=\"lazy\" decoding=\"async\" class=\"aligncenter size-full wp-image-300\" title=\"D\u00e9cors \u00e0 l'approche del Monte Verde\" src=\"http:\/\/amandine.quiriconi.fr\/wp-content\/uploads\/2011\/06\/D\u00e9or-\u00e0-lapproche-del-Monte-Verde.jpg\" alt=\"\" width=\"562\" height=\"421\" srcset=\"http:\/\/amandine.quiriconi.fr\/wp-content\/uploads\/2011\/06\/D\u00e9or-\u00e0-lapproche-del-Monte-Verde.jpg 803w, http:\/\/amandine.quiriconi.fr\/wp-content\/uploads\/2011\/06\/D\u00e9or-\u00e0-lapproche-del-Monte-Verde-300x224.jpg 300w\" sizes=\"(max-width: 562px) 100vw, 562px\" \/><\/a><\/p>\n<p>Deux petits jours d\u2019air frais o\u00f9 nous verrons un paresseux et son b\u00e9b\u00e9, ainsi que des minis colibris qui venaient manger devant la fen\u00eatre.<\/p>\n<p style=\"text-align: center;\"><a href=\"http:\/\/amandine.quiriconi.fr\/wp-content\/uploads\/2011\/06\/paresseux-\u00e0-poils-longs1.jpg\"><img loading=\"lazy\" decoding=\"async\" class=\"aligncenter size-full wp-image-303\" title=\"paresseux \u00e0 poils longs\" src=\"http:\/\/amandine.quiriconi.fr\/wp-content\/uploads\/2011\/06\/paresseux-\u00e0-poils-longs1.jpg\" alt=\"\" width=\"266\" height=\"400\" srcset=\"http:\/\/amandine.quiriconi.fr\/wp-content\/uploads\/2011\/06\/paresseux-\u00e0-poils-longs1.jpg 266w, http:\/\/amandine.quiriconi.fr\/wp-content\/uploads\/2011\/06\/paresseux-\u00e0-poils-longs1-199x300.jpg 199w\" sizes=\"(max-width: 266px) 100vw, 266px\" \/><\/a><\/p>\n<p style=\"text-align: center;\"><a href=\"http:\/\/amandine.quiriconi.fr\/wp-content\/uploads\/2011\/06\/Le-colibri-de-notre-fen\u00eatre.jpg\"><img loading=\"lazy\" decoding=\"async\" class=\"aligncenter size-full wp-image-301\" title=\"Le colibri de notre fen\u00eatre\" src=\"http:\/\/amandine.quiriconi.fr\/wp-content\/uploads\/2011\/06\/Le-colibri-de-notre-fen\u00eatre.jpg\" alt=\"\" width=\"421\" height=\"562\" srcset=\"http:\/\/amandine.quiriconi.fr\/wp-content\/uploads\/2011\/06\/Le-colibri-de-notre-fen\u00eatre.jpg 602w, http:\/\/amandine.quiriconi.fr\/wp-content\/uploads\/2011\/06\/Le-colibri-de-notre-fen\u00eatre-224x300.jpg 224w\" sizes=\"(max-width: 421px) 100vw, 421px\" \/><\/a><\/p>\n<p>Nous y sommes all\u00e9s pour essayer de d\u00e9couvrir ces animaux comme le jaguar, les singes \u00e0 face blanches, les capucins ou autres oiseaux qui vivent en paix dans le parc national, dont le fameux symbole du Guatemala\u00a0: le Quetzal. Un oiseau au plumage brillant vert \u00e9meraude et rouge\u2026rare \u00e0 observer.<\/p>\n<p>Nous auront la chance d\u2019en croiser un malgr\u00e9 tout, durant notre excursion sur des ponts suspendus (jusqu\u2019\u00e0 157m de long) dans cette for\u00eat riche en biodiversit\u00e9 naturelle. Mais la rencontre fut rapide ceci dit\u00a0!<\/p>\n<p>Bon pour la photo on a encore trich\u00e9! Mais cet oiseau est tellement beau qu\u2019il fallait vous le montrer.<\/p>\n<p><a href=\"http:\/\/amandine.quiriconi.fr\/wp-content\/uploads\/2011\/06\/Quetzal.jpg\"><img loading=\"lazy\" decoding=\"async\" class=\"aligncenter size-full wp-image-304\" title=\"Quetzal\" src=\"http:\/\/amandine.quiriconi.fr\/wp-content\/uploads\/2011\/06\/Quetzal.jpg\" alt=\"\" width=\"298\" height=\"650\" srcset=\"http:\/\/amandine.quiriconi.fr\/wp-content\/uploads\/2011\/06\/Quetzal.jpg 298w, http:\/\/amandine.quiriconi.fr\/wp-content\/uploads\/2011\/06\/Quetzal-137x300.jpg 137w\" sizes=\"(max-width: 298px) 100vw, 298px\" \/><\/a><\/p>\n<p>Une foret humide et vous comprendrez pourquoi &#8230;.<\/p>\n<p style=\"text-align: center;\"><a href=\"http:\/\/amandine.quiriconi.fr\/wp-content\/uploads\/2011\/06\/Dense-la-for\u00eat-dance.jpg\"><img loading=\"lazy\" decoding=\"async\" class=\"aligncenter size-full wp-image-322\" title=\"Dense la for\u00eat, dance\" src=\"http:\/\/amandine.quiriconi.fr\/wp-content\/uploads\/2011\/06\/Dense-la-for\u00eat-dance.jpg\" alt=\"\" width=\"421\" height=\"562\" srcset=\"http:\/\/amandine.quiriconi.fr\/wp-content\/uploads\/2011\/06\/Dense-la-for\u00eat-dance.jpg 602w, http:\/\/amandine.quiriconi.fr\/wp-content\/uploads\/2011\/06\/Dense-la-for\u00eat-dance-224x300.jpg 224w\" sizes=\"(max-width: 421px) 100vw, 421px\" \/><\/a><\/p>\n<p style=\"text-align: center;\"><a href=\"http:\/\/amandine.quiriconi.fr\/wp-content\/uploads\/2011\/06\/Riche-v\u00e9g\u00e9tation.jpg\"><img loading=\"lazy\" decoding=\"async\" class=\"aligncenter size-full wp-image-323\" title=\"Riche v\u00e9g\u00e9tation\" src=\"http:\/\/amandine.quiriconi.fr\/wp-content\/uploads\/2011\/06\/Riche-v\u00e9g\u00e9tation.jpg\" alt=\"\" width=\"642\" height=\"482\" srcset=\"http:\/\/amandine.quiriconi.fr\/wp-content\/uploads\/2011\/06\/Riche-v\u00e9g\u00e9tation.jpg 803w, http:\/\/amandine.quiriconi.fr\/wp-content\/uploads\/2011\/06\/Riche-v\u00e9g\u00e9tation-300x224.jpg 300w\" sizes=\"(max-width: 642px) 100vw, 642px\" \/><\/a><\/p>\n<p style=\"text-align: center;\"><a href=\"http:\/\/amandine.quiriconi.fr\/wp-content\/uploads\/2011\/06\/Sur-le-pont.jpg\"><img loading=\"lazy\" decoding=\"async\" class=\"aligncenter size-full wp-image-324\" title=\"Sur le pont\" src=\"http:\/\/amandine.quiriconi.fr\/wp-content\/uploads\/2011\/06\/Sur-le-pont.jpg\" alt=\"\" width=\"562\" height=\"421\" srcset=\"http:\/\/amandine.quiriconi.fr\/wp-content\/uploads\/2011\/06\/Sur-le-pont.jpg 803w, http:\/\/amandine.quiriconi.fr\/wp-content\/uploads\/2011\/06\/Sur-le-pont-300x224.jpg 300w\" sizes=\"(max-width: 562px) 100vw, 562px\" \/><\/a><\/p>\n<p style=\"text-align: center;\"><a href=\"http:\/\/amandine.quiriconi.fr\/wp-content\/uploads\/2011\/06\/Vue-du-pont.jpg\"><img loading=\"lazy\" decoding=\"async\" class=\"aligncenter size-full wp-image-325\" title=\"Vue du pont\" src=\"http:\/\/amandine.quiriconi.fr\/wp-content\/uploads\/2011\/06\/Vue-du-pont.jpg\" alt=\"\" width=\"482\" height=\"642\" \/><\/a><\/p>\n<p style=\"text-align: center;\"><a href=\"http:\/\/amandine.quiriconi.fr\/wp-content\/uploads\/2011\/06\/Dr\u00f4le-de-b\u00eate.jpg\"><img loading=\"lazy\" decoding=\"async\" class=\"aligncenter size-full wp-image-326\" title=\"Dr\u00f4le de b\u00eate\" src=\"http:\/\/amandine.quiriconi.fr\/wp-content\/uploads\/2011\/06\/Dr\u00f4le-de-b\u00eate.jpg\" alt=\"\" width=\"421\" height=\"562\" srcset=\"http:\/\/amandine.quiriconi.fr\/wp-content\/uploads\/2011\/06\/Dr\u00f4le-de-b\u00eate.jpg 602w, http:\/\/amandine.quiriconi.fr\/wp-content\/uploads\/2011\/06\/Dr\u00f4le-de-b\u00eate-224x300.jpg 224w\" sizes=\"(max-width: 421px) 100vw, 421px\" \/><\/a><\/p>\n<p style=\"text-align: center;\"><a href=\"http:\/\/amandine.quiriconi.fr\/wp-content\/uploads\/2011\/06\/The-plantasse.jpg\"><img loading=\"lazy\" decoding=\"async\" class=\"aligncenter size-full wp-image-327\" title=\"The plantasse\" src=\"http:\/\/amandine.quiriconi.fr\/wp-content\/uploads\/2011\/06\/The-plantasse.jpg\" alt=\"\" width=\"421\" height=\"562\" srcset=\"http:\/\/amandine.quiriconi.fr\/wp-content\/uploads\/2011\/06\/The-plantasse.jpg 602w, http:\/\/amandine.quiriconi.fr\/wp-content\/uploads\/2011\/06\/The-plantasse-224x300.jpg 224w\" sizes=\"(max-width: 421px) 100vw, 421px\" \/><\/a><\/p>\n<p>En milieu d\u2019apr\u00e8s-midi,\u00a0 nous nous sommes rendus dans une exploitation de caf\u00e9.<\/p>\n<p>Le domaine de Don Juan\u00a0! Nous y avons appris pas mal de choses int\u00e9ressantes sur cette fameuse boisson chaude connu par le monde entier. Nous vous faisons notre bref expos\u00e9\u00a0!<\/p>\n<p style=\"text-align: center;\"><a href=\"http:\/\/amandine.quiriconi.fr\/wp-content\/uploads\/2011\/06\/Chez-Don-Juan.jpg\"><img loading=\"lazy\" decoding=\"async\" class=\"aligncenter size-full wp-image-305\" title=\"Chez Don Juan\" src=\"http:\/\/amandine.quiriconi.fr\/wp-content\/uploads\/2011\/06\/Chez-Don-Juan.jpg\" alt=\"\" width=\"562\" height=\"421\" srcset=\"http:\/\/amandine.quiriconi.fr\/wp-content\/uploads\/2011\/06\/Chez-Don-Juan.jpg 803w, http:\/\/amandine.quiriconi.fr\/wp-content\/uploads\/2011\/06\/Chez-Don-Juan-300x224.jpg 300w\" sizes=\"(max-width: 562px) 100vw, 562px\" \/><\/a><\/p>\n<p><span style=\"color: #993300;\"><strong><em> \u00b0 Origine du Caf\u00e9\u00a0:<\/em><\/strong><\/span><\/p>\n<p>Le premier caf\u00e9 viendrait d\u2019Ethiopie. Dans un premier temps, les gens l\u2019auraient essay\u00e9 en bouillon. Vu que le caf\u00e9 non torr\u00e9fi\u00e9 \u00e7a n\u2019a pas de go\u00fbt particulier, ils l\u2019ont jet\u00e9 au feu. Et c\u2019est \u00e0 ce moment l\u00e0, qu\u2019ils ont senti l\u2019ar\u00f4me du caf\u00e9.<\/p>\n<p>Il a ensuite \u00e9t\u00e9 d\u00e9couvert en Arabie saoudite, d\u2019o\u00f9 \u00ab\u00a0l\u2019Arabica\u00a0\u00bb (l\u2019un des meilleurs gustativement)\u00a0; puis ce fut le tour de l\u2019Indon\u00e9sie, l\u2019Europe et l\u2019Am\u00e9rique Centrale et les \u00eeles alentours.<\/p>\n<p><span style=\"color: #993300;\"><strong><em>\u00b0\u00a0 La vie de cette petite graine\u00a0:<\/em><\/strong><\/span><\/p>\n<p>Cette petite graine, qu\u2019est le caf\u00e9 est emmen\u00e9e en nurserie. Pour devenir\u00a0;<\/p>\n<p>&#8211;\u00a0\u00a0\u00a0\u00a0\u00a0\u00a0\u00a0\u00a0 un soldat<\/p>\n<p style=\"text-align: center;\"><a href=\"http:\/\/amandine.quiriconi.fr\/wp-content\/uploads\/2011\/06\/le-soldat.jpg\"><img loading=\"lazy\" decoding=\"async\" class=\"aligncenter size-full wp-image-306\" title=\"le soldat\" src=\"http:\/\/amandine.quiriconi.fr\/wp-content\/uploads\/2011\/06\/le-soldat.jpg\" alt=\"\" width=\"361\" height=\"482\" srcset=\"http:\/\/amandine.quiriconi.fr\/wp-content\/uploads\/2011\/06\/le-soldat.jpg 602w, http:\/\/amandine.quiriconi.fr\/wp-content\/uploads\/2011\/06\/le-soldat-224x300.jpg 224w\" sizes=\"(max-width: 361px) 100vw, 361px\" \/><\/a><\/p>\n<p>&#8211;\u00a0\u00a0\u00a0\u00a0\u00a0\u00a0\u00a0\u00a0 un papillon<\/p>\n<p style=\"text-align: center;\"><a href=\"http:\/\/amandine.quiriconi.fr\/wp-content\/uploads\/2011\/06\/Le-papillon.jpg\"><img loading=\"lazy\" decoding=\"async\" class=\"aligncenter size-full wp-image-307\" title=\"Le papillon\" src=\"http:\/\/amandine.quiriconi.fr\/wp-content\/uploads\/2011\/06\/Le-papillon.jpg\" alt=\"\" width=\"386\" height=\"289\" srcset=\"http:\/\/amandine.quiriconi.fr\/wp-content\/uploads\/2011\/06\/Le-papillon.jpg 803w, http:\/\/amandine.quiriconi.fr\/wp-content\/uploads\/2011\/06\/Le-papillon-300x224.jpg 300w\" sizes=\"(max-width: 386px) 100vw, 386px\" \/><\/a><\/p>\n<p>&#8211;\u00a0\u00a0\u00a0\u00a0\u00a0\u00a0\u00a0\u00a0 puis divis\u00e9e en pot avant d\u2019\u00eatre plant\u00e9e en terre.<\/p>\n<p style=\"text-align: center;\"><a href=\"http:\/\/amandine.quiriconi.fr\/wp-content\/uploads\/2011\/06\/Divis\u00e9-en-pot.jpg\"><img loading=\"lazy\" decoding=\"async\" class=\"aligncenter size-full wp-image-308\" title=\"Divis\u00e9 en pot\" src=\"http:\/\/amandine.quiriconi.fr\/wp-content\/uploads\/2011\/06\/Divis\u00e9-en-pot.jpg\" alt=\"\" width=\"361\" height=\"482\" srcset=\"http:\/\/amandine.quiriconi.fr\/wp-content\/uploads\/2011\/06\/Divis\u00e9-en-pot.jpg 602w, http:\/\/amandine.quiriconi.fr\/wp-content\/uploads\/2011\/06\/Divis\u00e9-en-pot-224x300.jpg 224w\" sizes=\"(max-width: 361px) 100vw, 361px\" \/><\/a><\/p>\n<p>Vient ensuite la r\u00e9colte. Les graines font un long chemin\u00a0;<\/p>\n<p>&#8211;\u00a0\u00a0\u00a0\u00a0\u00a0\u00a0\u00a0\u00a0 elles passent dans la machine \u00e0 \u00ab\u00a0d\u00e9pulper\u00a0\u00bb<\/p>\n<p><a href=\"http:\/\/amandine.quiriconi.fr\/wp-content\/uploads\/2011\/06\/Machine-\u00e0-d\u00e9pulper.jpg\"><img loading=\"lazy\" decoding=\"async\" class=\"aligncenter size-full wp-image-309\" title=\"Machine \u00e0 d\u00e9pulper\" src=\"http:\/\/amandine.quiriconi.fr\/wp-content\/uploads\/2011\/06\/Machine-\u00e0-d\u00e9pulper.jpg\" alt=\"\" width=\"482\" height=\"361\" srcset=\"http:\/\/amandine.quiriconi.fr\/wp-content\/uploads\/2011\/06\/Machine-\u00e0-d\u00e9pulper.jpg 803w, http:\/\/amandine.quiriconi.fr\/wp-content\/uploads\/2011\/06\/Machine-\u00e0-d\u00e9pulper-300x224.jpg 300w\" sizes=\"(max-width: 482px) 100vw, 482px\" \/><\/a>&#8211;\u00a0\u00a0\u00a0\u00a0\u00a0\u00a0\u00a0\u00a0 sont rinc\u00e9es<\/p>\n<p>&#8211;\u00a0\u00a0\u00a0\u00a0\u00a0\u00a0\u00a0\u00a0 s\u00e9ch\u00e9es au soleil pendant trois jours<\/p>\n<p><a href=\"http:\/\/amandine.quiriconi.fr\/wp-content\/uploads\/2011\/06\/S\u00e9ch\u00e9-au-soleil.jpg\"><img loading=\"lazy\" decoding=\"async\" class=\"aligncenter size-full wp-image-310\" title=\"S\u00e9ch\u00e9 au soleil\" src=\"http:\/\/amandine.quiriconi.fr\/wp-content\/uploads\/2011\/06\/S\u00e9ch\u00e9-au-soleil.jpg\" alt=\"\" width=\"482\" height=\"361\" srcset=\"http:\/\/amandine.quiriconi.fr\/wp-content\/uploads\/2011\/06\/S\u00e9ch\u00e9-au-soleil.jpg 803w, http:\/\/amandine.quiriconi.fr\/wp-content\/uploads\/2011\/06\/S\u00e9ch\u00e9-au-soleil-300x224.jpg 300w\" sizes=\"(max-width: 482px) 100vw, 482px\" \/><\/a>&#8211;\u00a0\u00a0\u00a0\u00a0\u00a0\u00a0\u00a0\u00a0 tri\u00e9es<\/p>\n<p>&#8211;\u00a0\u00a0\u00a0\u00a0\u00a0\u00a0\u00a0\u00a0 r\u00f4ties pendant 25 min (torr\u00e9faction)<\/p>\n<p>&#8211;\u00a0\u00a0\u00a0\u00a0\u00a0\u00a0\u00a0\u00a0 Emball\u00e9es<\/p>\n<p><a href=\"http:\/\/amandine.quiriconi.fr\/wp-content\/uploads\/2011\/06\/CAFE.jpg\"><img loading=\"lazy\" decoding=\"async\" class=\"aligncenter size-full wp-image-311\" title=\"CAFE\" src=\"http:\/\/amandine.quiriconi.fr\/wp-content\/uploads\/2011\/06\/CAFE.jpg\" alt=\"\" width=\"421\" height=\"562\" srcset=\"http:\/\/amandine.quiriconi.fr\/wp-content\/uploads\/2011\/06\/CAFE.jpg 602w, http:\/\/amandine.quiriconi.fr\/wp-content\/uploads\/2011\/06\/CAFE-224x300.jpg 224w\" sizes=\"(max-width: 421px) 100vw, 421px\" \/><\/a><span style=\"color: #993300;\"><strong><em> <\/em><\/strong><\/span><\/p>\n<p><span style=\"color: #993300;\"><strong><em>\u00b0\u00a0 Trois \u00e9l\u00e9ments importants pour un bon caf\u00e9\u00a0: <\/em><\/strong><\/span><\/p>\n<p>&#8211;\u00a0\u00a0\u00a0\u00a0\u00a0\u00a0\u00a0\u00a0 Altitude (ici \u00e0 peu pr\u00e8s 1200m)<\/p>\n<p>&#8211;\u00a0\u00a0\u00a0\u00a0\u00a0\u00a0\u00a0\u00a0 Taux d\u2019humidit\u00e9<\/p>\n<p>&#8211;\u00a0\u00a0\u00a0\u00a0\u00a0\u00a0\u00a0\u00a0 Temp\u00e9rature (entre les tropiques du cancer et su capricorne)<\/p>\n<p>Crit\u00e8re suppl\u00e9mentaire ici\u00a0; le sol volcanique, tr\u00e8s riche.<\/p>\n<p><span style=\"color: #993300;\"><strong><em>\u00b0\u00a0 Rendement :<\/em><\/strong><\/span><\/p>\n<p>Un arbre rend des fruits au bout de trois ans minimum. Ensuite la r\u00e9colte \u00e0 lieu deux fois par an. Jusqu\u2019\u00e0 des fois plus de 100 ans.<\/p>\n<p>Le meilleur rendement \u00e9tant de 3 \u00e0 25 ans, apr\u00e8s la quantit\u00e9 r\u00e9duit au fil des ann\u00e9es. En revanche il prend en qualit\u00e9. 25 kg \/ r\u00e9colte \/ arbre\u00a0; seulement 20 % deviendra du caf\u00e9. Le reste deviendra du compost chaud pour les futures r\u00e9coltes.<\/p>\n<p>Petite conclusion\u00a0: Un arbre centenaire donnera tr\u00e8s peu de caf\u00e9 mais de tr\u00e8s bonne qualit\u00e9 et donc tr\u00e8s cher. Le meilleur caf\u00e9 au monde serait vendu au Japon et couterait 60 $ la tasse\u00a0!<\/p>\n<p style=\"text-align: center;\"><a href=\"http:\/\/amandine.quiriconi.fr\/wp-content\/uploads\/2011\/06\/Le-caf\u00e9-sur-larbre.jpg\"><img loading=\"lazy\" decoding=\"async\" class=\"aligncenter size-full wp-image-312\" title=\"Le caf\u00e9 sur l'arbre\" src=\"http:\/\/amandine.quiriconi.fr\/wp-content\/uploads\/2011\/06\/Le-caf\u00e9-sur-larbre.jpg\" alt=\"\" width=\"361\" height=\"482\" srcset=\"http:\/\/amandine.quiriconi.fr\/wp-content\/uploads\/2011\/06\/Le-caf\u00e9-sur-larbre.jpg 602w, http:\/\/amandine.quiriconi.fr\/wp-content\/uploads\/2011\/06\/Le-caf\u00e9-sur-larbre-224x300.jpg 224w\" sizes=\"(max-width: 361px) 100vw, 361px\" \/><\/a><\/p>\n<p style=\"text-align: center;\">La fleur du caf\u00e9 !<\/p>\n<p style=\"text-align: center;\"><a href=\"http:\/\/amandine.quiriconi.fr\/wp-content\/uploads\/2011\/06\/La-fleur-du-caf\u00e9.jpg\"><img loading=\"lazy\" decoding=\"async\" class=\"aligncenter size-full wp-image-313\" title=\"La fleur du caf\u00e9\" src=\"http:\/\/amandine.quiriconi.fr\/wp-content\/uploads\/2011\/06\/La-fleur-du-caf\u00e9.jpg\" alt=\"\" width=\"361\" height=\"482\" srcset=\"http:\/\/amandine.quiriconi.fr\/wp-content\/uploads\/2011\/06\/La-fleur-du-caf\u00e9.jpg 602w, http:\/\/amandine.quiriconi.fr\/wp-content\/uploads\/2011\/06\/La-fleur-du-caf\u00e9-224x300.jpg 224w\" sizes=\"(max-width: 361px) 100vw, 361px\" \/><\/a><\/p>\n<p><span style=\"color: #993300;\"><strong><em>\u00b0\u00a0 Comment reconna\u00eetre un bon caf\u00e9\u00a0? <\/em><\/strong><\/span><\/p>\n<p>&#8211; si sur les emballages il y a inscrit \u00ab\u00a0s\u00e9ch\u00e9 au soleil\u00a0\u00bb<\/p>\n<p>&#8211; un caf\u00e9 dont l\u2019amertume est \u00e9lev\u00e9e n\u2019est pas forc\u00e9ment riche en gout. Il a \u00e9t\u00e9 simplement plus torr\u00e9fi\u00e9 voir plus brul\u00e9.<\/p>\n<p style=\"text-align: center;\"><em>Mais quoi qu\u2019il en soit le meilleur caf\u00e9, comme on nous l\u2019a dit, est celui que vous aimez !<\/em><\/p>\n<p style=\"text-align: center;\"><em>C&rsquo;est notre guide qui nous l&rsquo;a dit !!!<\/em><\/p>\n<p style=\"text-align: center;\"><em><a href=\"http:\/\/amandine.quiriconi.fr\/wp-content\/uploads\/2011\/06\/Guide-effemin\u00e9.jpg\"><img loading=\"lazy\" decoding=\"async\" class=\"aligncenter size-full wp-image-321\" title=\"Guide effemin\u00e9\" src=\"http:\/\/amandine.quiriconi.fr\/wp-content\/uploads\/2011\/06\/Guide-effemin\u00e9.jpg\" alt=\"\" width=\"421\" height=\"562\" srcset=\"http:\/\/amandine.quiriconi.fr\/wp-content\/uploads\/2011\/06\/Guide-effemin\u00e9.jpg 602w, http:\/\/amandine.quiriconi.fr\/wp-content\/uploads\/2011\/06\/Guide-effemin\u00e9-224x300.jpg 224w\" sizes=\"(max-width: 421px) 100vw, 421px\" \/><\/a><br \/>\n<\/em><\/p>\n<p><em><a href=\"http:\/\/amandine.quiriconi.fr\/wp-content\/uploads\/2011\/06\/Savourons-un-tr\u00e8s-bon-caf\u00e9.jpg\"><img loading=\"lazy\" decoding=\"async\" class=\"aligncenter size-full wp-image-314\" title=\"Savourons un tr\u00e8s bon caf\u00e9\" src=\"http:\/\/amandine.quiriconi.fr\/wp-content\/uploads\/2011\/06\/Savourons-un-tr\u00e8s-bon-caf\u00e9.jpg\" alt=\"\" width=\"482\" height=\"361\" srcset=\"http:\/\/amandine.quiriconi.fr\/wp-content\/uploads\/2011\/06\/Savourons-un-tr\u00e8s-bon-caf\u00e9.jpg 803w, http:\/\/amandine.quiriconi.fr\/wp-content\/uploads\/2011\/06\/Savourons-un-tr\u00e8s-bon-caf\u00e9-300x224.jpg 300w\" sizes=\"(max-width: 482px) 100vw, 482px\" \/><\/a><\/em><\/p>\n<p>Apr\u00e8s notre passage dans cette foret humide, bref arr\u00eat d\u2019une nuit et une journ\u00e9e \u00e0 San Jos\u00e9. Une nuit dans un backpacker enfin classe! Le premier depuis ce voyage&#8230;Il n&rsquo;est jamais trop tard !<\/p>\n<p><a href=\"http:\/\/amandine.quiriconi.fr\/wp-content\/uploads\/2011\/06\/Enfin-un-BP-correct.jpg\"><img loading=\"lazy\" decoding=\"async\" class=\"aligncenter size-full wp-image-315\" title=\"Enfin un BP correct\" src=\"http:\/\/amandine.quiriconi.fr\/wp-content\/uploads\/2011\/06\/Enfin-un-BP-correct.jpg\" alt=\"\" width=\"562\" height=\"421\" srcset=\"http:\/\/amandine.quiriconi.fr\/wp-content\/uploads\/2011\/06\/Enfin-un-BP-correct.jpg 803w, http:\/\/amandine.quiriconi.fr\/wp-content\/uploads\/2011\/06\/Enfin-un-BP-correct-300x224.jpg 300w\" sizes=\"(max-width: 562px) 100vw, 562px\" \/><\/a><\/p>\n<p>D\u00e9couverte de quelques places et du mus\u00e9e de l\u2019art et du design (avec ce jour l\u00e0 une expo sur les vieilles motos et Vespa). Journ\u00e9e sous la pluie\u00a0!<\/p>\n<p style=\"text-align: center;\"><a href=\"http:\/\/amandine.quiriconi.fr\/wp-content\/uploads\/2011\/06\/Place-de-la-d\u00e9mocratie.jpg\"><img loading=\"lazy\" decoding=\"async\" class=\"aligncenter size-full wp-image-316\" title=\"Place de la d\u00e9mocratie\" src=\"http:\/\/amandine.quiriconi.fr\/wp-content\/uploads\/2011\/06\/Place-de-la-d\u00e9mocratie.jpg\" alt=\"\" width=\"361\" height=\"482\" srcset=\"http:\/\/amandine.quiriconi.fr\/wp-content\/uploads\/2011\/06\/Place-de-la-d\u00e9mocratie.jpg 602w, http:\/\/amandine.quiriconi.fr\/wp-content\/uploads\/2011\/06\/Place-de-la-d\u00e9mocratie-224x300.jpg 224w\" sizes=\"(max-width: 361px) 100vw, 361px\" \/><\/a><em><strong><span style=\"color: #ff0000;\"> <\/span><\/strong><\/em><\/p>\n<p style=\"text-align: center;\"><em><strong><span style=\"color: #ff0000;\">1925<\/span><\/strong><\/em><\/p>\n<p style=\"text-align: center;\"><a href=\"http:\/\/amandine.quiriconi.fr\/wp-content\/uploads\/2011\/06\/Harley-Davidson-de-1925.jpg\"><img loading=\"lazy\" decoding=\"async\" class=\"aligncenter size-full wp-image-317\" title=\"Harley Davidson de 1925\" src=\"http:\/\/amandine.quiriconi.fr\/wp-content\/uploads\/2011\/06\/Harley-Davidson-de-1925.jpg\" alt=\"\" width=\"482\" height=\"361\" srcset=\"http:\/\/amandine.quiriconi.fr\/wp-content\/uploads\/2011\/06\/Harley-Davidson-de-1925.jpg 803w, http:\/\/amandine.quiriconi.fr\/wp-content\/uploads\/2011\/06\/Harley-Davidson-de-1925-300x224.jpg 300w\" sizes=\"(max-width: 482px) 100vw, 482px\" \/><\/a><em><strong><span style=\"color: #ff0000;\">1939<\/span><\/strong><\/em><\/p>\n<p style=\"text-align: center;\"><a href=\"http:\/\/amandine.quiriconi.fr\/wp-content\/uploads\/2011\/06\/Harley-Davidson-1939.jpg\"><img loading=\"lazy\" decoding=\"async\" class=\"aligncenter size-full wp-image-318\" title=\"Harley Davidson 1939\" src=\"http:\/\/amandine.quiriconi.fr\/wp-content\/uploads\/2011\/06\/Harley-Davidson-1939.jpg\" alt=\"\" width=\"482\" height=\"361\" srcset=\"http:\/\/amandine.quiriconi.fr\/wp-content\/uploads\/2011\/06\/Harley-Davidson-1939.jpg 803w, http:\/\/amandine.quiriconi.fr\/wp-content\/uploads\/2011\/06\/Harley-Davidson-1939-300x224.jpg 300w\" sizes=\"(max-width: 482px) 100vw, 482px\" \/><\/a><\/p>\n<p style=\"text-align: center;\"><a href=\"http:\/\/amandine.quiriconi.fr\/wp-content\/uploads\/2011\/06\/Barracuda.jpg\"><img loading=\"lazy\" decoding=\"async\" class=\"aligncenter size-full wp-image-319\" title=\"Barracuda\" src=\"http:\/\/amandine.quiriconi.fr\/wp-content\/uploads\/2011\/06\/Barracuda.jpg\" alt=\"\" width=\"562\" height=\"421\" srcset=\"http:\/\/amandine.quiriconi.fr\/wp-content\/uploads\/2011\/06\/Barracuda.jpg 803w, http:\/\/amandine.quiriconi.fr\/wp-content\/uploads\/2011\/06\/Barracuda-300x224.jpg 300w\" sizes=\"(max-width: 562px) 100vw, 562px\" \/><\/a><\/p>\n<p style=\"text-align: center;\"><a href=\"http:\/\/amandine.quiriconi.fr\/wp-content\/uploads\/2011\/06\/Hotesse.jpg\"><img loading=\"lazy\" decoding=\"async\" class=\"aligncenter size-full wp-image-320\" title=\"Hotesse\" src=\"http:\/\/amandine.quiriconi.fr\/wp-content\/uploads\/2011\/06\/Hotesse.jpg\" alt=\"\" width=\"562\" height=\"421\" srcset=\"http:\/\/amandine.quiriconi.fr\/wp-content\/uploads\/2011\/06\/Hotesse.jpg 803w, http:\/\/amandine.quiriconi.fr\/wp-content\/uploads\/2011\/06\/Hotesse-300x224.jpg 300w\" sizes=\"(max-width: 562px) 100vw, 562px\" \/><\/a><\/p>\n<p style=\"text-align: center;\"><strong><em><span style=\"color: #ff0000;\">Vespa 1971<\/span><\/em><\/strong><\/p>\n<p style=\"text-align: center;\"><a href=\"http:\/\/amandine.quiriconi.fr\/wp-content\/uploads\/2011\/06\/Vespa-deux-selles-1971.jpg\"><img loading=\"lazy\" decoding=\"async\" class=\"aligncenter size-full wp-image-328\" title=\"Vespa deux selles 1971\" src=\"http:\/\/amandine.quiriconi.fr\/wp-content\/uploads\/2011\/06\/Vespa-deux-selles-1971.jpg\" alt=\"\" width=\"482\" height=\"361\" srcset=\"http:\/\/amandine.quiriconi.fr\/wp-content\/uploads\/2011\/06\/Vespa-deux-selles-1971.jpg 803w, http:\/\/amandine.quiriconi.fr\/wp-content\/uploads\/2011\/06\/Vespa-deux-selles-1971-300x224.jpg 300w\" sizes=\"(max-width: 482px) 100vw, 482px\" \/><\/a><\/p>\n<p style=\"text-align: center;\"><a href=\"http:\/\/amandine.quiriconi.fr\/wp-content\/uploads\/2011\/06\/Vespa-modifi\u00e9.jpg\"><img loading=\"lazy\" decoding=\"async\" class=\"aligncenter size-full wp-image-329\" title=\"Vespa modifi\u00e9\" src=\"http:\/\/amandine.quiriconi.fr\/wp-content\/uploads\/2011\/06\/Vespa-modifi\u00e9.jpg\" alt=\"\" width=\"361\" height=\"482\" srcset=\"http:\/\/amandine.quiriconi.fr\/wp-content\/uploads\/2011\/06\/Vespa-modifi\u00e9.jpg 602w, http:\/\/amandine.quiriconi.fr\/wp-content\/uploads\/2011\/06\/Vespa-modifi\u00e9-224x300.jpg 224w\" sizes=\"(max-width: 361px) 100vw, 361px\" \/><\/a><\/p>\n<p>Vite regagnons les plages et le soleil \u2026<\/p>\n<p>Notre voyage au Costa Rica se terminera tout au sud du pays, plus exactement \u00e0 Puerto Jimenez dans la p\u00e9ninsule d\u2019Osa. Porte pour le parc national El Corcovado qui regroupe plus de 1500 esp\u00e8ces de plantes, 124 mammif\u00e8res (dont jaguars, tapirs ou pumas \u2026), 375 d\u2019oiseaux, 71 de reptiles, 48 d\u2019amphibiens, 40 de poissons, 6000 d\u2019insectes et j\u2019en passe \u2026 d\u2019o\u00f9 l\u2019importance de pr\u00e9server cette richesse\u00a0!<\/p>\n<p>Autant vous dire que les animaux ne font pas semblants d\u2019\u00eatre sauvages, c\u2019est pour cela qu\u2019il est n\u00e9cessaire de prendre un guide du genre Indiana Jones\u00a0! Seul hic, c\u2019est excessivement cher. Style, une journ\u00e9e au parc de 17km de marche dont une partie sur la plage (aucun int\u00e9r\u00eat et chiant) pour 170 dollars, en sachant que les animaux sortent plut\u00f4t la nuit.<\/p>\n<p>On aurait surement mieux fait d\u2019aller au Nord\u00a0!<\/p>\n<p>Alors les seules choses que l\u2019on aura pu s\u2019offrir, auront \u00e9t\u00e9 un bon repas avec du poisson frais et une nuit en backpacker.<\/p>\n<p style=\"text-align: center;\"><a href=\"http:\/\/amandine.quiriconi.fr\/wp-content\/uploads\/2011\/06\/Couch\u00e9-de-soleil-puerto-jimenez.jpg\"><img loading=\"lazy\" decoding=\"async\" class=\"aligncenter size-full wp-image-330\" title=\"Couch\u00e9 de soleil puerto jimenez\" src=\"http:\/\/amandine.quiriconi.fr\/wp-content\/uploads\/2011\/06\/Couch\u00e9-de-soleil-puerto-jimenez.jpg\" alt=\"\" width=\"482\" height=\"642\" \/><\/a><\/p>\n<p style=\"text-align: center;\"><a href=\"http:\/\/amandine.quiriconi.fr\/wp-content\/uploads\/2011\/06\/Couch\u00e9-de-soleil-puerto-jimenez-1.jpg\"><img loading=\"lazy\" decoding=\"async\" class=\"aligncenter size-full wp-image-331\" title=\"Couch\u00e9 de soleil puerto jimenez 1\" src=\"http:\/\/amandine.quiriconi.fr\/wp-content\/uploads\/2011\/06\/Couch\u00e9-de-soleil-puerto-jimenez-1.jpg\" alt=\"\" width=\"757\" height=\"167\" srcset=\"http:\/\/amandine.quiriconi.fr\/wp-content\/uploads\/2011\/06\/Couch\u00e9-de-soleil-puerto-jimenez-1.jpg 1081w, http:\/\/amandine.quiriconi.fr\/wp-content\/uploads\/2011\/06\/Couch\u00e9-de-soleil-puerto-jimenez-1-300x66.jpg 300w, http:\/\/amandine.quiriconi.fr\/wp-content\/uploads\/2011\/06\/Couch\u00e9-de-soleil-puerto-jimenez-1-1024x225.jpg 1024w\" sizes=\"(max-width: 757px) 100vw, 757px\" \/><\/a><\/p>\n<p>Reprenons la route, direction le Panama, sans perdre une nuit de plus\u2026 ni d\u00e9penser plus d\u2019argent, car le pays est tr\u00e8s cher et financi\u00e8rement nous sommes en fond de calles\u00a0! Puis nous voulons surtout passer en mode vacances. Oui en vacances\u00a0! Certains confondent les termes \u00ab\u00a0vacances\u00a0\u00bb et \u00ab\u00a0voyage\u00a0\u00bb choses bien diff\u00e9rentes\u00a0!<\/p>\n<p style=\"text-align: center;\"><a href=\"http:\/\/amandine.quiriconi.fr\/wp-content\/uploads\/2011\/06\/Ptite-case-perdue.jpg\"><img loading=\"lazy\" decoding=\"async\" class=\"aligncenter size-full wp-image-332\" title=\"Ptite case perdue\" src=\"http:\/\/amandine.quiriconi.fr\/wp-content\/uploads\/2011\/06\/Ptite-case-perdue.jpg\" alt=\"\" width=\"562\" height=\"421\" srcset=\"http:\/\/amandine.quiriconi.fr\/wp-content\/uploads\/2011\/06\/Ptite-case-perdue.jpg 803w, http:\/\/amandine.quiriconi.fr\/wp-content\/uploads\/2011\/06\/Ptite-case-perdue-300x224.jpg 300w\" sizes=\"(max-width: 562px) 100vw, 562px\" \/><\/a><\/p>\n<p>Nous avons envie de nous laisser aller, sans avoir \u00e0 faire de sac \u00e0 dos tous les soirs. Pas avoir \u00e0 planifier nos prochaines heures et surtout arr\u00eater un temps de prendre des bus\u2026Mathis tu avais bien raison, l\u2019Am\u00e9rique centrale c\u2019est un vrai d\u00e9fi de prendre des bus\u00a0!<\/p>\n<p style=\"text-align: center;\"><a href=\"http:\/\/amandine.quiriconi.fr\/wp-content\/uploads\/2011\/06\/Bast-et-Mandoux-en-combat.jpg\"><img loading=\"lazy\" decoding=\"async\" class=\"aligncenter size-full wp-image-333\" title=\"Bast et Mandoux en combat\" src=\"http:\/\/amandine.quiriconi.fr\/wp-content\/uploads\/2011\/06\/Bast-et-Mandoux-en-combat.jpg\" alt=\"\" width=\"562\" height=\"421\" srcset=\"http:\/\/amandine.quiriconi.fr\/wp-content\/uploads\/2011\/06\/Bast-et-Mandoux-en-combat.jpg 803w, http:\/\/amandine.quiriconi.fr\/wp-content\/uploads\/2011\/06\/Bast-et-Mandoux-en-combat-300x224.jpg 300w\" sizes=\"(max-width: 562px) 100vw, 562px\" \/><\/a><\/p>\n<p>&nbsp;<\/p>\n<p style=\"text-align: right;\"><strong><em>Sur ces belles paroles on vous souhaite une bonne semaine. Profitez de l\u2019accalmie, nous arrivons bient\u00f4t\u00a0! Et il restera au compteur un article. Alors restez connect\u00e9\u00a0!<\/em><\/strong><\/p>\n<p style=\"text-align: right;\"><strong><em>Bisous <\/em><\/strong><\/p>\n<p style=\"text-align: right;\"><strong><em><br \/>\n<\/em><\/strong><\/p>\n","protected":false},"excerpt":{"rendered":"<p>D\u00e9tails du P\u00e9riple Guatemala \u2013 Costa Rica\u00a0: D\u00e9part de Flores pour Guatemala City\u00a0: 21h \u2013 5h30 (dur\u00e9e 8h30) 8h d\u2019attente avant de repartir pour El Salvador\u00a0: 13h30 \u2013 18h30 (dur\u00e9e 5h) 8h30 d\u2019attente avant de se taper le plus long jusqu\u2019au Costa Rica\u00a0: 3h \u2013 22h (dur\u00e9e 19h) Sans oublier tous les passages de fronti\u00e8re, &hellip; <a class=\"read-excerpt\" href=\"http:\/\/amandine.quiriconi.fr\/?page_id=294\">Continuer la lecture <span class=\"meta-nav\">&raquo;<\/span><\/a><\/p>\n","protected":false},"author":1,"featured_media":0,"parent":122,"menu_order":0,"comment_status":"open","ping_status":"open","template":"","meta":{"footnotes":""},"class_list":["post-294","page","type-page","status-publish","hentry"],"_links":{"self":[{"href":"http:\/\/amandine.quiriconi.fr\/index.php?rest_route=\/wp\/v2\/pages\/294"}],"collection":[{"href":"http:\/\/amandine.quiriconi.fr\/index.php?rest_route=\/wp\/v2\/pages"}],"about":[{"href":"http:\/\/amandine.quiriconi.fr\/index.php?rest_route=\/wp\/v2\/types\/page"}],"author":[{"embeddable":true,"href":"http:\/\/amandine.quiriconi.fr\/index.php?rest_route=\/wp\/v2\/users\/1"}],"replies":[{"embeddable":true,"href":"http:\/\/amandine.quiriconi.fr\/index.php?rest_route=%2Fwp%2Fv2%2Fcomments&post=294"}],"version-history":[{"count":4,"href":"http:\/\/amandine.quiriconi.fr\/index.php?rest_route=\/wp\/v2\/pages\/294\/revisions"}],"predecessor-version":[{"id":298,"href":"http:\/\/amandine.quiriconi.fr\/index.php?rest_route=\/wp\/v2\/pages\/294\/revisions\/298"}],"up":[{"embeddable":true,"href":"http:\/\/amandine.quiriconi.fr\/index.php?rest_route=\/wp\/v2\/pages\/122"}],"wp:attachment":[{"href":"http:\/\/amandine.quiriconi.fr\/index.php?rest_route=%2Fwp%2Fv2%2Fmedia&parent=294"}],"curies":[{"name":"wp","href":"https:\/\/api.w.org\/{rel}","templated":true}]}}