{"id":268,"date":"2011-06-06T07:49:08","date_gmt":"2011-06-06T05:49:08","guid":{"rendered":"http:\/\/amandine.quiriconi.fr\/?page_id=268"},"modified":"2011-06-14T04:02:00","modified_gmt":"2011-06-14T02:02:00","slug":"1%c2%b0-le-guatemala","status":"publish","type":"page","link":"http:\/\/amandine.quiriconi.fr\/?page_id=268","title":{"rendered":"1\u00b0 Le Guatemala"},"content":{"rendered":"<p style=\"text-align: center;\"><a href=\"http:\/\/amandine.quiriconi.fr\/wp-content\/uploads\/2011\/06\/13.gif\"><img loading=\"lazy\" decoding=\"async\" class=\"aligncenter size-full wp-image-269\" title=\"13\" src=\"http:\/\/amandine.quiriconi.fr\/wp-content\/uploads\/2011\/06\/13.gif\" alt=\"\" width=\"350\" height=\"220\" srcset=\"http:\/\/amandine.quiriconi.fr\/wp-content\/uploads\/2011\/06\/13.gif 500w, http:\/\/amandine.quiriconi.fr\/wp-content\/uploads\/2011\/06\/13-300x188.gif 300w\" sizes=\"(max-width: 350px) 100vw, 350px\" \/><\/a><\/p>\n<p>On est sur les chapeaux de roues, derni\u00e8re ligne droite de ce tour du monde \u2026 alors ne prenons pas trop de retard\u00a0!<\/p>\n<p>Parlons de notre passage au Guatemala. Puisque nous y sommes rest\u00e9s que 2jours (temps oblige).<\/p>\n<p>Pour passer la fronti\u00e8re depuis Palenque (Mexique), nous avons pris \u2026 je vous vous laisse deviner\u00a0!? Un bus, oui oui\u00a0!!! A 6h du matin, pour rejoindre le bureau d\u2019immigration. Et faire ensuite une petite travers\u00e9e en bateau d\u2019une vingtaine de minutes.<\/p>\n<p style=\"text-align: center;\"><a href=\"http:\/\/amandine.quiriconi.fr\/wp-content\/uploads\/2011\/06\/La-fronti\u00e8re-du-Guatemala.jpg\"><img loading=\"lazy\" decoding=\"async\" class=\"aligncenter size-full wp-image-283\" title=\"La fronti\u00e8re du Guatemala\" src=\"http:\/\/amandine.quiriconi.fr\/wp-content\/uploads\/2011\/06\/La-fronti\u00e8re-du-Guatemala.jpg\" alt=\"\" width=\"482\" height=\"361\" srcset=\"http:\/\/amandine.quiriconi.fr\/wp-content\/uploads\/2011\/06\/La-fronti\u00e8re-du-Guatemala.jpg 803w, http:\/\/amandine.quiriconi.fr\/wp-content\/uploads\/2011\/06\/La-fronti\u00e8re-du-Guatemala-300x224.jpg 300w\" sizes=\"(max-width: 482px) 100vw, 482px\" \/><\/a><\/p>\n<p style=\"text-align: center;\"><strong><em><span style=\"color: #ff6600;\">Au bureau d&rsquo;immigration il y avait des canetons !<\/span><\/em><\/strong><\/p>\n<p><strong><em><span style=\"color: #ff6600;\"><a href=\"http:\/\/amandine.quiriconi.fr\/wp-content\/uploads\/2011\/06\/Saturnin-le-canard.jpg\"><img loading=\"lazy\" decoding=\"async\" class=\"aligncenter size-full wp-image-284\" title=\"Saturnin le canard\" src=\"http:\/\/amandine.quiriconi.fr\/wp-content\/uploads\/2011\/06\/Saturnin-le-canard.jpg\" alt=\"\" width=\"482\" height=\"361\" srcset=\"http:\/\/amandine.quiriconi.fr\/wp-content\/uploads\/2011\/06\/Saturnin-le-canard.jpg 803w, http:\/\/amandine.quiriconi.fr\/wp-content\/uploads\/2011\/06\/Saturnin-le-canard-300x224.jpg 300w\" sizes=\"(max-width: 482px) 100vw, 482px\" \/><\/a><\/span><\/em><\/strong>Pass\u00e9 le d\u00e9barquement, nous avons ensuite charg\u00e9 nos sacs dans un minibus, qui \u00e9tait d\u2019aspect l\u00e9g\u00e8rement crasseux et poussi\u00e9reux \u00e0 l\u2019int\u00e9rieur. On s\u2019est d\u2019abord demand\u00e9 pourquoi, puis nous avons vite compris.<\/p>\n<p style=\"text-align: center;\"><a href=\"http:\/\/amandine.quiriconi.fr\/wp-content\/uploads\/2011\/06\/Les-fameux-trajets-en-bus.jpg\"><img loading=\"lazy\" decoding=\"async\" class=\"aligncenter size-full wp-image-270\" title=\"Les fameux trajets en bus\" src=\"http:\/\/amandine.quiriconi.fr\/wp-content\/uploads\/2011\/06\/Les-fameux-trajets-en-bus.jpg\" alt=\"\" width=\"562\" height=\"421\" srcset=\"http:\/\/amandine.quiriconi.fr\/wp-content\/uploads\/2011\/06\/Les-fameux-trajets-en-bus.jpg 803w, http:\/\/amandine.quiriconi.fr\/wp-content\/uploads\/2011\/06\/Les-fameux-trajets-en-bus-300x224.jpg 300w\" sizes=\"(max-width: 562px) 100vw, 562px\" \/><\/a><\/p>\n<p>En r\u00e9alit\u00e9 les routes ne sont pas toutes recouvertes de bitume et pendant nos 5 heures \u00e0 bord de cet engin nous avons mang\u00e9 de la terre pendant 3 bonnes heures\u2026<\/p>\n<p>Et il faisait tellement chaud qu\u2019il \u00e9tait impossible de voyager toutes fen\u00eatres ferm\u00e9es\u2026Mais c\u2019\u00e9tait au risque de laisser rentrer cette d\u00e9licate poussi\u00e8re qui nous a s\u00e9ch\u00e9e les narines, la peau en passant par les cheveux\u2026 A croire que nous avions fait une s\u00e9ance pon\u00e7age sur le chantier\u00a0!<\/p>\n<p>Bien entendu la seule envie que nous avions apr\u00e8s tout \u00e7a c\u2019\u00e9tait de se rafraichir, prendre une douche et manger\u00a0! Parce que les repas sont l\u00e9g\u00e8rement mis de c\u00f4t\u00e9 pendant ces voyages\u2026<\/p>\n<p>Et c\u2019est \u00e0 Flores que nous arriverons. La ville est situ\u00e9e sur une \u00eele bord\u00e9e par un lac et, est en r\u00e9alit\u00e9 un bon point de d\u00e9part pour rejoindre le site arch\u00e9ologique Maya\u00a0; Tikal.<\/p>\n<p>On passera donc la nuit dans un backpacker pour quelques dollars avant de partir le lendemain matin sur les coups de 5h.<\/p>\n<p>Au programme, grosse matin\u00e9e (6h\/12h30) pour la visite de Tikal, avec guide s\u2019il vous plait\u00a0!<\/p>\n<p>Tikal est assez recul\u00e9 de toutes villes, mais est surtout perdu en pleine nature riche en faune et flore\u2026<\/p>\n<p>En premier lieu on pourrait dire que cela ressemble \u00e0 une for\u00eat normale et puis, assez vite, les arbres se densifient.<\/p>\n<p style=\"text-align: center;\"><a href=\"http:\/\/amandine.quiriconi.fr\/wp-content\/uploads\/2011\/06\/The-jungle.jpg\"><img loading=\"lazy\" decoding=\"async\" class=\"aligncenter size-full wp-image-275\" title=\"The jungle\" src=\"http:\/\/amandine.quiriconi.fr\/wp-content\/uploads\/2011\/06\/The-jungle.jpg\" alt=\"\" width=\"421\" height=\"562\" srcset=\"http:\/\/amandine.quiriconi.fr\/wp-content\/uploads\/2011\/06\/The-jungle.jpg 602w, http:\/\/amandine.quiriconi.fr\/wp-content\/uploads\/2011\/06\/The-jungle-224x300.jpg 224w\" sizes=\"(max-width: 421px) 100vw, 421px\" \/><\/a><\/p>\n<p style=\"text-align: center;\"><a href=\"http:\/\/amandine.quiriconi.fr\/wp-content\/uploads\/2011\/06\/Limmense-arbre-de-Tikal.jpg\"><img loading=\"lazy\" decoding=\"async\" class=\"aligncenter size-full wp-image-282\" title=\"L'immense arbre de Tikal\" src=\"http:\/\/amandine.quiriconi.fr\/wp-content\/uploads\/2011\/06\/Limmense-arbre-de-Tikal.jpg\" alt=\"\" width=\"423\" height=\"754\" srcset=\"http:\/\/amandine.quiriconi.fr\/wp-content\/uploads\/2011\/06\/Limmense-arbre-de-Tikal.jpg 423w, http:\/\/amandine.quiriconi.fr\/wp-content\/uploads\/2011\/06\/Limmense-arbre-de-Tikal-168x300.jpg 168w\" sizes=\"(max-width: 423px) 100vw, 423px\" \/><\/a><\/p>\n<p>Le ciel dispara\u00eet petit \u00e0 petit pour laisser place \u00e0 un tunnel vert et moite dont on ne voit pas toujours la fin. Nous voil\u00e0 lanc\u00e9s dans cette \u00ab\u00a0pampa\u00a0\u00bb suivant notre guide et la petite dizaine de jeunes qui sont avec nous. De puissantes odeurs v\u00e9g\u00e9tales flottent dans l&rsquo;air lourd. Des bruits tels que: craquements, cris d\u2019oiseaux en tout genre, grattements proches et m\u00eame rugissements au loin&#8230; (Les singes hurleurs sont l\u00e0\u00a0!)<\/p>\n<p style=\"text-align: center;\"><span style=\"color: #ff6600;\"><strong><em>Pas un singe hurleur mais Singe araign\u00e9e <\/em><\/strong><\/span><\/p>\n<p style=\"text-align: center;\"><a href=\"http:\/\/amandine.quiriconi.fr\/wp-content\/uploads\/2011\/06\/Le-singe-araign\u00e9e.jpg\"><img loading=\"lazy\" decoding=\"async\" class=\"aligncenter size-full wp-image-276\" title=\"Le singe araign\u00e9e\" src=\"http:\/\/amandine.quiriconi.fr\/wp-content\/uploads\/2011\/06\/Le-singe-araign\u00e9e.jpg\" alt=\"\" width=\"562\" height=\"421\" srcset=\"http:\/\/amandine.quiriconi.fr\/wp-content\/uploads\/2011\/06\/Le-singe-araign\u00e9e.jpg 803w, http:\/\/amandine.quiriconi.fr\/wp-content\/uploads\/2011\/06\/Le-singe-araign\u00e9e-300x224.jpg 300w\" sizes=\"(max-width: 562px) 100vw, 562px\" \/><\/a><\/p>\n<p style=\"text-align: center;\"><a href=\"http:\/\/amandine.quiriconi.fr\/wp-content\/uploads\/2011\/06\/Un-oiseau-aux-pattes-bien-color\u00e9es.jpg\"><img loading=\"lazy\" decoding=\"async\" class=\"aligncenter size-full wp-image-277\" title=\"Un oiseau aux pattes bien color\u00e9es\" src=\"http:\/\/amandine.quiriconi.fr\/wp-content\/uploads\/2011\/06\/Un-oiseau-aux-pattes-bien-color\u00e9es.jpg\" alt=\"\" width=\"384\" height=\"302\" srcset=\"http:\/\/amandine.quiriconi.fr\/wp-content\/uploads\/2011\/06\/Un-oiseau-aux-pattes-bien-color\u00e9es.jpg 640w, http:\/\/amandine.quiriconi.fr\/wp-content\/uploads\/2011\/06\/Un-oiseau-aux-pattes-bien-color\u00e9es-300x236.jpg 300w\" sizes=\"(max-width: 384px) 100vw, 384px\" \/><\/a><\/p>\n<p style=\"text-align: center;\"><a href=\"http:\/\/amandine.quiriconi.fr\/wp-content\/uploads\/2011\/06\/La-tarentule-de-tikal.jpg\"><img loading=\"lazy\" decoding=\"async\" class=\"aligncenter size-full wp-image-278\" title=\"La tarentule de tikal\" src=\"http:\/\/amandine.quiriconi.fr\/wp-content\/uploads\/2011\/06\/La-tarentule-de-tikal.jpg\" alt=\"\" width=\"562\" height=\"421\" srcset=\"http:\/\/amandine.quiriconi.fr\/wp-content\/uploads\/2011\/06\/La-tarentule-de-tikal.jpg 803w, http:\/\/amandine.quiriconi.fr\/wp-content\/uploads\/2011\/06\/La-tarentule-de-tikal-300x224.jpg 300w\" sizes=\"(max-width: 562px) 100vw, 562px\" \/><\/a><\/p>\n<p>Des animaux invisibles font quelques bruits par ci par l\u00e0 mais rien de bien concret\u00a0! Puis au d\u00e9tour du chemin, un coati, \u00e0\u00a0peine m\u00e9fiant, traverse le passage avec sa d\u00e9marche chaloup\u00e9e\u00a0!!!<\/p>\n<p style=\"text-align: center;\"><a href=\"http:\/\/amandine.quiriconi.fr\/wp-content\/uploads\/2011\/06\/Coati-1.jpg\"><img loading=\"lazy\" decoding=\"async\" class=\"aligncenter size-full wp-image-271\" title=\"Coati 1\" src=\"http:\/\/amandine.quiriconi.fr\/wp-content\/uploads\/2011\/06\/Coati-1.jpg\" alt=\"\" width=\"562\" height=\"421\" srcset=\"http:\/\/amandine.quiriconi.fr\/wp-content\/uploads\/2011\/06\/Coati-1.jpg 803w, http:\/\/amandine.quiriconi.fr\/wp-content\/uploads\/2011\/06\/Coati-1-300x224.jpg 300w\" sizes=\"(max-width: 562px) 100vw, 562px\" \/><\/a><\/p>\n<p style=\"text-align: center;\"><a href=\"http:\/\/amandine.quiriconi.fr\/wp-content\/uploads\/2011\/06\/Coati.jpg\"><img loading=\"lazy\" decoding=\"async\" class=\"aligncenter size-full wp-image-272\" title=\"Coati\" src=\"http:\/\/amandine.quiriconi.fr\/wp-content\/uploads\/2011\/06\/Coati.jpg\" alt=\"\" width=\"482\" height=\"361\" srcset=\"http:\/\/amandine.quiriconi.fr\/wp-content\/uploads\/2011\/06\/Coati.jpg 803w, http:\/\/amandine.quiriconi.fr\/wp-content\/uploads\/2011\/06\/Coati-300x224.jpg 300w\" sizes=\"(max-width: 482px) 100vw, 482px\" \/><\/a><\/p>\n<p>Et au loin, perch\u00e9 sur la plus haute branche, un toucan\u00a0! Bon la photo on l\u2019avoue, ce n\u2019est pas la n\u00f4tre mais c\u2019est celui-ci que nous avons observ\u00e9 un moment avant qu\u2019il reprenne son envol\u00a0!<\/p>\n<p>Le site est tr\u00e8s beau et nous a rappel\u00e9 la partie sauvage du site d\u2019Angkor (Cambodge) la chaleur \u00e9touffante en plus\u00a0!<\/p>\n<p style=\"text-align: center;\"><a href=\"http:\/\/amandine.quiriconi.fr\/wp-content\/uploads\/2011\/06\/Le-toucan.jpg\"><img loading=\"lazy\" decoding=\"async\" class=\"aligncenter size-full wp-image-273\" title=\"Le toucan\" src=\"http:\/\/amandine.quiriconi.fr\/wp-content\/uploads\/2011\/06\/Le-toucan.jpg\" alt=\"\" width=\"448\" height=\"382\" srcset=\"http:\/\/amandine.quiriconi.fr\/wp-content\/uploads\/2011\/06\/Le-toucan.jpg 640w, http:\/\/amandine.quiriconi.fr\/wp-content\/uploads\/2011\/06\/Le-toucan-300x255.jpg 300w\" sizes=\"(max-width: 448px) 100vw, 448px\" \/><\/a><\/p>\n<p style=\"text-align: center;\"><a href=\"http:\/\/amandine.quiriconi.fr\/wp-content\/uploads\/2011\/06\/Temple-4-de-Tikal.jpg\"><img loading=\"lazy\" decoding=\"async\" class=\"aligncenter size-full wp-image-274\" title=\"Temple 4 de Tikal\" src=\"http:\/\/amandine.quiriconi.fr\/wp-content\/uploads\/2011\/06\/Temple-4-de-Tikal.jpg\" alt=\"\" width=\"482\" height=\"361\" srcset=\"http:\/\/amandine.quiriconi.fr\/wp-content\/uploads\/2011\/06\/Temple-4-de-Tikal.jpg 803w, http:\/\/amandine.quiriconi.fr\/wp-content\/uploads\/2011\/06\/Temple-4-de-Tikal-300x224.jpg 300w\" sizes=\"(max-width: 482px) 100vw, 482px\" \/><\/a><\/p>\n<p style=\"text-align: center;\"><a href=\"http:\/\/amandine.quiriconi.fr\/wp-content\/uploads\/2011\/06\/Le-maitre-du-temple.jpg\"><img loading=\"lazy\" decoding=\"async\" class=\"aligncenter size-full wp-image-279\" title=\"Le maitre du temple\" src=\"http:\/\/amandine.quiriconi.fr\/wp-content\/uploads\/2011\/06\/Le-maitre-du-temple.jpg\" alt=\"\" width=\"482\" height=\"361\" srcset=\"http:\/\/amandine.quiriconi.fr\/wp-content\/uploads\/2011\/06\/Le-maitre-du-temple.jpg 803w, http:\/\/amandine.quiriconi.fr\/wp-content\/uploads\/2011\/06\/Le-maitre-du-temple-300x224.jpg 300w\" sizes=\"(max-width: 482px) 100vw, 482px\" \/><\/a><\/p>\n<p style=\"text-align: center;\"><a href=\"http:\/\/amandine.quiriconi.fr\/wp-content\/uploads\/2011\/06\/Temple-6-de-Tikal.jpg\"><img loading=\"lazy\" decoding=\"async\" class=\"aligncenter size-full wp-image-280\" title=\"Temple 6 de Tikal\" src=\"http:\/\/amandine.quiriconi.fr\/wp-content\/uploads\/2011\/06\/Temple-6-de-Tikal.jpg\" alt=\"\" width=\"482\" height=\"642\" \/><\/a><\/p>\n<p style=\"text-align: center;\"><a href=\"http:\/\/amandine.quiriconi.fr\/wp-content\/uploads\/2011\/06\/Dernier-temple.jpg\"><img loading=\"lazy\" decoding=\"async\" class=\"aligncenter size-full wp-image-281\" title=\"Dernier temple\" src=\"http:\/\/amandine.quiriconi.fr\/wp-content\/uploads\/2011\/06\/Dernier-temple.jpg\" alt=\"\" width=\"421\" height=\"562\" srcset=\"http:\/\/amandine.quiriconi.fr\/wp-content\/uploads\/2011\/06\/Dernier-temple.jpg 602w, http:\/\/amandine.quiriconi.fr\/wp-content\/uploads\/2011\/06\/Dernier-temple-224x300.jpg 224w\" sizes=\"(max-width: 421px) 100vw, 421px\" \/><\/a><\/p>\n<p>Reprenons notre minibus pour rejoindre \u00e0 nouveau l\u2019\u00eele de Flores. Partons nager quelque peu dans cette eau l\u00e9g\u00e8rement vaseuse d\u2019une temp\u00e9rature aussi \u00e9lev\u00e9e que l\u2019ext\u00e9rieur. En plus Bastien sera venu au secours des demoiselles du ponton o\u00f9 nous avons fais bronzette.<\/p>\n<p style=\"text-align: center;\"><a href=\"http:\/\/amandine.quiriconi.fr\/wp-content\/uploads\/2011\/06\/le-ponton-du-lac.jpg\"><img loading=\"lazy\" decoding=\"async\" class=\"aligncenter size-full wp-image-285\" title=\"le ponton du lac\" src=\"http:\/\/amandine.quiriconi.fr\/wp-content\/uploads\/2011\/06\/le-ponton-du-lac.jpg\" alt=\"\" width=\"421\" height=\"562\" srcset=\"http:\/\/amandine.quiriconi.fr\/wp-content\/uploads\/2011\/06\/le-ponton-du-lac.jpg 602w, http:\/\/amandine.quiriconi.fr\/wp-content\/uploads\/2011\/06\/le-ponton-du-lac-224x300.jpg 224w\" sizes=\"(max-width: 421px) 100vw, 421px\" \/><\/a><\/p>\n<p style=\"text-align: center;\"><span style=\"color: #ff6600;\"><em><strong>Le coucher du Soleil de Flores <\/strong><\/em><\/span><\/p>\n<p><span style=\"color: #ff6600;\"><em><strong><a href=\"http:\/\/amandine.quiriconi.fr\/wp-content\/uploads\/2011\/06\/Le-coucher-de-soleil-de-flores.jpg\"><img loading=\"lazy\" decoding=\"async\" class=\"aligncenter size-full wp-image-286\" title=\"Le coucher de soleil de flores\" src=\"http:\/\/amandine.quiriconi.fr\/wp-content\/uploads\/2011\/06\/Le-coucher-de-soleil-de-flores.jpg\" alt=\"\" width=\"562\" height=\"421\" srcset=\"http:\/\/amandine.quiriconi.fr\/wp-content\/uploads\/2011\/06\/Le-coucher-de-soleil-de-flores.jpg 803w, http:\/\/amandine.quiriconi.fr\/wp-content\/uploads\/2011\/06\/Le-coucher-de-soleil-de-flores-300x224.jpg 300w\" sizes=\"(max-width: 562px) 100vw, 562px\" \/><\/a><\/strong><\/em><\/span><\/p>\n<p>L\u2019une avait perdu dans l\u2019eau ses lunettes de vue, et l\u2019autre la clef de sa chambre\u2026 (Un peu sottes ces filles\u00a0!)\u00a0 Sauf que comme on vous l\u2019a dit plus haut, l\u2019eau de ce lac est trouble mais surtout envahie d\u2019algues. C\u2019\u00e9tait plut\u00f4t ragoutant mais bien sur Bastien n\u2019a pas pu r\u00e9sister \u00e0 l\u2019envie de farfouiller sous l\u2019eau\u00a0et de retrouver les dites choses perdues\u00a0!<\/p>\n<p>Ce fut le h\u00e9ros de ce moment pour ces demoiselles\u2026mais pop pop pop ne vous excitez pas les filles, ce mec est pris\u00a0!<\/p>\n<p>Une fois ce moment de gloire pass\u00e9, nous voil\u00e0 sur le quai attendant notre bus pour rejoindre le Costa Rica. Mais pas de ligne directe pour cette derni\u00e8re destination\u2026 Il nous faudra donc traverser une partie du Guatemala. Le Salvador, le Honduras et le Nicaragua pour enfin arriver \u00e0 Puntarenas au Costa Rica o\u00f9 nous passerons la nuit.<\/p>\n<p style=\"text-align: center;\"><a href=\"http:\/\/amandine.quiriconi.fr\/wp-content\/uploads\/2011\/06\/Le-d\u00e9part-pour-le-Costa-Rica.jpg\"><img loading=\"lazy\" decoding=\"async\" class=\"aligncenter size-full wp-image-287\" title=\"Le d\u00e9part pour le Costa Rica\" src=\"http:\/\/amandine.quiriconi.fr\/wp-content\/uploads\/2011\/06\/Le-d\u00e9part-pour-le-Costa-Rica.jpg\" alt=\"\" width=\"337\" height=\"450\" srcset=\"http:\/\/amandine.quiriconi.fr\/wp-content\/uploads\/2011\/06\/Le-d\u00e9part-pour-le-Costa-Rica.jpg 602w, http:\/\/amandine.quiriconi.fr\/wp-content\/uploads\/2011\/06\/Le-d\u00e9part-pour-le-Costa-Rica-224x300.jpg 224w\" sizes=\"(max-width: 337px) 100vw, 337px\" \/><\/a><\/p>\n<p>Mais comme d\u2019habitude, parce qu\u2019il y a toujours des \u00ab\u00a0mais\u00a0\u00bb dans nos r\u00e9cits\u2026On aura eu un autre probl\u00e8me de carte bleue dans la capitale du Salvador. Impossible de retirer de l\u2019argent pour payer nos billets de bus pour poursuivre notre chemin. Il \u00e9tait impossible aussi de payer par carte ces fameux billets, car ils le refusaient\u2026 Just Cash\u00a0!<\/p>\n<p>En demandant \u00e0 nouveau \u00e0 ce fast food de poulet \u00ab\u00a0Wendy\u00a0\u00bb o\u00f9 nous \u00e9tions d\u00e9j\u00e0 pass\u00e9s et en r\u00e9expliquant nos soucis \u00e0 la direction. Une femme s\u2019est dirig\u00e9e vers nous et nous a tendu 5 $, qu\u2019on a refus\u00e9s de honte.Puis apr\u00e8s quelques h\u00e9sitations, nous avons accept\u00e9\u00a0! 5$ dans cette situation, \u00e7a ne se refuse pas. Ces fameux nous ont permis de prendre un taxi pour aller directement \u00e0 l\u2019autre station de bus, o\u00f9 il \u00e9tait possible de payer par carte. En attendant l\u00e0 bas, on a r\u00e9essay\u00e9 un distributeur automatique et l\u00e0 Comme par hasard, 300 $ sortent de la machine\u00a0!<\/p>\n<p style=\"text-align: center;\"><em><span style=\"color: #ff6600;\"><strong>Les 5$ de la victoire !<\/strong><\/span><\/em><\/p>\n<p style=\"text-align: center;\"><a href=\"http:\/\/amandine.quiriconi.fr\/wp-content\/uploads\/2011\/06\/El-Salvador-et-ses-5-dollars.jpg\"><img loading=\"lazy\" decoding=\"async\" class=\"aligncenter size-full wp-image-288\" title=\"El Salvador et ses 5 dollars\" src=\"http:\/\/amandine.quiriconi.fr\/wp-content\/uploads\/2011\/06\/El-Salvador-et-ses-5-dollars.jpg\" alt=\"\" width=\"482\" height=\"361\" srcset=\"http:\/\/amandine.quiriconi.fr\/wp-content\/uploads\/2011\/06\/El-Salvador-et-ses-5-dollars.jpg 803w, http:\/\/amandine.quiriconi.fr\/wp-content\/uploads\/2011\/06\/El-Salvador-et-ses-5-dollars-300x224.jpg 300w\" sizes=\"(max-width: 482px) 100vw, 482px\" \/><\/a><\/p>\n<p>C\u2019\u00e9tait quand m\u00eame une histoire\u00a0! Parce qu\u2019\u00e0 21h \u00e0 El Salvador, sans sous et sans endroit pour dormir on n\u2019\u00e9tait pas tr\u00e8s fier. Et en attendant sur le parking des bus, nous avons \u00e9t\u00e9 convoit\u00e9s par un Salvadorien \u00e0 passer la nuit dans un bar avec ses potes. Histoire de ne pas attendre notre bus 8h seuls et ne pas d\u00e9penser d\u2019argent pour aller \u00e0 l\u2019h\u00f4tel\u2026 Alors nous sommes partis dans son camion Volkswagen \u00ab\u00a0Scooby doo\u00a0\u00bb arpenter deux bars pour tuer le temps et faire connaissance.Nous apprendrons que Rodolfo est peintre, qu\u2019il parle fran\u00e7ais et qu\u2019il voyage beaucoup gr\u00e2ce \u00e0 son m\u00e9tier.<\/p>\n<p>Nous nous quitterons en temps et en heure, pour s\u2019enfiler les 19 heures de trajet qui nous restait\u00a0!<\/p>\n<p style=\"text-align: center;\"><a href=\"http:\/\/amandine.quiriconi.fr\/wp-content\/uploads\/2011\/06\/El-Salvador-avec-Rodolfo.jpg\"><img loading=\"lazy\" decoding=\"async\" class=\"aligncenter size-full wp-image-289\" title=\"El Salvador avec Rodolfo\" src=\"http:\/\/amandine.quiriconi.fr\/wp-content\/uploads\/2011\/06\/El-Salvador-avec-Rodolfo.jpg\" alt=\"\" width=\"562\" height=\"421\" srcset=\"http:\/\/amandine.quiriconi.fr\/wp-content\/uploads\/2011\/06\/El-Salvador-avec-Rodolfo.jpg 803w, http:\/\/amandine.quiriconi.fr\/wp-content\/uploads\/2011\/06\/El-Salvador-avec-Rodolfo-300x224.jpg 300w\" sizes=\"(max-width: 562px) 100vw, 562px\" \/><\/a><\/p>\n<p style=\"text-align: center;\"><a href=\"http:\/\/amandine.quiriconi.fr\/wp-content\/uploads\/2011\/06\/El-Salvador-Lultime-soir\u00e9e.jpg\"><img loading=\"lazy\" decoding=\"async\" class=\"aligncenter size-full wp-image-290\" title=\"El Salvador L'ultime soir\u00e9e\" src=\"http:\/\/amandine.quiriconi.fr\/wp-content\/uploads\/2011\/06\/El-Salvador-Lultime-soir\u00e9e.jpg\" alt=\"\" width=\"562\" height=\"421\" srcset=\"http:\/\/amandine.quiriconi.fr\/wp-content\/uploads\/2011\/06\/El-Salvador-Lultime-soir\u00e9e.jpg 803w, http:\/\/amandine.quiriconi.fr\/wp-content\/uploads\/2011\/06\/El-Salvador-Lultime-soir\u00e9e-300x224.jpg 300w\" sizes=\"(max-width: 562px) 100vw, 562px\" \/><\/a><\/p>\n<p style=\"text-align: right;\"><strong><em>Sur ces belles paroles on vous souhaite une bonne semaine. Profitez de l\u2019accalmie, nous arrivons bient\u00f4t\u00a0!<\/em><\/strong><\/p>\n<p style=\"text-align: right;\"><strong><em>BISOUS tout doux<br \/>\n<\/em><\/strong><\/p>\n","protected":false},"excerpt":{"rendered":"<p>On est sur les chapeaux de roues, derni\u00e8re ligne droite de ce tour du monde \u2026 alors ne prenons pas trop de retard\u00a0! Parlons de notre passage au Guatemala. Puisque nous y sommes rest\u00e9s que 2jours (temps oblige). Pour passer la fronti\u00e8re depuis Palenque (Mexique), nous avons pris \u2026 je vous vous laisse deviner\u00a0!? Un &hellip; <a class=\"read-excerpt\" href=\"http:\/\/amandine.quiriconi.fr\/?page_id=268\">Continuer la lecture <span class=\"meta-nav\">&raquo;<\/span><\/a><\/p>\n","protected":false},"author":1,"featured_media":0,"parent":122,"menu_order":0,"comment_status":"open","ping_status":"open","template":"","meta":{"footnotes":""},"class_list":["post-268","page","type-page","status-publish","hentry"],"_links":{"self":[{"href":"http:\/\/amandine.quiriconi.fr\/index.php?rest_route=\/wp\/v2\/pages\/268"}],"collection":[{"href":"http:\/\/amandine.quiriconi.fr\/index.php?rest_route=\/wp\/v2\/pages"}],"about":[{"href":"http:\/\/amandine.quiriconi.fr\/index.php?rest_route=\/wp\/v2\/types\/page"}],"author":[{"embeddable":true,"href":"http:\/\/amandine.quiriconi.fr\/index.php?rest_route=\/wp\/v2\/users\/1"}],"replies":[{"embeddable":true,"href":"http:\/\/amandine.quiriconi.fr\/index.php?rest_route=%2Fwp%2Fv2%2Fcomments&post=268"}],"version-history":[{"count":4,"href":"http:\/\/amandine.quiriconi.fr\/index.php?rest_route=\/wp\/v2\/pages\/268\/revisions"}],"predecessor-version":[{"id":335,"href":"http:\/\/amandine.quiriconi.fr\/index.php?rest_route=\/wp\/v2\/pages\/268\/revisions\/335"}],"up":[{"embeddable":true,"href":"http:\/\/amandine.quiriconi.fr\/index.php?rest_route=\/wp\/v2\/pages\/122"}],"wp:attachment":[{"href":"http:\/\/amandine.quiriconi.fr\/index.php?rest_route=%2Fwp%2Fv2%2Fmedia&parent=268"}],"curies":[{"name":"wp","href":"https:\/\/api.w.org\/{rel}","templated":true}]}}