{"id":219,"date":"2011-06-01T22:56:23","date_gmt":"2011-06-01T20:56:23","guid":{"rendered":"http:\/\/amandine.quiriconi.fr\/?page_id=219"},"modified":"2011-06-02T04:04:38","modified_gmt":"2011-06-02T02:04:38","slug":"le-mexique","status":"publish","type":"page","link":"http:\/\/amandine.quiriconi.fr\/?page_id=219","title":{"rendered":"Le Mexique"},"content":{"rendered":"<p style=\"text-align: center;\"><a href=\"http:\/\/amandine.quiriconi.fr\/wp-content\/uploads\/2011\/06\/mexique-drapeau.jpg\"><img loading=\"lazy\" decoding=\"async\" class=\"aligncenter size-full wp-image-220\" title=\"mexique-drapeau\" src=\"http:\/\/amandine.quiriconi.fr\/wp-content\/uploads\/2011\/06\/mexique-drapeau.jpg\" alt=\"\" width=\"343\" height=\"229\" srcset=\"http:\/\/amandine.quiriconi.fr\/wp-content\/uploads\/2011\/06\/mexique-drapeau.jpg 490w, http:\/\/amandine.quiriconi.fr\/wp-content\/uploads\/2011\/06\/mexique-drapeau-300x200.jpg 300w\" sizes=\"(max-width: 343px) 100vw, 343px\" \/><\/a><\/p>\n<p>Arriv\u00e9e le dimanche 15 Mai \u00e0 Mexico city\u2026<\/p>\n<p>Et c\u2019est apr\u00e8s 8h de vol, depuis Quito (oui oui tout \u00e7a\u00a0!) que nous poserons, pour quelques jours, nos sacs chez Ana et Antoine.<\/p>\n<p>Une fois de plus nos h\u00f4tes ne rigolent pas quand il s\u2019agit de nous recevoir.<\/p>\n<p>On est accueillis \u00e0 bras ouvert et dans un appart Top niveau. Ce qui nous a fait \u00e9norm\u00e9ment de bien apr\u00e8s toute cette grisaille et ces nuits \u00ab\u00a0petit budget\u00a0\u00bb en Equateur\u00a0!<\/p>\n<p style=\"text-align: center;\"><a href=\"http:\/\/amandine.quiriconi.fr\/wp-content\/uploads\/2011\/06\/Chez-Ana-et-Antoine.jpg\"><img loading=\"lazy\" decoding=\"async\" class=\"aligncenter size-full wp-image-221\" title=\"Chez Ana et Antoine\" src=\"http:\/\/amandine.quiriconi.fr\/wp-content\/uploads\/2011\/06\/Chez-Ana-et-Antoine.jpg\" alt=\"\" width=\"426\" height=\"320\" srcset=\"http:\/\/amandine.quiriconi.fr\/wp-content\/uploads\/2011\/06\/Chez-Ana-et-Antoine.jpg 1014w, http:\/\/amandine.quiriconi.fr\/wp-content\/uploads\/2011\/06\/Chez-Ana-et-Antoine-300x225.jpg 300w\" sizes=\"(max-width: 426px) 100vw, 426px\" \/><\/a><\/p>\n<p>Ana nous avait pr\u00e9par\u00e9 un ap\u00e9ro de bienvenu avec fromage fran\u00e7ais, bon pain et bi\u00e8res Corona fra\u00eeches\u00a0!!! C\u2019est fou qu\u2019est ce qu\u2019on peut s\u2019attacher \u00e0 de si petites choses.<\/p>\n<p>Nous trinquerons qu\u2019\u00e0 trois car pendant ce temps, son ch\u00e9ri s\u2019\u00e9clatait au concert de U2.<\/p>\n<p>Nous corrigeons, nous \u00e9tions 4\u2026puisqu\u2019un petit squatteur se cache sous son T-Shirt\u00a0!<\/p>\n<p style=\"text-align: center;\"><a href=\"http:\/\/amandine.quiriconi.fr\/wp-content\/uploads\/2011\/06\/Ana-et-Mandoux.jpg\"><img loading=\"lazy\" decoding=\"async\" class=\"aligncenter size-full wp-image-222\" title=\"Ana et Mandoux\" src=\"http:\/\/amandine.quiriconi.fr\/wp-content\/uploads\/2011\/06\/Ana-et-Mandoux.jpg\" alt=\"\" width=\"426\" height=\"320\" srcset=\"http:\/\/amandine.quiriconi.fr\/wp-content\/uploads\/2011\/06\/Ana-et-Mandoux.jpg 1014w, http:\/\/amandine.quiriconi.fr\/wp-content\/uploads\/2011\/06\/Ana-et-Mandoux-300x225.jpg 300w\" sizes=\"(max-width: 426px) 100vw, 426px\" \/><\/a><\/p>\n<p style=\"text-align: center;\"><a href=\"http:\/\/amandine.quiriconi.fr\/wp-content\/uploads\/2011\/06\/Antoine.jpg\"><img loading=\"lazy\" decoding=\"async\" class=\"aligncenter size-full wp-image-223\" title=\"Antoine\" src=\"http:\/\/amandine.quiriconi.fr\/wp-content\/uploads\/2011\/06\/Antoine.jpg\" alt=\"\" width=\"346\" height=\"461\" srcset=\"http:\/\/amandine.quiriconi.fr\/wp-content\/uploads\/2011\/06\/Antoine.jpg 960w, http:\/\/amandine.quiriconi.fr\/wp-content\/uploads\/2011\/06\/Antoine-225x300.jpg 225w, http:\/\/amandine.quiriconi.fr\/wp-content\/uploads\/2011\/06\/Antoine-768x1024.jpg 768w\" sizes=\"(max-width: 346px) 100vw, 346px\" \/><\/a><\/p>\n<p>Lendemain matin, du moins vers midi, apr\u00e8s avoir difficilement \u00e9merg\u00e9, et bien petit d\u00e9jeun\u00e9, nous voici en balade dans les quartiers des alentours.<\/p>\n<p style=\"text-align: center;\"><a href=\"http:\/\/amandine.quiriconi.fr\/wp-content\/uploads\/2011\/06\/Dr\u00f4le-de-tuture.jpg\"><img loading=\"lazy\" decoding=\"async\" class=\"aligncenter size-full wp-image-246\" title=\"Dr\u00f4le de tuture\" src=\"http:\/\/amandine.quiriconi.fr\/wp-content\/uploads\/2011\/06\/Dr\u00f4le-de-tuture.jpg\" alt=\"\" width=\"497\" height=\"373\" srcset=\"http:\/\/amandine.quiriconi.fr\/wp-content\/uploads\/2011\/06\/Dr\u00f4le-de-tuture.jpg 1014w, http:\/\/amandine.quiriconi.fr\/wp-content\/uploads\/2011\/06\/Dr\u00f4le-de-tuture-300x225.jpg 300w\" sizes=\"(max-width: 497px) 100vw, 497px\" \/><\/a><\/p>\n<p>Au programme\u00a0; march\u00e9 avec des stands des saveurs du monde, et autres babioles\u00a0!<\/p>\n<p>On aura fait le tour de presque tout, \u00e0 grignoter et \u00e0 zyeuter\u2026 Y\u2019a rien de tel pour se faire du bien\u00a0Quoi\u00a0!<\/p>\n<p style=\"text-align: center;\"><a href=\"http:\/\/amandine.quiriconi.fr\/wp-content\/uploads\/2011\/06\/Bizarrerie-\u00e0-Mexico.jpg\"><img loading=\"lazy\" decoding=\"async\" class=\"aligncenter size-full wp-image-224\" title=\"Bizarrerie \u00e0 Mexico\" src=\"http:\/\/amandine.quiriconi.fr\/wp-content\/uploads\/2011\/06\/Bizarrerie-\u00e0-Mexico.jpg\" alt=\"\" width=\"430\" height=\"574\" srcset=\"http:\/\/amandine.quiriconi.fr\/wp-content\/uploads\/2011\/06\/Bizarrerie-\u00e0-Mexico.jpg 960w, http:\/\/amandine.quiriconi.fr\/wp-content\/uploads\/2011\/06\/Bizarrerie-\u00e0-Mexico-225x300.jpg 225w, http:\/\/amandine.quiriconi.fr\/wp-content\/uploads\/2011\/06\/Bizarrerie-\u00e0-Mexico-768x1024.jpg 768w\" sizes=\"(max-width: 430px) 100vw, 430px\" \/><\/a><\/p>\n<p>Les autres jours auront \u00e9t\u00e9 combl\u00e9s par la visite de la maison de Frida Kahlo sa \u00ab\u00a0casa azul\u00a0\u00bb et son quartier populaire\u00a0; Coyoac\u00e1n (situ\u00e9 au sud du Mexique).<\/p>\n<p>Dans ce quartier, on aura trouv\u00e9 un Arbre Chewing gum !!!! c&rsquo;est deguelasse<\/p>\n<p><a href=\"http:\/\/amandine.quiriconi.fr\/wp-content\/uploads\/2011\/06\/frida-khalo.jpg\"><img loading=\"lazy\" decoding=\"async\" class=\"aligncenter size-medium wp-image-225\" title=\"frida khalo\" src=\"http:\/\/amandine.quiriconi.fr\/wp-content\/uploads\/2011\/06\/frida-khalo-300x225.jpg\" alt=\"\" width=\"300\" height=\"225\" srcset=\"http:\/\/amandine.quiriconi.fr\/wp-content\/uploads\/2011\/06\/frida-khalo-300x225.jpg 300w, http:\/\/amandine.quiriconi.fr\/wp-content\/uploads\/2011\/06\/frida-khalo.jpg 1014w\" sizes=\"(max-width: 300px) 100vw, 300px\" \/><\/a><\/p>\n<p style=\"text-align: center;\"><a href=\"http:\/\/amandine.quiriconi.fr\/wp-content\/uploads\/2011\/06\/D\u00e9geulasse.jpg\"><img loading=\"lazy\" decoding=\"async\" class=\"aligncenter size-full wp-image-226\" title=\"D\u00e9geulasse\" src=\"http:\/\/amandine.quiriconi.fr\/wp-content\/uploads\/2011\/06\/D\u00e9geulasse.jpg\" alt=\"\" width=\"710\" height=\"533\" srcset=\"http:\/\/amandine.quiriconi.fr\/wp-content\/uploads\/2011\/06\/D\u00e9geulasse.jpg 1014w, http:\/\/amandine.quiriconi.fr\/wp-content\/uploads\/2011\/06\/D\u00e9geulasse-300x225.jpg 300w\" sizes=\"(max-width: 710px) 100vw, 710px\" \/><\/a><\/p>\n<p>Apr\u00e8s tout \u00e7a, il faut se pencher sur le probl\u00e8me de ce que nous allons faire au Mexique, dans cette grande ville qu\u2019est Mexico, mais aussi dans le reste du pays.<\/p>\n<p>Parce que m\u00eame si on est bien chez Ana et Antoine il va bien falloir en partir\u00a0!<\/p>\n<p>Alors avec l\u2019aide d\u2019Ana, plus cartes et bouquins, on \u00e9tudie notre futur parcours (toujours en fonction du temps\u2026 parce qu\u2019il faut faire vite\u00a0!)<\/p>\n<p>C\u2019est alors qu\u2019on aura d\u00e9cid\u00e9 d\u2019aller voir, le site arch\u00e9ologique de Teotihuacan, environ 5Okms de Mexico.<\/p>\n<p style=\"text-align: center;\"><a href=\"http:\/\/amandine.quiriconi.fr\/wp-content\/uploads\/2011\/06\/Teotihuacan-carte-vue-du-ciel.jpg\"><img loading=\"lazy\" decoding=\"async\" class=\"aligncenter size-full wp-image-227\" title=\"Teotihuacan carte vue du ciel\" src=\"http:\/\/amandine.quiriconi.fr\/wp-content\/uploads\/2011\/06\/Teotihuacan-carte-vue-du-ciel.jpg\" alt=\"\" width=\"560\" height=\"315\" srcset=\"http:\/\/amandine.quiriconi.fr\/wp-content\/uploads\/2011\/06\/Teotihuacan-carte-vue-du-ciel.jpg 800w, http:\/\/amandine.quiriconi.fr\/wp-content\/uploads\/2011\/06\/Teotihuacan-carte-vue-du-ciel-300x168.jpg 300w\" sizes=\"(max-width: 560px) 100vw, 560px\" \/><\/a><\/p>\n<p><span style=\"text-decoration: underline; color: #ff6600;\"><strong>Teotihuacan\u00a0:<\/strong><\/span><\/p>\n<p>Quand les premiers Azt\u00e8ques migr\u00e8rent dans la r\u00e9gion, ils consid\u00e8rent Teotihuacan comme site sacr\u00e9 par les dieux. Qui s&rsquo;\u00e9taient soit disant r\u00e9unis l\u00e0 bas pour cr\u00e9er le soleil et la lune.<\/p>\n<p>La plus grande structure \u00ab\u00a0Pyramide du Soleil\u00a0\u00bb fait 63  m\u00e8tres de haut.<\/p>\n<p>O\u00f9 nous sommes d\u2019ailleurs en photo.<\/p>\n<p style=\"text-align: center;\"><a href=\"http:\/\/amandine.quiriconi.fr\/wp-content\/uploads\/2011\/06\/Teotihuacan-1.jpg\"><img loading=\"lazy\" decoding=\"async\" class=\"aligncenter size-full wp-image-228\" title=\"Teotihuacan 1\" src=\"http:\/\/amandine.quiriconi.fr\/wp-content\/uploads\/2011\/06\/Teotihuacan-1.jpg\" alt=\"\" width=\"710\" height=\"533\" srcset=\"http:\/\/amandine.quiriconi.fr\/wp-content\/uploads\/2011\/06\/Teotihuacan-1.jpg 1014w, http:\/\/amandine.quiriconi.fr\/wp-content\/uploads\/2011\/06\/Teotihuacan-1-300x225.jpg 300w\" sizes=\"(max-width: 710px) 100vw, 710px\" \/><\/a><\/p>\n<p style=\"text-align: center;\"><a href=\"http:\/\/amandine.quiriconi.fr\/wp-content\/uploads\/2011\/06\/Teotihuacan-2.jpg\"><img loading=\"lazy\" decoding=\"async\" class=\"aligncenter size-full wp-image-229\" title=\"Teotihuacan 2\" src=\"http:\/\/amandine.quiriconi.fr\/wp-content\/uploads\/2011\/06\/Teotihuacan-2.jpg\" alt=\"\" width=\"608\" height=\"457\" srcset=\"http:\/\/amandine.quiriconi.fr\/wp-content\/uploads\/2011\/06\/Teotihuacan-2.jpg 1014w, http:\/\/amandine.quiriconi.fr\/wp-content\/uploads\/2011\/06\/Teotihuacan-2-300x225.jpg 300w\" sizes=\"(max-width: 608px) 100vw, 608px\" \/><\/a><\/p>\n<p>Dans la cit\u00e9, il y a deux gros \u00e9difices proches de ceux des Egyptiens\u2026qui portent d\u2019ailleurs le nom de Pyramide du Soleil et de la Lune.<\/p>\n<p>La cit\u00e9 est divis\u00e9e en deux sections par une vaste rue, qui s&rsquo;appelle l&rsquo;Avenue des Morts.<\/p>\n<p>Le nom d\u00e9riva d&rsquo;une id\u00e9e fausse, et que les grandes structures le long de la rue \u00e9taient des tombeaux.<\/p>\n<p>On a essay\u00e9 de chercher mais c\u2019est bien vrai, aucun ossement ni bout de cr\u00e2ne \u00e0 l\u2019horizon\u00a0!!!<\/p>\n<p>Teotihuacan fut d\u00e9sign\u00e9 site class\u00e9 Patrimoine Mondial en 1987. Tiens, 1987, \u00e7a nous parle cette ann\u00e9e\u2026\u00a0!<\/p>\n<p style=\"text-align: center;\"><a href=\"http:\/\/amandine.quiriconi.fr\/wp-content\/uploads\/2011\/06\/Teotihuacan.jpg\"><img loading=\"lazy\" decoding=\"async\" class=\"aligncenter size-full wp-image-230\" title=\"Teotihuacan\" src=\"http:\/\/amandine.quiriconi.fr\/wp-content\/uploads\/2011\/06\/Teotihuacan.jpg\" alt=\"\" width=\"608\" height=\"457\" srcset=\"http:\/\/amandine.quiriconi.fr\/wp-content\/uploads\/2011\/06\/Teotihuacan.jpg 1014w, http:\/\/amandine.quiriconi.fr\/wp-content\/uploads\/2011\/06\/Teotihuacan-300x225.jpg 300w\" sizes=\"(max-width: 608px) 100vw, 608px\" \/><\/a><\/p>\n<p>Bref il fallait se d\u00e9p\u00eacher, alors filons\u2026parce que juste apr\u00e8s on avait un avion \u00e0 prendre pour rejoindre les c\u00f4tes du Pacifique.<\/p>\n<p>Et pouvoir enfin r\u00e9enfiler le maillot de bain apr\u00e8s tout ce temps\u00a0!<\/p>\n<p>Ohhh vous allez dire, c\u2019est quoi cette histoire \u00ab\u00a0Un avion\u00a0\u00bb\u00a0? O\u00f9 sont pass\u00e9s les trajets en Bus\u00a0?!<\/p>\n<p>Tout simplement ras le bol du bus, et sur ce coup, \u00e7a ne nous aura pas cout\u00e9 trop cher, alors plut\u00f4t que de rester le cul sur le si\u00e8ge 15h ce sera seulement 1h40\u00a0!<\/p>\n<p>Elle n\u2019est pas belle la vie\u00a0?<\/p>\n<p style=\"text-align: center;\"><em>La marque de la biere d&rsquo;ici !<\/em><a href=\"http:\/\/amandine.quiriconi.fr\/wp-content\/uploads\/2011\/06\/The-SOL.jpg\"><img loading=\"lazy\" decoding=\"async\" class=\"aligncenter size-medium wp-image-231\" title=\"The SOL\" src=\"http:\/\/amandine.quiriconi.fr\/wp-content\/uploads\/2011\/06\/The-SOL-300x225.jpg\" alt=\"\" width=\"300\" height=\"225\" srcset=\"http:\/\/amandine.quiriconi.fr\/wp-content\/uploads\/2011\/06\/The-SOL-300x225.jpg 300w, http:\/\/amandine.quiriconi.fr\/wp-content\/uploads\/2011\/06\/The-SOL.jpg 1014w\" sizes=\"(max-width: 300px) 100vw, 300px\" \/><\/a><\/p>\n<p>On visitera les plages de Huatulco, d\u00e8s notre arriv\u00e9e, o\u00f9 il y faisait une chaleur insupportable\u00a0!<\/p>\n<p>Puis celles de Puerto Angel et de Mazunte toujours dans des conditions quasi insurmontables\u2026 Humidit\u00e9 et chaleur omnipr\u00e9sente jour comme nuit \u2026 Pas moins de 35\u00b0. Scandaleux des vacances dans des conditions pareilles\u00a0!<\/p>\n<p style=\"text-align: center;\"><a href=\"http:\/\/amandine.quiriconi.fr\/wp-content\/uploads\/2011\/06\/Impossible-de-ne-pas-transpirer.jpg\"><img loading=\"lazy\" decoding=\"async\" class=\"aligncenter size-full wp-image-244\" title=\"Impossible de ne pas transpirer\" src=\"http:\/\/amandine.quiriconi.fr\/wp-content\/uploads\/2011\/06\/Impossible-de-ne-pas-transpirer.jpg\" alt=\"\" width=\"386\" height=\"289\" srcset=\"http:\/\/amandine.quiriconi.fr\/wp-content\/uploads\/2011\/06\/Impossible-de-ne-pas-transpirer.jpg 803w, http:\/\/amandine.quiriconi.fr\/wp-content\/uploads\/2011\/06\/Impossible-de-ne-pas-transpirer-300x224.jpg 300w\" sizes=\"(max-width: 386px) 100vw, 386px\" \/><\/a><\/p>\n<p>Bastien retrouvera sur place diff\u00e9rents endroits o\u00f9 la famille Roudil \u00e9tait venue voil\u00e0 quelques ann\u00e9es de \u00e7a en arri\u00e8re\u2026<\/p>\n<p><strong><span style=\"text-decoration: underline; color: #ff6600;\">Puerto Angel &gt;<\/span><\/strong><\/p>\n<p style=\"text-align: center;\"><a href=\"http:\/\/amandine.quiriconi.fr\/wp-content\/uploads\/2011\/06\/Puerto-Angel.jpg\"><img loading=\"lazy\" decoding=\"async\" class=\"aligncenter size-full wp-image-240\" title=\"Puerto Angel\" src=\"http:\/\/amandine.quiriconi.fr\/wp-content\/uploads\/2011\/06\/Puerto-Angel.jpg\" alt=\"\" width=\"530\" height=\"117\" srcset=\"http:\/\/amandine.quiriconi.fr\/wp-content\/uploads\/2011\/06\/Puerto-Angel.jpg 1081w, http:\/\/amandine.quiriconi.fr\/wp-content\/uploads\/2011\/06\/Puerto-Angel-300x66.jpg 300w, http:\/\/amandine.quiriconi.fr\/wp-content\/uploads\/2011\/06\/Puerto-Angel-1024x225.jpg 1024w\" sizes=\"(max-width: 530px) 100vw, 530px\" \/><\/a><\/p>\n<p style=\"text-align: center;\"><a href=\"http:\/\/amandine.quiriconi.fr\/wp-content\/uploads\/2011\/06\/Mode-Vadrouille.jpg\"><img loading=\"lazy\" decoding=\"async\" class=\"aligncenter size-full wp-image-245\" title=\"Mode Vadrouille\" src=\"http:\/\/amandine.quiriconi.fr\/wp-content\/uploads\/2011\/06\/Mode-Vadrouille.jpg\" alt=\"\" width=\"482\" height=\"361\" srcset=\"http:\/\/amandine.quiriconi.fr\/wp-content\/uploads\/2011\/06\/Mode-Vadrouille.jpg 803w, http:\/\/amandine.quiriconi.fr\/wp-content\/uploads\/2011\/06\/Mode-Vadrouille-300x224.jpg 300w\" sizes=\"(max-width: 482px) 100vw, 482px\" \/><\/a><\/p>\n<p style=\"text-align: center;\"><a href=\"http:\/\/amandine.quiriconi.fr\/wp-content\/uploads\/2011\/06\/Vue-de-puerto-angel.jpg\"><img loading=\"lazy\" decoding=\"async\" class=\"aligncenter size-full wp-image-251\" title=\"Vue de puerto angel\" src=\"http:\/\/amandine.quiriconi.fr\/wp-content\/uploads\/2011\/06\/Vue-de-puerto-angel.jpg\" alt=\"\" width=\"533\" height=\"710\" srcset=\"http:\/\/amandine.quiriconi.fr\/wp-content\/uploads\/2011\/06\/Vue-de-puerto-angel.jpg 761w, http:\/\/amandine.quiriconi.fr\/wp-content\/uploads\/2011\/06\/Vue-de-puerto-angel-225x300.jpg 225w\" sizes=\"(max-width: 533px) 100vw, 533px\" \/><\/a><\/p>\n<p style=\"text-align: center;\"><a href=\"http:\/\/amandine.quiriconi.fr\/wp-content\/uploads\/2011\/06\/A-la-p\u00eache-du-thon.jpg\"><img loading=\"lazy\" decoding=\"async\" class=\"aligncenter size-full wp-image-241\" title=\"A la p\u00eache du thon\" src=\"http:\/\/amandine.quiriconi.fr\/wp-content\/uploads\/2011\/06\/A-la-p\u00eache-du-thon.jpg\" alt=\"\" width=\"379\" height=\"505\" srcset=\"http:\/\/amandine.quiriconi.fr\/wp-content\/uploads\/2011\/06\/A-la-p\u00eache-du-thon.jpg 903w, http:\/\/amandine.quiriconi.fr\/wp-content\/uploads\/2011\/06\/A-la-p\u00eache-du-thon-225x300.jpg 225w, http:\/\/amandine.quiriconi.fr\/wp-content\/uploads\/2011\/06\/A-la-p\u00eache-du-thon-768x1024.jpg 768w\" sizes=\"(max-width: 379px) 100vw, 379px\" \/><\/a><\/p>\n<p style=\"text-align: center;\"><a href=\"http:\/\/amandine.quiriconi.fr\/wp-content\/uploads\/2011\/06\/Salto.jpg\"><img loading=\"lazy\" decoding=\"async\" class=\"aligncenter size-full wp-image-242\" title=\"Salto\" src=\"http:\/\/amandine.quiriconi.fr\/wp-content\/uploads\/2011\/06\/Salto.jpg\" alt=\"\" width=\"482\" height=\"361\" srcset=\"http:\/\/amandine.quiriconi.fr\/wp-content\/uploads\/2011\/06\/Salto.jpg 803w, http:\/\/amandine.quiriconi.fr\/wp-content\/uploads\/2011\/06\/Salto-300x224.jpg 300w\" sizes=\"(max-width: 482px) 100vw, 482px\" \/><\/a><\/p>\n<p style=\"text-align: center;\"><a href=\"http:\/\/amandine.quiriconi.fr\/wp-content\/uploads\/2011\/06\/Snorkling.jpg\"><img loading=\"lazy\" decoding=\"async\" class=\"aligncenter size-full wp-image-243\" title=\"Snorkling\" src=\"http:\/\/amandine.quiriconi.fr\/wp-content\/uploads\/2011\/06\/Snorkling.jpg\" alt=\"\" width=\"482\" height=\"361\" srcset=\"http:\/\/amandine.quiriconi.fr\/wp-content\/uploads\/2011\/06\/Snorkling.jpg 803w, http:\/\/amandine.quiriconi.fr\/wp-content\/uploads\/2011\/06\/Snorkling-300x224.jpg 300w\" sizes=\"(max-width: 482px) 100vw, 482px\" \/><\/a><\/p>\n<p style=\"text-align: left;\"><span style=\"text-decoration: underline; color: #ff6600;\"><strong>Mazunte <\/strong><\/span><\/p>\n<p style=\"text-align: center;\"><a href=\"http:\/\/amandine.quiriconi.fr\/wp-content\/uploads\/2011\/06\/Coucher-de-soleil-de-Mazunte1.jpg\"><img loading=\"lazy\" decoding=\"async\" class=\"aligncenter size-full wp-image-233\" title=\"Coucher de soleil de Mazunte\" src=\"http:\/\/amandine.quiriconi.fr\/wp-content\/uploads\/2011\/06\/Coucher-de-soleil-de-Mazunte1.jpg\" alt=\"\" width=\"649\" height=\"143\" srcset=\"http:\/\/amandine.quiriconi.fr\/wp-content\/uploads\/2011\/06\/Coucher-de-soleil-de-Mazunte1.jpg 1081w, http:\/\/amandine.quiriconi.fr\/wp-content\/uploads\/2011\/06\/Coucher-de-soleil-de-Mazunte1-300x66.jpg 300w, http:\/\/amandine.quiriconi.fr\/wp-content\/uploads\/2011\/06\/Coucher-de-soleil-de-Mazunte1-1024x225.jpg 1024w\" sizes=\"(max-width: 649px) 100vw, 649px\" \/><\/a><\/p>\n<p style=\"text-align: center;\"><a href=\"http:\/\/amandine.quiriconi.fr\/wp-content\/uploads\/2011\/06\/Rue-de-Mazunte.jpg\"><img loading=\"lazy\" decoding=\"async\" class=\"aligncenter size-full wp-image-239\" title=\"Rue de Mazunte\" src=\"http:\/\/amandine.quiriconi.fr\/wp-content\/uploads\/2011\/06\/Rue-de-Mazunte.jpg\" alt=\"\" width=\"421\" height=\"562\" srcset=\"http:\/\/amandine.quiriconi.fr\/wp-content\/uploads\/2011\/06\/Rue-de-Mazunte.jpg 602w, http:\/\/amandine.quiriconi.fr\/wp-content\/uploads\/2011\/06\/Rue-de-Mazunte-224x300.jpg 224w\" sizes=\"(max-width: 421px) 100vw, 421px\" \/><\/a><\/p>\n<p style=\"text-align: center;\"><a href=\"http:\/\/amandine.quiriconi.fr\/wp-content\/uploads\/2011\/06\/A-la-punta-cometa.jpg\"><img loading=\"lazy\" decoding=\"async\" class=\"aligncenter size-full wp-image-234\" title=\"A la punta cometa\" src=\"http:\/\/amandine.quiriconi.fr\/wp-content\/uploads\/2011\/06\/A-la-punta-cometa.jpg\" alt=\"\" width=\"421\" height=\"562\" srcset=\"http:\/\/amandine.quiriconi.fr\/wp-content\/uploads\/2011\/06\/A-la-punta-cometa.jpg 602w, http:\/\/amandine.quiriconi.fr\/wp-content\/uploads\/2011\/06\/A-la-punta-cometa-224x300.jpg 224w\" sizes=\"(max-width: 421px) 100vw, 421px\" \/><\/a><\/p>\n<p style=\"text-align: center;\"><a href=\"http:\/\/amandine.quiriconi.fr\/wp-content\/uploads\/2011\/06\/Mazunte.jpg\"><img loading=\"lazy\" decoding=\"async\" class=\"aligncenter size-full wp-image-238\" title=\"Mazunte\" src=\"http:\/\/amandine.quiriconi.fr\/wp-content\/uploads\/2011\/06\/Mazunte.jpg\" alt=\"\" width=\"421\" height=\"562\" srcset=\"http:\/\/amandine.quiriconi.fr\/wp-content\/uploads\/2011\/06\/Mazunte.jpg 602w, http:\/\/amandine.quiriconi.fr\/wp-content\/uploads\/2011\/06\/Mazunte-224x300.jpg 224w\" sizes=\"(max-width: 421px) 100vw, 421px\" \/><\/a><\/p>\n<p style=\"text-align: center;\"><a href=\"http:\/\/amandine.quiriconi.fr\/wp-content\/uploads\/2011\/06\/Il-est-balaise-ce-cactus.jpg\"><img loading=\"lazy\" decoding=\"async\" class=\"aligncenter size-full wp-image-235\" title=\"Il est balaise ce cactus\" src=\"http:\/\/amandine.quiriconi.fr\/wp-content\/uploads\/2011\/06\/Il-est-balaise-ce-cactus.jpg\" alt=\"\" width=\"361\" height=\"482\" srcset=\"http:\/\/amandine.quiriconi.fr\/wp-content\/uploads\/2011\/06\/Il-est-balaise-ce-cactus.jpg 602w, http:\/\/amandine.quiriconi.fr\/wp-content\/uploads\/2011\/06\/Il-est-balaise-ce-cactus-224x300.jpg 224w\" sizes=\"(max-width: 361px) 100vw, 361px\" \/><\/a><\/p>\n<p style=\"text-align: center;\"><a href=\"http:\/\/amandine.quiriconi.fr\/wp-content\/uploads\/2011\/06\/El-Copal1.jpg\"><img loading=\"lazy\" decoding=\"async\" class=\"aligncenter size-full wp-image-237\" title=\"El Copal\" src=\"http:\/\/amandine.quiriconi.fr\/wp-content\/uploads\/2011\/06\/El-Copal1.jpg\" alt=\"\" width=\"337\" height=\"253\" srcset=\"http:\/\/amandine.quiriconi.fr\/wp-content\/uploads\/2011\/06\/El-Copal1.jpg 803w, http:\/\/amandine.quiriconi.fr\/wp-content\/uploads\/2011\/06\/El-Copal1-300x224.jpg 300w\" sizes=\"(max-width: 337px) 100vw, 337px\" \/><\/a><\/p>\n<p style=\"text-align: center;\"><a href=\"http:\/\/amandine.quiriconi.fr\/wp-content\/uploads\/2011\/06\/La-STAR.jpg\"><img loading=\"lazy\" decoding=\"async\" class=\"aligncenter size-full wp-image-247\" title=\"La STAR\" src=\"http:\/\/amandine.quiriconi.fr\/wp-content\/uploads\/2011\/06\/La-STAR.jpg\" alt=\"\" width=\"482\" height=\"361\" srcset=\"http:\/\/amandine.quiriconi.fr\/wp-content\/uploads\/2011\/06\/La-STAR.jpg 803w, http:\/\/amandine.quiriconi.fr\/wp-content\/uploads\/2011\/06\/La-STAR-300x224.jpg 300w\" sizes=\"(max-width: 482px) 100vw, 482px\" \/><\/a><\/p>\n<p>Ce n\u2019est pas tout \u00e7a, mais avec toute cette chaleur\u2026Il \u00e9tait temps de repartir se mettre au frais, direction San Cristobal de las Casas.<\/p>\n<p>Charmant petit village, o\u00f9 ses rues principales y sont pav\u00e9es et propre. \u00ab\u00a0Cela pourrait \u00eatre un parfait petit lieu\u00a0\u00bb pour y vivre et faire son affaire\u00a0!<\/p>\n<p style=\"text-align: center;\"><a href=\"http:\/\/amandine.quiriconi.fr\/wp-content\/uploads\/2011\/06\/La-d\u00e9gaine-Hamack-sous-le-bras.jpg\"><img loading=\"lazy\" decoding=\"async\" class=\"aligncenter size-full wp-image-248\" title=\"La d\u00e9gaine Hamack sous le bras\" src=\"http:\/\/amandine.quiriconi.fr\/wp-content\/uploads\/2011\/06\/La-d\u00e9gaine-Hamack-sous-le-bras.jpg\" alt=\"\" width=\"482\" height=\"361\" srcset=\"http:\/\/amandine.quiriconi.fr\/wp-content\/uploads\/2011\/06\/La-d\u00e9gaine-Hamack-sous-le-bras.jpg 803w, http:\/\/amandine.quiriconi.fr\/wp-content\/uploads\/2011\/06\/La-d\u00e9gaine-Hamack-sous-le-bras-300x224.jpg 300w\" sizes=\"(max-width: 482px) 100vw, 482px\" \/><\/a><\/p>\n<p style=\"text-align: center;\"><strong><em>Les squelettes sont tres presents au Mexique&#8230; et font toujours la fete !<\/em><\/strong><\/p>\n<p style=\"text-align: center;\"><a href=\"http:\/\/amandine.quiriconi.fr\/wp-content\/uploads\/2011\/06\/Les-traditionnels-squelettes.jpg\"><img loading=\"lazy\" decoding=\"async\" class=\"aligncenter size-full wp-image-252\" title=\"Les traditionnels squelettes\" src=\"http:\/\/amandine.quiriconi.fr\/wp-content\/uploads\/2011\/06\/Les-traditionnels-squelettes.jpg\" alt=\"\" width=\"642\" height=\"482\" srcset=\"http:\/\/amandine.quiriconi.fr\/wp-content\/uploads\/2011\/06\/Les-traditionnels-squelettes.jpg 803w, http:\/\/amandine.quiriconi.fr\/wp-content\/uploads\/2011\/06\/Les-traditionnels-squelettes-300x224.jpg 300w\" sizes=\"(max-width: 642px) 100vw, 642px\" \/><\/a><\/p>\n<p>L\u00e0 bas il \u00e9tait possible d\u2019organiser plus facilement notre d\u00e9part pour le Guatemala, en prenant un minibus et en m\u00eame temps s\u2019arr\u00eater \u00e0 quelques endroits incontournables sur la route.<\/p>\n<p>Tels que Agua Azul et ses cascades aux alentours et terminer par la visite des ruines de Palenque.<\/p>\n<p>&nbsp;<\/p>\n<p>Apr\u00e8s 3h de minibus, nous voici fesses dans l\u2019eau, dans les fameuses eaux de Agua Azul (Azul=Bleu)\u00a0!<\/p>\n<p>Constater par vous-m\u00eame\u2026Il n\u2019y a aucun photo montage.<\/p>\n<p>L\u2019eau y \u00e9tait un peu fra\u00eeche mais excellente. De quoi faire quelques sauts puis repartir pour la visite de Palenque.<\/p>\n<p style=\"text-align: center;\"><a href=\"http:\/\/amandine.quiriconi.fr\/wp-content\/uploads\/2011\/06\/Lenfant-au-perroquet-dans-le-bus.jpg\"><img loading=\"lazy\" decoding=\"async\" class=\"aligncenter size-full wp-image-253\" title=\"L'enfant au perroquet dans le bus\" src=\"http:\/\/amandine.quiriconi.fr\/wp-content\/uploads\/2011\/06\/Lenfant-au-perroquet-dans-le-bus.jpg\" alt=\"\" width=\"497\" height=\"373\" srcset=\"http:\/\/amandine.quiriconi.fr\/wp-content\/uploads\/2011\/06\/Lenfant-au-perroquet-dans-le-bus.jpg 1014w, http:\/\/amandine.quiriconi.fr\/wp-content\/uploads\/2011\/06\/Lenfant-au-perroquet-dans-le-bus-300x225.jpg 300w\" sizes=\"(max-width: 497px) 100vw, 497px\" \/><\/a><\/p>\n<p style=\"text-align: center;\"><a href=\"http:\/\/amandine.quiriconi.fr\/wp-content\/uploads\/2011\/06\/chutesAgua-Azul.jpg\"><img loading=\"lazy\" decoding=\"async\" class=\"aligncenter size-full wp-image-254\" title=\"chutesAgua-Azul\" src=\"http:\/\/amandine.quiriconi.fr\/wp-content\/uploads\/2011\/06\/chutesAgua-Azul.jpg\" alt=\"\" width=\"420\" height=\"637\" srcset=\"http:\/\/amandine.quiriconi.fr\/wp-content\/uploads\/2011\/06\/chutesAgua-Azul.jpg 600w, http:\/\/amandine.quiriconi.fr\/wp-content\/uploads\/2011\/06\/chutesAgua-Azul-197x300.jpg 197w\" sizes=\"(max-width: 420px) 100vw, 420px\" \/><\/a><\/p>\n<p style=\"text-align: center;\"><a href=\"http:\/\/amandine.quiriconi.fr\/wp-content\/uploads\/2011\/06\/Agua-Azul.jpg\"><img loading=\"lazy\" decoding=\"async\" class=\"aligncenter size-full wp-image-255\" title=\"Agua Azul\" src=\"http:\/\/amandine.quiriconi.fr\/wp-content\/uploads\/2011\/06\/Agua-Azul.jpg\" alt=\"\" width=\"421\" height=\"562\" srcset=\"http:\/\/amandine.quiriconi.fr\/wp-content\/uploads\/2011\/06\/Agua-Azul.jpg 602w, http:\/\/amandine.quiriconi.fr\/wp-content\/uploads\/2011\/06\/Agua-Azul-224x300.jpg 224w\" sizes=\"(max-width: 421px) 100vw, 421px\" \/><\/a><\/p>\n<p style=\"text-align: center;\"><a href=\"http:\/\/amandine.quiriconi.fr\/wp-content\/uploads\/2011\/06\/Agua-Azul-1.jpg\"><img loading=\"lazy\" decoding=\"async\" class=\"aligncenter size-full wp-image-256\" title=\"Agua Azul 1\" src=\"http:\/\/amandine.quiriconi.fr\/wp-content\/uploads\/2011\/06\/Agua-Azul-1.jpg\" alt=\"\" width=\"361\" height=\"482\" srcset=\"http:\/\/amandine.quiriconi.fr\/wp-content\/uploads\/2011\/06\/Agua-Azul-1.jpg 602w, http:\/\/amandine.quiriconi.fr\/wp-content\/uploads\/2011\/06\/Agua-Azul-1-224x300.jpg 224w\" sizes=\"(max-width: 361px) 100vw, 361px\" \/><\/a><span style=\"color: #ff6600;\"><strong><em>Huummmmmm<\/em><\/strong><\/span><\/p>\n<p style=\"text-align: center;\"><span style=\"color: #ff6600;\"><strong><em><a href=\"http:\/\/amandine.quiriconi.fr\/wp-content\/uploads\/2011\/06\/Chute.jpg\"><img loading=\"lazy\" decoding=\"async\" class=\"aligncenter size-full wp-image-257\" title=\"Chute\" src=\"http:\/\/amandine.quiriconi.fr\/wp-content\/uploads\/2011\/06\/Chute.jpg\" alt=\"\" width=\"421\" height=\"562\" srcset=\"http:\/\/amandine.quiriconi.fr\/wp-content\/uploads\/2011\/06\/Chute.jpg 602w, http:\/\/amandine.quiriconi.fr\/wp-content\/uploads\/2011\/06\/Chute-224x300.jpg 224w\" sizes=\"(max-width: 421px) 100vw, 421px\" \/><\/a>En bas\u00a0\u00e0 droite c&rsquo;est Bastien !<\/em><\/strong><\/span><\/p>\n<p>On n\u2019est pas forc\u00e9ment fan des pierres et de leurs histoires, mais mine de rien, depuis le d\u00e9but du voyage on en aura fait plus d\u2019un de site dans le genre.<\/p>\n<p>Et cela reste finalement toujours int\u00e9ressant\u2026<\/p>\n<p style=\"text-align: center;\"><a href=\"http:\/\/amandine.quiriconi.fr\/wp-content\/uploads\/2011\/06\/Palenque.jpg\"><img loading=\"lazy\" decoding=\"async\" class=\"aligncenter size-full wp-image-258\" title=\"Palenque\" src=\"http:\/\/amandine.quiriconi.fr\/wp-content\/uploads\/2011\/06\/Palenque.jpg\" alt=\"\" width=\"562\" height=\"421\" srcset=\"http:\/\/amandine.quiriconi.fr\/wp-content\/uploads\/2011\/06\/Palenque.jpg 803w, http:\/\/amandine.quiriconi.fr\/wp-content\/uploads\/2011\/06\/Palenque-300x224.jpg 300w\" sizes=\"(max-width: 562px) 100vw, 562px\" \/><\/a><\/p>\n<p style=\"text-align: center;\"><a href=\"http:\/\/amandine.quiriconi.fr\/wp-content\/uploads\/2011\/06\/Mx-et-le-Flamboyant.jpg\"><img loading=\"lazy\" decoding=\"async\" class=\"aligncenter size-full wp-image-259\" title=\"Mx et le Flamboyant\" src=\"http:\/\/amandine.quiriconi.fr\/wp-content\/uploads\/2011\/06\/Mx-et-le-Flamboyant.jpg\" alt=\"\" width=\"421\" height=\"562\" srcset=\"http:\/\/amandine.quiriconi.fr\/wp-content\/uploads\/2011\/06\/Mx-et-le-Flamboyant.jpg 602w, http:\/\/amandine.quiriconi.fr\/wp-content\/uploads\/2011\/06\/Mx-et-le-Flamboyant-224x300.jpg 224w\" sizes=\"(max-width: 421px) 100vw, 421px\" \/><\/a><span style=\"color: #ff6600;\"><em><strong>Cet arbre s&rsquo;apelle le Flamboyant <\/strong><\/em><\/span><\/p>\n<p style=\"text-align: center;\"><span style=\"color: #ff6600;\"><em><strong>Et celui du dessous et recouvert de piquants !<\/strong><\/em><\/span><\/p>\n<p style=\"text-align: center;\"><span style=\"color: #ff6600;\"><em><strong><a href=\"http:\/\/amandine.quiriconi.fr\/wp-content\/uploads\/2011\/06\/Larbre-aux-Piquants.jpg\"><img loading=\"lazy\" decoding=\"async\" class=\"aligncenter size-full wp-image-260\" title=\"L'arbre aux Piquants\" src=\"http:\/\/amandine.quiriconi.fr\/wp-content\/uploads\/2011\/06\/Larbre-aux-Piquants.jpg\" alt=\"\" width=\"421\" height=\"562\" srcset=\"http:\/\/amandine.quiriconi.fr\/wp-content\/uploads\/2011\/06\/Larbre-aux-Piquants.jpg 602w, http:\/\/amandine.quiriconi.fr\/wp-content\/uploads\/2011\/06\/Larbre-aux-Piquants-224x300.jpg 224w\" sizes=\"(max-width: 421px) 100vw, 421px\" \/><\/a><\/strong><\/em><\/span><\/p>\n<p style=\"text-align: center;\"><a href=\"http:\/\/amandine.quiriconi.fr\/wp-content\/uploads\/2011\/06\/Mus\u00e9e-Palenque.jpg\"><img loading=\"lazy\" decoding=\"async\" class=\"aligncenter size-full wp-image-264\" title=\"Mus\u00e9e Palenque\" src=\"http:\/\/amandine.quiriconi.fr\/wp-content\/uploads\/2011\/06\/Mus\u00e9e-Palenque.jpg\" alt=\"\" width=\"295\" height=\"393\" \/><\/a><\/p>\n<p>On se nourrit de ces moments uniques \u00e0 balader, observer ce que nous n\u2019avons pas chez nous\u2026Profiter de la gentillesse des habitants de cette plan\u00e8te\u00a0! Manger toutes ces choses dont on aurait du mal \u00e0 se rappeler en rentrant et savourer des fruits exotiques sans les payer ou \u00e0 un prix quasi donn\u00e9\u00a0!!!<\/p>\n<p style=\"text-align: center;\"><a href=\"http:\/\/amandine.quiriconi.fr\/wp-content\/uploads\/2011\/06\/Mango-Pina.jpg\"><img loading=\"lazy\" decoding=\"async\" class=\"aligncenter size-full wp-image-261\" title=\"Mango-Pina\" src=\"http:\/\/amandine.quiriconi.fr\/wp-content\/uploads\/2011\/06\/Mango-Pina.jpg\" alt=\"\" width=\"289\" height=\"386\" srcset=\"http:\/\/amandine.quiriconi.fr\/wp-content\/uploads\/2011\/06\/Mango-Pina.jpg 602w, http:\/\/amandine.quiriconi.fr\/wp-content\/uploads\/2011\/06\/Mango-Pina-224x300.jpg 224w\" sizes=\"(max-width: 289px) 100vw, 289px\" \/><\/a>En r\u00e9alit\u00e9 ce sont beaucoup les mangues que nous consommont sous toutes les sortes ! Meme en sucette!<\/p>\n<p style=\"text-align: center;\"><a href=\"http:\/\/amandine.quiriconi.fr\/wp-content\/uploads\/2011\/06\/Sucette-de-Mangue.jpg\"><img loading=\"lazy\" decoding=\"async\" class=\"aligncenter size-full wp-image-262\" title=\"Sucette de Mangue\" src=\"http:\/\/amandine.quiriconi.fr\/wp-content\/uploads\/2011\/06\/Sucette-de-Mangue.jpg\" alt=\"\" width=\"421\" height=\"562\" srcset=\"http:\/\/amandine.quiriconi.fr\/wp-content\/uploads\/2011\/06\/Sucette-de-Mangue.jpg 602w, http:\/\/amandine.quiriconi.fr\/wp-content\/uploads\/2011\/06\/Sucette-de-Mangue-224x300.jpg 224w\" sizes=\"(max-width: 421px) 100vw, 421px\" \/><\/a><\/p>\n<p style=\"text-align: center;\"><strong><em><span style=\"color: #ff6600;\">Le Manguier<\/span><\/em><\/strong><\/p>\n<p style=\"text-align: center;\"><a href=\"http:\/\/amandine.quiriconi.fr\/wp-content\/uploads\/2011\/06\/JadooOOre-les-Manguiers.jpg\"><img loading=\"lazy\" decoding=\"async\" class=\"aligncenter size-full wp-image-263\" title=\"J'adooOOre les Manguiers\" src=\"http:\/\/amandine.quiriconi.fr\/wp-content\/uploads\/2011\/06\/JadooOOre-les-Manguiers.jpg\" alt=\"\" width=\"533\" height=\"710\" srcset=\"http:\/\/amandine.quiriconi.fr\/wp-content\/uploads\/2011\/06\/JadooOOre-les-Manguiers.jpg 761w, http:\/\/amandine.quiriconi.fr\/wp-content\/uploads\/2011\/06\/JadooOOre-les-Manguiers-225x300.jpg 225w\" sizes=\"(max-width: 533px) 100vw, 533px\" \/><\/a><\/p>\n<p style=\"text-align: center;\">&nbsp;<\/p>\n<p>Enfin, au total nous serons rest\u00e9s 15 jours au Mexique et on aura eu une fois de plus l\u2019envie d\u2019y revenir.<\/p>\n<p>Y retrouver les couleurs des march\u00e9s\u2026La vari\u00e9t\u00e9 des paysages aux divers horizons, les couleurs chatoyantes et plages paradisiaques\u00a0!<\/p>\n<p>&nbsp;<\/p>\n<p>Mais avant tout, filons pour le Guatemala\u2026Allons fouler les terres de nouvelles contr\u00e9es\u00a0!<\/p>\n<p>Et surtout remplissons notre nouveau blog (article suivant dans Am\u00e9rique Centrale, rubrique Guatemala).<\/p>\n<p style=\"text-align: center;\"><a href=\"http:\/\/amandine.quiriconi.fr\/wp-content\/uploads\/2011\/06\/THE-COCCINELLE.jpg\"><img loading=\"lazy\" decoding=\"async\" class=\"aligncenter size-full wp-image-265\" title=\"THE COCCINELLE\" src=\"http:\/\/amandine.quiriconi.fr\/wp-content\/uploads\/2011\/06\/THE-COCCINELLE.jpg\" alt=\"\" width=\"421\" height=\"562\" srcset=\"http:\/\/amandine.quiriconi.fr\/wp-content\/uploads\/2011\/06\/THE-COCCINELLE.jpg 602w, http:\/\/amandine.quiriconi.fr\/wp-content\/uploads\/2011\/06\/THE-COCCINELLE-224x300.jpg 224w\" sizes=\"(max-width: 421px) 100vw, 421px\" \/><\/a><\/p>\n<p style=\"text-align: right;\"><strong><em>Et jusque l\u00e0, Pura Vida \u00e0 todos\u00a0!!! <\/em><\/strong><\/p>\n<p style=\"text-align: right;\"><strong><em>On vous embrasse bien fort \u2026 J-16 \u00e0 Montpellier City<\/em><\/strong><\/p>\n<p style=\"text-align: right;\"><strong><em>Bastidoux et Mandoux<\/em><\/strong><\/p>\n<p>&nbsp;<\/p>\n","protected":false},"excerpt":{"rendered":"<p>Arriv\u00e9e le dimanche 15 Mai \u00e0 Mexico city\u2026 Et c\u2019est apr\u00e8s 8h de vol, depuis Quito (oui oui tout \u00e7a\u00a0!) que nous poserons, pour quelques jours, nos sacs chez Ana et Antoine. Une fois de plus nos h\u00f4tes ne rigolent pas quand il s\u2019agit de nous recevoir. On est accueillis \u00e0 bras ouvert et dans &hellip; <a class=\"read-excerpt\" href=\"http:\/\/amandine.quiriconi.fr\/?page_id=219\">Continuer la lecture <span class=\"meta-nav\">&raquo;<\/span><\/a><\/p>\n","protected":false},"author":1,"featured_media":0,"parent":34,"menu_order":0,"comment_status":"open","ping_status":"open","template":"","meta":{"footnotes":""},"class_list":["post-219","page","type-page","status-publish","hentry"],"_links":{"self":[{"href":"http:\/\/amandine.quiriconi.fr\/index.php?rest_route=\/wp\/v2\/pages\/219"}],"collection":[{"href":"http:\/\/amandine.quiriconi.fr\/index.php?rest_route=\/wp\/v2\/pages"}],"about":[{"href":"http:\/\/amandine.quiriconi.fr\/index.php?rest_route=\/wp\/v2\/types\/page"}],"author":[{"embeddable":true,"href":"http:\/\/amandine.quiriconi.fr\/index.php?rest_route=\/wp\/v2\/users\/1"}],"replies":[{"embeddable":true,"href":"http:\/\/amandine.quiriconi.fr\/index.php?rest_route=%2Fwp%2Fv2%2Fcomments&post=219"}],"version-history":[{"count":3,"href":"http:\/\/amandine.quiriconi.fr\/index.php?rest_route=\/wp\/v2\/pages\/219\/revisions"}],"predecessor-version":[{"id":250,"href":"http:\/\/amandine.quiriconi.fr\/index.php?rest_route=\/wp\/v2\/pages\/219\/revisions\/250"}],"up":[{"embeddable":true,"href":"http:\/\/amandine.quiriconi.fr\/index.php?rest_route=\/wp\/v2\/pages\/34"}],"wp:attachment":[{"href":"http:\/\/amandine.quiriconi.fr\/index.php?rest_route=%2Fwp%2Fv2%2Fmedia&parent=219"}],"curies":[{"name":"wp","href":"https:\/\/api.w.org\/{rel}","templated":true}]}}