{"id":205,"date":"2011-05-26T07:24:35","date_gmt":"2011-05-26T05:24:35","guid":{"rendered":"http:\/\/amandine.quiriconi.fr\/?page_id=205"},"modified":"2011-05-26T07:24:35","modified_gmt":"2011-05-26T05:24:35","slug":"3%c2%b0-le-perou","status":"publish","type":"page","link":"http:\/\/amandine.quiriconi.fr\/?page_id=205","title":{"rendered":"3\u00b0 Le P\u00e9rou"},"content":{"rendered":"<p><a href=\"http:\/\/amandine.quiriconi.fr\/wp-content\/uploads\/2011\/05\/10.jpg\"><img loading=\"lazy\" decoding=\"async\" class=\"aligncenter\" title=\"10\" src=\"http:\/\/amandine.quiriconi.fr\/wp-content\/uploads\/2011\/05\/10-300x199.jpg\" alt=\"\" width=\"300\" height=\"199\" \/><\/a><\/p>\n<p>Une fois arriv\u00e9s chez Fabricio (pas loin de 3heures du matin) Nous irons passer notre premi\u00e8re nuit.<\/p>\n<p>Pas de chance il fait toujours aussi froid mais, \u00ab\u00a0gr\u00e2ce\u00a0\u00bb \u00e0 nous, il  y a avait un chauffage et un rabe de couettes dans la chambre.<\/p>\n<p>Ce qui nous a permis de dormir comme des b\u00e9b\u00e9s.<\/p>\n<p>Apr\u00e8s le petit d\u00e9jeuner, nous faisons la connaissance de Neto.<\/p>\n<p>Neto c\u2019est un tr\u00e8s bon ami \u00e0 Fabricio, qui est guide sur les sites  Incas de la r\u00e9gion de Cusco. Autant dire que les pierres et leurs  histoires, c\u2019est son rayon\u00a0!<\/p>\n<p>Et c\u2019est avec lui, Javiero et Fabricio qu\u2019on arpentera les premiers chemins sur les traces des Incas dans la Vall\u00e9e Sacr\u00e9e.<\/p>\n<p>Les premi\u00e8res le\u00e7ons sur les constructions Andines sont donn\u00e9es.  Bastien fera son mauvais \u00e9l\u00e8ve et entra\u00eenera Mandoux \u00e0 ne pas retenir  l\u2019essentiel\u00a0!!!<\/p>\n<p>&nbsp;<\/p>\n<p>La ville de Cusco est situ\u00e9e dans la vall\u00e9e de Watanay Rio \u00e0 3360m d\u2019altitude.<\/p>\n<p>Le nom Quechua de cette ville, \u00e9tait \u00ab\u00a0Qosqo\u00a0\u00bb qui veut dire nombril.  Allusion au fait que Cusco est au centre de Tawantinsuyo (r\u00e9gion du  P\u00e9rou).<\/p>\n<p><a href=\"http:\/\/amandine.quiriconi.fr\/wp-content\/uploads\/2011\/05\/Cuzco-vue-du-Cristo-Blanco.jpg\"><img loading=\"lazy\" decoding=\"async\" title=\"Cuzco vue du Cristo Blanco\" src=\"http:\/\/amandine.quiriconi.fr\/wp-content\/uploads\/2011\/05\/Cuzco-vue-du-Cristo-Blanco.jpg\" alt=\"\" width=\"1135\" height=\"250\" \/><\/a><\/p>\n<p>&nbsp;<\/p>\n<p><strong><em>La croix Incas qui repr\u00e9sente les 4 directions<\/em> <\/strong> :<\/p>\n<p>La tradition andine raconte que nous sommes intimement connect\u00e9s \u00e0 la nature\u00a0:<br \/>\n<em>Alaxpacha<\/em>, qui est <strong>l\u2019espace sid\u00e9ral ou l\u2019univers<\/strong>, o\u00f9 se trouvent soleil, lune, plan\u00e8tes, \u00e9toiles, ast\u00e9ro\u00efdes, voie lact\u00e9e\u2026<br \/>\n<em>Akapacha<\/em>, <strong>le milieu o\u00f9 nous vivons<\/strong>, qui comprend l\u2019air, le vent, la pluie, la neige, la gravit\u00e9 qui nous unit \u00e0 la Terre\u2026<br \/>\n<em>Taipipacha<\/em>, qui est <strong>le sol o\u00f9 nous vivons<\/strong>, \u00eatres humains, plantes, for\u00eats, d\u00e9serts, lacs, rivi\u00e8res, mers, montagnes, animaux, oiseaux, poissons, insectes\u2026<br \/>\net <em>Mankh\u2019apacha<\/em>, c\u2019est-\u00e0-dire tout ce qui est \u00e0 <strong>l\u2019int\u00e9rieur de la terre<\/strong>, comme l\u2019eau souterraine, le feu, le p\u00e9trole, les min\u00e9raux, le gaz\u2026<\/p>\n<p>En somme, ces quatre dimensions du monde constituent une quadrilogie du <strong>Tawantinsuyu<\/strong> l\u2019empire incas (dont on vous a parl\u00e9 plus haut).<\/p>\n<p>Mais en plus de ces 4 dimensions, il est souvent rappel\u00e9 dans la culture Inca les 3 niveaux.<\/p>\n<p><strong><em>Les 3 niveaux<\/em><\/strong><em> <\/em> :<\/p>\n<p>Le premier niveau repr\u00e9sente le <strong>serpent<\/strong> qui rampe et qui symbolise la force du <strong>monde int\u00e9rieur<\/strong>, la force de la terre, de la pachamama (terre m\u00e8re). Ce premier niveau repr\u00e9sente \u00e9galement <strong>l\u2019enfance<\/strong>.<\/p>\n<p>Le second niveau repr\u00e9sente le <strong>puma<\/strong> qui marche et qui symbolise le <strong>monde du milieu<\/strong> et la force de la nature. Le puma fait r\u00e9f\u00e9rence \u00e0 <strong>l\u2019\u00e2ge adulte<\/strong> (intelligence et agilit\u00e9).<\/p>\n<p>Enfin le dernier niveau repr\u00e9sente le <strong>condor<\/strong> qui vole. Il symbolise l\u2019esprit, ou plut\u00f4t la connexion avec l\u2019esprit du cosmos ou avec <strong>l\u2019univers astral<\/strong>. C\u2019est ici la <strong>derni\u00e8re \u00e9tape de la vie<\/strong> o\u00f9 l\u2019homme a acquis la sagesse.<\/p>\n<p>Voil\u00e0 petit r\u00e9cit historique. Maintenant vous pouvez voir \u00e0 Quoi ressemble la croix Andine.<\/p>\n<p><a href=\"http:\/\/amandine.quiriconi.fr\/wp-content\/uploads\/2011\/05\/Croix-andine1.jpg\"><img loading=\"lazy\" decoding=\"async\" class=\"aligncenter\" title=\"Croix andine\" src=\"http:\/\/amandine.quiriconi.fr\/wp-content\/uploads\/2011\/05\/Croix-andine1-252x300.jpg\" alt=\"\" width=\"252\" height=\"300\" \/><\/a><\/p>\n<p>Une fois la journ\u00e9e termin\u00e9e, nous partagerons un repas tous ensemble, chez Fabricio.<\/p>\n<p>Dans la nouvelle maison en cours de construction, o\u00f9 il fait encore et toujours\u2026frais\u00a0!<\/p>\n<p><a href=\"http:\/\/amandine.quiriconi.fr\/wp-content\/uploads\/2011\/05\/la-maison-vue-de-lext\u00e9rieur.jpg\"><img loading=\"lazy\" decoding=\"async\" class=\"aligncenter\" title=\"la maison vue de l'ext\u00e9rieur\" src=\"http:\/\/amandine.quiriconi.fr\/wp-content\/uploads\/2011\/05\/la-maison-vue-de-lext\u00e9rieur-300x225.jpg\" alt=\"\" width=\"300\" height=\"225\" \/><\/a> Nous qui pensions qu\u2019on allait vers les beaux jours et la chaleur\u2026Mes fesses\u00a0!<\/p>\n<p>On ne quittera pas la veste et les chaussettes (surtout pour la nuit).<\/p>\n<p><a href=\"http:\/\/amandine.quiriconi.fr\/wp-content\/uploads\/2011\/05\/froid-froid.jpg\"><img loading=\"lazy\" decoding=\"async\" class=\"aligncenter\" title=\"froid froid\" src=\"http:\/\/amandine.quiriconi.fr\/wp-content\/uploads\/2011\/05\/froid-froid-225x300.jpg\" alt=\"\" width=\"225\" height=\"300\" \/><\/a>Et c\u2019est de l\u00e0 que nous programmons pour les jours \u00e0 venir notre tour avec Neto.<\/p>\n<p>Premier jour dans la vall\u00e9e sacr\u00e9e\u00a0:<\/p>\n<p>Saqsaywaman, Puka Pukara, Tambomachay pour finir a Q\u2019enqo.<\/p>\n<p>Neto souhaitait que l\u2019on voit le Christo Blanco qui domine la ville\u2026 alors allons y faire un tour et prendre deux photos\u00a0!<\/p>\n<p><a href=\"http:\/\/amandine.quiriconi.fr\/wp-content\/uploads\/2011\/05\/Cristo-Blanco.jpg\"><img loading=\"lazy\" decoding=\"async\" class=\"aligncenter\" title=\"Cristo Blanco\" src=\"http:\/\/amandine.quiriconi.fr\/wp-content\/uploads\/2011\/05\/Cristo-Blanco-225x300.jpg\" alt=\"\" width=\"225\" height=\"300\" \/><\/a><\/p>\n<p><a href=\"http:\/\/amandine.quiriconi.fr\/wp-content\/uploads\/2011\/05\/DSC06708.jpg\"><img loading=\"lazy\" decoding=\"async\" class=\"aligncenter\" title=\"DSC06708\" src=\"http:\/\/amandine.quiriconi.fr\/wp-content\/uploads\/2011\/05\/DSC06708.jpg\" alt=\"\" width=\"599\" height=\"449\" \/><\/a><\/p>\n<p><a href=\"http:\/\/amandine.quiriconi.fr\/wp-content\/uploads\/2011\/05\/Les-lamas-qui-snobent-Bastien.jpg\"><img loading=\"lazy\" decoding=\"async\" class=\"aligncenter\" title=\"Les lamas qui snobent Bastien\" src=\"http:\/\/amandine.quiriconi.fr\/wp-content\/uploads\/2011\/05\/Les-lamas-qui-snobent-Bastien.jpg\" alt=\"\" width=\"514\" height=\"385\" \/><\/a><\/p>\n<p>Puis le deuxi\u00e8me jour\u00a0;<\/p>\n<p>Pisac en passant par Ollantaytambo et terminer par Moray \u2026 La nuit  arrivant vite pas le temps de faire Chinchero. (Mais \u00e7a ira pour  aujourd\u2019hui).<\/p>\n<p>Des journ\u00e9es bien remplies et toujours des sites agr\u00e9ables \u00e0 voir\u2026<\/p>\n<p>Malgr\u00e9 qu\u2019en soit cela reste toujours de la pierre, la balade fut tr\u00e8s int\u00e9ressante (surtout qu\u2019on avait un guide au Top).<\/p>\n<p><a href=\"http:\/\/amandine.quiriconi.fr\/wp-content\/uploads\/2011\/05\/Pisaq.jpg\"><img loading=\"lazy\" decoding=\"async\" class=\"aligncenter\" title=\"Pisaq\" src=\"http:\/\/amandine.quiriconi.fr\/wp-content\/uploads\/2011\/05\/Pisaq.jpg\" alt=\"\" width=\"1297\" height=\"286\" \/><\/a><\/p>\n<p><a href=\"http:\/\/amandine.quiriconi.fr\/wp-content\/uploads\/2011\/05\/Ollantaytambo.jpg\"><img loading=\"lazy\" decoding=\"async\" class=\"aligncenter\" title=\"Ollantaytambo\" src=\"http:\/\/amandine.quiriconi.fr\/wp-content\/uploads\/2011\/05\/Ollantaytambo.jpg\" alt=\"\" width=\"449\" height=\"599\" \/><\/a><\/p>\n<p><a href=\"http:\/\/amandine.quiriconi.fr\/wp-content\/uploads\/2011\/05\/Muray.jpg\"><img loading=\"lazy\" decoding=\"async\" class=\"aligncenter\" title=\"Muray\" src=\"http:\/\/amandine.quiriconi.fr\/wp-content\/uploads\/2011\/05\/Muray.jpg\" alt=\"\" width=\"599\" height=\"449\" \/><\/a><\/p>\n<p>Il y a eu le site de Tipon \u00e9galement &#8230;<\/p>\n<p><a href=\"http:\/\/amandine.quiriconi.fr\/wp-content\/uploads\/2011\/05\/Tipon.jpg\"><img loading=\"lazy\" decoding=\"async\" title=\"Tipon\" src=\"http:\/\/amandine.quiriconi.fr\/wp-content\/uploads\/2011\/05\/Tipon.jpg\" alt=\"\" width=\"1135\" height=\"250\" \/><\/a><\/p>\n<p><a href=\"http:\/\/amandine.quiriconi.fr\/wp-content\/uploads\/2011\/05\/Tipon-1.jpg\"><img loading=\"lazy\" decoding=\"async\" class=\"aligncenter\" title=\"Tipon 1\" src=\"http:\/\/amandine.quiriconi.fr\/wp-content\/uploads\/2011\/05\/Tipon-1-225x300.jpg\" alt=\"\" width=\"225\" height=\"300\" \/><\/a><\/p>\n<p><a href=\"http:\/\/amandine.quiriconi.fr\/wp-content\/uploads\/2011\/05\/Campagne-de-Tipon.jpg\"><img loading=\"lazy\" decoding=\"async\" class=\"aligncenter\" title=\"Campagne de Tipon\" src=\"http:\/\/amandine.quiriconi.fr\/wp-content\/uploads\/2011\/05\/Campagne-de-Tipon-300x225.jpg\" alt=\"\" width=\"300\" height=\"225\" \/><\/a><\/p>\n<p>Bon apr\u00e8s \u00e7a il y a toujours des petits d\u00e9sagr\u00e9ments\u2026 apr\u00e8s s\u2019\u00eatre  fait voler la tondeuse et autres dans le sac \u00e0 dos, pendant le voyage en  bus.<\/p>\n<p>Mandoux a d\u00e9licatement laiss\u00e9 son Ipod dans la poche de son pantalon, une fois l\u2019avoir d\u00e9pos\u00e9 \u00e0 la laverie\u00a0!<\/p>\n<p>Bien \u00e9videment personne ne l\u2019a vu, personne ne sait o\u00f9 il peut bien \u00eatre.<\/p>\n<p>Quelle bande d\u2019escrocs\u00a0!!! Toute fa\u00e7on c\u2019est comme \u00e7a\u2026 On ne va pas faire le tour des d\u00e9sagr\u00e9ments continuellement.<\/p>\n<p>Quelques photos du centre de Cuzco :<\/p>\n<p><a href=\"http:\/\/amandine.quiriconi.fr\/wp-content\/uploads\/2011\/05\/Place-centrale.jpg\"><img loading=\"lazy\" decoding=\"async\" class=\"aligncenter\" title=\"Place centrale\" src=\"http:\/\/amandine.quiriconi.fr\/wp-content\/uploads\/2011\/05\/Place-centrale.jpg\" alt=\"\" width=\"514\" height=\"385\" \/><\/a><\/p>\n<p><a href=\"http:\/\/amandine.quiriconi.fr\/wp-content\/uploads\/2011\/05\/devant-la-fontaine.jpg\"><img loading=\"lazy\" decoding=\"async\" class=\"aligncenter\" title=\"devant la fontaine\" src=\"http:\/\/amandine.quiriconi.fr\/wp-content\/uploads\/2011\/05\/devant-la-fontaine-300x225.jpg\" alt=\"\" width=\"300\" height=\"225\" \/><\/a><\/p>\n<p>&nbsp;<\/p>\n<p><a href=\"http:\/\/amandine.quiriconi.fr\/wp-content\/uploads\/2011\/05\/Patricio-Fabricio-et-Bastien.jpg\"><img loading=\"lazy\" decoding=\"async\" class=\"aligncenter\" title=\"Patricio Fabricio et Bastien\" src=\"http:\/\/amandine.quiriconi.fr\/wp-content\/uploads\/2011\/05\/Patricio-Fabricio-et-Bastien-300x225.jpg\" alt=\"\" width=\"300\" height=\"225\" \/><\/a><\/p>\n<p><em>Les deux fr\u00e8res Patricio et Fabricio et Bastien<\/em><\/p>\n<p><a href=\"http:\/\/amandine.quiriconi.fr\/wp-content\/uploads\/2011\/05\/Bonnets-p\u00e9ruviens.jpg\"><img loading=\"lazy\" decoding=\"async\" class=\"aligncenter\" title=\"Bonnets p\u00e9ruviens\" src=\"http:\/\/amandine.quiriconi.fr\/wp-content\/uploads\/2011\/05\/Bonnets-p\u00e9ruviens-300x225.jpg\" alt=\"\" width=\"300\" height=\"225\" \/><\/a><\/p>\n<p>Et apr\u00e8s tout \u00e7a, nous y sommes. Le Maccu Pichu (qui signifie vieille  montagne) et ses belles terrasses. Ces lamas qui se baladent sur les  hauteurs croisant quelques passants\u00a0! Des chiens chila (sorte de  lapin)&#8230;broutant de l&rsquo;herbe bien cach\u00e9s dans les cailloux&#8230;<\/p>\n<p>Et cette magie, tout simplement que d\u00e9gage le site.\u00a0\u00a0 On vous laisse admirer les photos\u2026<\/p>\n<p><a href=\"http:\/\/amandine.quiriconi.fr\/wp-content\/uploads\/2011\/05\/chienchila.jpg\"><img loading=\"lazy\" decoding=\"async\" class=\"aligncenter\" title=\"chienchila\" src=\"http:\/\/amandine.quiriconi.fr\/wp-content\/uploads\/2011\/05\/chienchila.jpg\" alt=\"\" width=\"514\" height=\"385\" \/><\/a><\/p>\n<p><a href=\"http:\/\/amandine.quiriconi.fr\/wp-content\/uploads\/2011\/05\/Maccu-Pichu-3.jpg\"><img loading=\"lazy\" decoding=\"async\" class=\"aligncenter\" title=\"Maccu Pichu 3\" src=\"http:\/\/amandine.quiriconi.fr\/wp-content\/uploads\/2011\/05\/Maccu-Pichu-3.jpg\" alt=\"\" width=\"514\" height=\"385\" \/><\/a><\/p>\n<p><a href=\"http:\/\/amandine.quiriconi.fr\/wp-content\/uploads\/2011\/05\/Maccu-Pichu-1.jpg\"><img loading=\"lazy\" decoding=\"async\" class=\"aligncenter\" title=\"Maccu Pichu 1\" src=\"http:\/\/amandine.quiriconi.fr\/wp-content\/uploads\/2011\/05\/Maccu-Pichu-1.jpg\" alt=\"\" width=\"514\" height=\"385\" \/><\/a><\/p>\n<p>Nous ne vous cachons pas qu\u2019avec l\u2019altitude, les marches \u00e0 gravir se  sont faites tout en douceur\u2026Que ce soit pour aller \u00e0 la porte du Soleil  ou au <strong>Huayna Picchu <\/strong>(jeune montagne).<\/p>\n<p>Pour r\u00e9compenser nos efforts, mais surtout ceux de Neto, nous avons  jou\u00e9 au jeu de la carotte &#8230; \u00ab\u00a0Avance et tu pourras boire\u00a0\u00bb ! Cette  \u00e9preuve fut bien \u00e9videment photographi\u00e9e.\u00a0 BravO Neto.<\/p>\n<p><a href=\"http:\/\/amandine.quiriconi.fr\/wp-content\/uploads\/2011\/05\/Maccu-Pichu-on-a-soif.jpg\"><img loading=\"lazy\" decoding=\"async\" class=\"aligncenter\" title=\"Maccu Pichu on a soif\" src=\"http:\/\/amandine.quiriconi.fr\/wp-content\/uploads\/2011\/05\/Maccu-Pichu-on-a-soif.jpg\" alt=\"\" width=\"385\" height=\"514\" \/><\/a>Nous choisirons la vue du Maccu Pichu depuis les hauteurs de la porte du Soleil.<\/p>\n<p>Et une fois que la brume et les nuages se sont en aller, nous avons  enfin pu profiter du spectacle, histoire de prendre quelques clich\u00e9s.<\/p>\n<p><a href=\"http:\/\/amandine.quiriconi.fr\/wp-content\/uploads\/2011\/05\/Maccu-Pichu-2.jpg\"><img loading=\"lazy\" decoding=\"async\" class=\"aligncenter\" title=\"Maccu Pichu 2\" src=\"http:\/\/amandine.quiriconi.fr\/wp-content\/uploads\/2011\/05\/Maccu-Pichu-2.jpg\" alt=\"\" width=\"514\" height=\"385\" \/><\/a><\/p>\n<p><a href=\"http:\/\/amandine.quiriconi.fr\/wp-content\/uploads\/2011\/05\/Maccu-Pichu-41.jpg\"><img loading=\"lazy\" decoding=\"async\" class=\"aligncenter\" title=\"Maccu Pichu 4\" src=\"http:\/\/amandine.quiriconi.fr\/wp-content\/uploads\/2011\/05\/Maccu-Pichu-41.jpg\" alt=\"\" width=\"449\" height=\"599\" \/><\/a><\/p>\n<p><a href=\"http:\/\/amandine.quiriconi.fr\/wp-content\/uploads\/2011\/05\/Maccu-Pichu-Avec-Neto.jpg\"><img loading=\"lazy\" decoding=\"async\" class=\"aligncenter\" title=\"Maccu Pichu Avec Neto\" src=\"http:\/\/amandine.quiriconi.fr\/wp-content\/uploads\/2011\/05\/Maccu-Pichu-Avec-Neto.jpg\" alt=\"\" width=\"514\" height=\"385\" \/><\/a><\/p>\n<p>C\u2019est deux jours apr\u00e8s que nous irons acheter nos billets de bus pour remonter sur Lima.<\/p>\n<p>Cette fois ci c\u2019\u00e9tait 22h de bus, qui nous attendaient\u2026Quelle  horreur, alors pr\u00e9voyons le coup en se dirigeant vers une compagnie des  plus s\u00fbres et des plus confortables avant tout (Cruz del Sur).<\/p>\n<p>Mais aussi la plus ch\u00e8re\u00a0! Toujours fa\u00e7on de parler (car le trajet nous a co\u00fbt\u00e9 60 \u20ac \u00e0 deux. Repas compris SVP\u00a0!)<\/p>\n<p>&nbsp;<\/p>\n<p>Et c\u2019est comme pr\u00e9vu, 22h apr\u00e8s que nous arriverons \u00e0 bon port.<\/p>\n<p>Puis c\u2019est aussi avec impatience qu\u2019on attendra Papa Kiki\u00a0! Qui pas  de chance une fois de plus arrivera avec quelques heures de retard (on  peut effectivement parler d\u2019une journ\u00e9e\u00a0!!!)<\/p>\n<p>\u00c7a y est, on y est, on se retrouve apr\u00e8s ces quelques mois \u00e0 l\u2019a\u00e9roport apr\u00e8s avoir sagement attendu.<\/p>\n<p>Apr\u00e8s quelques bisous et \u00e9change de sourire direction l\u2019h\u00f4tel pour un gros dodo. Mine de rien il \u00e9tait plus de 2h du matin.<\/p>\n<p>Mais bien entendu il fallait un petit peu saoul\u00e9 Papa, d\u2019histoires de  voyage et Anecdotes\u2026 Ne rigolez pas c\u2019est ce qu\u2019il vous attend\u00a0!<\/p>\n<p><a href=\"http:\/\/amandine.quiriconi.fr\/wp-content\/uploads\/2011\/05\/Avant-quil-sendorme.jpg\"><img loading=\"lazy\" decoding=\"async\" class=\"aligncenter\" title=\"Avant qu'il s'endorme\" src=\"http:\/\/amandine.quiriconi.fr\/wp-content\/uploads\/2011\/05\/Avant-quil-sendorme.jpg\" alt=\"\" width=\"514\" height=\"385\" \/><\/a>Les  deux jours pass\u00e9s ensemble auront \u00e9t\u00e9 bien remplis. Au programme balade  entre les diff\u00e9rents districts (\u00e0 savoir il y en \u00e0 58 \u00e0 Lima) un peu  comme pour les arrondissements \u00e0 Paris\u00a0!<\/p>\n<p>Partie de rigolade au resto de sushis\u00a0\u2026juste parce que Papa Kiki n\u2019a  pas vraiment su y faire avec ses gros doigts et les baguettes. Au final  c\u2019\u00e9tait une vraie bouillie\u00a0!!!<\/p>\n<p><a href=\"http:\/\/amandine.quiriconi.fr\/wp-content\/uploads\/2011\/05\/La-cote-de-Miraflores.jpg\"><img loading=\"lazy\" decoding=\"async\" class=\"aligncenter\" title=\"La cote de Miraflores\" src=\"http:\/\/amandine.quiriconi.fr\/wp-content\/uploads\/2011\/05\/La-cote-de-Miraflores.jpg\" alt=\"\" width=\"385\" height=\"514\" \/><\/a><\/p>\n<p><a href=\"http:\/\/amandine.quiriconi.fr\/wp-content\/uploads\/2011\/05\/Aux-soushis.jpg\"><img loading=\"lazy\" decoding=\"async\" class=\"aligncenter\" title=\"Aux sushis\" src=\"http:\/\/amandine.quiriconi.fr\/wp-content\/uploads\/2011\/05\/Aux-soushis-225x300.jpg\" alt=\"\" width=\"225\" height=\"300\" \/><\/a><\/p>\n<p><a href=\"http:\/\/amandine.quiriconi.fr\/wp-content\/uploads\/2011\/05\/Avec-Papa.jpg\"><img loading=\"lazy\" decoding=\"async\" class=\"aligncenter\" title=\"Avec Papa\" src=\"http:\/\/amandine.quiriconi.fr\/wp-content\/uploads\/2011\/05\/Avec-Papa.jpg\" alt=\"\" width=\"514\" height=\"385\" \/><\/a><\/p>\n<p><a href=\"http:\/\/amandine.quiriconi.fr\/wp-content\/uploads\/2011\/05\/La-fresque-dimmeubles.jpg\"><img loading=\"lazy\" decoding=\"async\" class=\"aligncenter\" title=\"La fresque d'immeubles\" src=\"http:\/\/amandine.quiriconi.fr\/wp-content\/uploads\/2011\/05\/La-fresque-dimmeubles.jpg\" alt=\"\" width=\"385\" height=\"514\" \/><\/a><\/p>\n<p><a href=\"http:\/\/amandine.quiriconi.fr\/wp-content\/uploads\/2011\/05\/La-fresque-dimmeubles-avec-Papa.jpg\"><img loading=\"lazy\" decoding=\"async\" class=\"aligncenter\" title=\"La fresque d'immeubles avec Papa\" src=\"http:\/\/amandine.quiriconi.fr\/wp-content\/uploads\/2011\/05\/La-fresque-dimmeubles-avec-Papa.jpg\" alt=\"\" width=\"599\" height=\"449\" \/><\/a><\/p>\n<p>Soir\u00e9e au Casino de Mirafolr\u00e8s. O\u00f9 l\u2019unique personne sauvant de l\u2019argent et en gagnant fut Mandoux\u00a0!<\/p>\n<p>10 soles okay, c\u2019\u00e9tait pas grand-chose. Mais c\u2019est toujours \u00e7a\u00a0!<\/p>\n<p><a href=\"http:\/\/amandine.quiriconi.fr\/wp-content\/uploads\/2011\/05\/atlantic-casino.jpg\"><img loading=\"lazy\" decoding=\"async\" class=\"aligncenter\" title=\"LAPT LIMA PERU SEASON 3\" src=\"http:\/\/amandine.quiriconi.fr\/wp-content\/uploads\/2011\/05\/atlantic-casino.jpg\" alt=\"\" width=\"450\" height=\"300\" \/><\/a><\/p>\n<p>C\u2019est alors que vient le temps de se redire au revoir. Chacun  continue son chemin. Papa Kiki vers Cusco et nous bien plus au Nord \u00e0  Talara.<\/p>\n<p>Mais juste avant de partir de Lima, \u00e0 deux heures du d\u00e9part en bus.  Nous voil\u00e0 partis pour acheter deux trois bricoles au supermarch\u00e9 Vea  Super (au passage mauvaise pub)\u2026<\/p>\n<p>O\u00f9 \u00e0 l\u2019entr\u00e9e on nous demande de d\u00e9poser nos sacs dans des casiers  r\u00e9serv\u00e9s \u00e0 cet effet. Chose faite, sauf que c\u2019est une employ\u00e9e qui prend  soin de les ranger, de mani\u00e8re un peu passive, ce qui fait que le sac  avec l\u2019ordinateur \u00e0 l\u2019int\u00e9rieur se retrouve par terre, faisant une bonne  chute d\u2019un bon m\u00e8tre cinquante.<\/p>\n<p>De l\u00e0, le temps de n\u00e9gocier les r\u00e9parations et de nous repayer nuits  d\u2019h\u00f4tel et billet de bus (forc\u00e9ment rat\u00e9) trois jours apr\u00e8s nous aurons  pu enfin partir.<\/p>\n<p>Heureusement que la blessure de notre cher ordinateur n\u2019\u00e9tait que superficielle et aura pu \u00eatre r\u00e9par\u00e9e\u00a0!<\/p>\n<p>\ud83d\ude42<\/p>\n<p>Les derniers jours au P\u00e9rou se passeront \u00e0 Talara et Mancora. Nous y  passerons la nuit. Reverrons la plage et d\u00e9penserons du bon temps avant  de passer la fronti\u00e8re bolivienne.<\/p>\n<p><a href=\"http:\/\/amandine.quiriconi.fr\/wp-content\/uploads\/2011\/05\/Fruits.jpg\"><img loading=\"lazy\" decoding=\"async\" class=\"aligncenter\" title=\"Fruits\" src=\"http:\/\/amandine.quiriconi.fr\/wp-content\/uploads\/2011\/05\/Fruits.jpg\" alt=\"\" width=\"411\" height=\"308\" \/><\/a><\/p>\n<p>Petits restos par ci par l\u00e0 !!! Avec un tr\u00e8s tr\u00e8s bon Crumble aux pommes marqu\u00e9 dans les m\u00e9moires!<\/p>\n<p><a href=\"http:\/\/amandine.quiriconi.fr\/wp-content\/uploads\/2011\/05\/Bon-crumble-\u00e0-Mancora.jpg\"><img loading=\"lazy\" decoding=\"async\" class=\"aligncenter\" title=\"Bon crumble \u00e0 Mancora\" src=\"http:\/\/amandine.quiriconi.fr\/wp-content\/uploads\/2011\/05\/Bon-crumble-\u00e0-Mancora-225x300.jpg\" alt=\"\" width=\"225\" height=\"300\" \/><\/a><\/p>\n<p>Et le retour avec la plage&#8230; Quel Bonheur !<\/p>\n<p><a href=\"http:\/\/amandine.quiriconi.fr\/wp-content\/uploads\/2011\/05\/Mancora-couch\u00e9-de-soleil.jpg\"><img loading=\"lazy\" decoding=\"async\" class=\"aligncenter\" title=\"Mancora couch\u00e9 de soleil\" src=\"http:\/\/amandine.quiriconi.fr\/wp-content\/uploads\/2011\/05\/Mancora-couch\u00e9-de-soleil.jpg\" alt=\"\" width=\"449\" height=\"599\" \/><\/a><\/p>\n<p>&nbsp;<\/p>\n<p style=\"text-align: right;\"><em><strong>Gros Bisous \u00e0 vous qui avez repris la lecture du blog&#8230; Mandoux et Bast\u00a0\u00a0 \ud83d\ude42<\/strong><\/em><\/p>\n","protected":false},"excerpt":{"rendered":"<p>Une fois arriv\u00e9s chez Fabricio (pas loin de 3heures du matin) Nous irons passer notre premi\u00e8re nuit. Pas de chance il fait toujours aussi froid mais, \u00ab\u00a0gr\u00e2ce\u00a0\u00bb \u00e0 nous, il y a avait un chauffage et un rabe de couettes dans la chambre. Ce qui nous a permis de dormir comme des b\u00e9b\u00e9s. Apr\u00e8s le &hellip; <a class=\"read-excerpt\" href=\"http:\/\/amandine.quiriconi.fr\/?page_id=205\">Continuer la lecture <span class=\"meta-nav\">&raquo;<\/span><\/a><\/p>\n","protected":false},"author":1,"featured_media":0,"parent":25,"menu_order":0,"comment_status":"open","ping_status":"open","template":"","meta":{"footnotes":""},"class_list":["post-205","page","type-page","status-publish","hentry"],"_links":{"self":[{"href":"http:\/\/amandine.quiriconi.fr\/index.php?rest_route=\/wp\/v2\/pages\/205"}],"collection":[{"href":"http:\/\/amandine.quiriconi.fr\/index.php?rest_route=\/wp\/v2\/pages"}],"about":[{"href":"http:\/\/amandine.quiriconi.fr\/index.php?rest_route=\/wp\/v2\/types\/page"}],"author":[{"embeddable":true,"href":"http:\/\/amandine.quiriconi.fr\/index.php?rest_route=\/wp\/v2\/users\/1"}],"replies":[{"embeddable":true,"href":"http:\/\/amandine.quiriconi.fr\/index.php?rest_route=%2Fwp%2Fv2%2Fcomments&post=205"}],"version-history":[{"count":1,"href":"http:\/\/amandine.quiriconi.fr\/index.php?rest_route=\/wp\/v2\/pages\/205\/revisions"}],"predecessor-version":[{"id":206,"href":"http:\/\/amandine.quiriconi.fr\/index.php?rest_route=\/wp\/v2\/pages\/205\/revisions\/206"}],"up":[{"embeddable":true,"href":"http:\/\/amandine.quiriconi.fr\/index.php?rest_route=\/wp\/v2\/pages\/25"}],"wp:attachment":[{"href":"http:\/\/amandine.quiriconi.fr\/index.php?rest_route=%2Fwp%2Fv2%2Fmedia&parent=205"}],"curies":[{"name":"wp","href":"https:\/\/api.w.org\/{rel}","templated":true}]}}